{"id":15932,"date":"2021-08-12T22:13:34","date_gmt":"2021-08-13T01:13:34","guid":{"rendered":"http:\/\/observatorioconurbano.ungs.edu.ar\/?page_id=15932"},"modified":"2025-12-24T10:55:09","modified_gmt":"2025-12-24T13:55:09","slug":"biblioteca-publicaciones","status":"publish","type":"page","link":"https:\/\/observatorioconurbano.ungs.edu.ar\/?page_id=15932","title":{"rendered":"Publicaciones"},"content":{"rendered":"<p><div class=\"fusion-fullwidth fullwidth-box fusion-builder-row-1 fusion-flex-container nonhundred-percent-fullwidth non-hundred-percent-height-scrolling\" style=\"--awb-border-radius-top-left:0px;--awb-border-radius-top-right:0px;--awb-border-radius-bottom-right:0px;--awb-border-radius-bottom-left:0px;--awb-margin-top:-97px;--awb-flex-wrap:wrap;\" ><div class=\"fusion-builder-row fusion-row fusion-flex-align-items-flex-start fusion-flex-content-wrap\" style=\"max-width:1144px;margin-left: calc(-4% \/ 2 );margin-right: calc(-4% \/ 2 );\"><div class=\"fusion-layout-column fusion_builder_column fusion-builder-column-0 fusion_builder_column_1_1 1_1 fusion-flex-column\" style=\"--awb-bg-size:cover;--awb-width-large:100%;--awb-margin-top-large:0px;--awb-spacing-right-large:1.92%;--awb-margin-bottom-large:20px;--awb-spacing-left-large:1.92%;--awb-width-medium:100%;--awb-order-medium:0;--awb-spacing-right-medium:1.92%;--awb-spacing-left-medium:1.92%;--awb-width-small:100%;--awb-order-small:0;--awb-spacing-right-small:1.92%;--awb-spacing-left-small:1.92%;\"><div class=\"fusion-column-wrapper fusion-column-has-shadow fusion-flex-justify-content-flex-start fusion-content-layout-column\"><div class=\"fusion-title title fusion-title-1 fusion-sep-none fusion-title-text fusion-title-size-two\" style=\"--awb-text-color:#ff891f;--awb-margin-top-small:0px;--awb-margin-right-small:0px;--awb-margin-bottom-small:20px;--awb-margin-left-small:0px;\"><h2 class=\"fusion-title-heading title-heading-left\" style=\"margin:0;\"><h1><a href=\"http:\/\/observatorioconurbano.ungs.edu.ar\"><span style=\"color: #000000;\"><span style=\"color: #138fa7;\">BIBLIOTECA<\/span><\/span><\/a> \u2192 <span style=\"color: #ff891f;\">PUBLICACIONES<\/span><\/h1><\/h2><\/div><\/div><\/div><\/div><\/div><div class=\"fusion-fullwidth fullwidth-box fusion-builder-row-2 fusion-flex-container nonhundred-percent-fullwidth non-hundred-percent-height-scrolling\" style=\"--awb-border-radius-top-left:0px;--awb-border-radius-top-right:0px;--awb-border-radius-bottom-right:0px;--awb-border-radius-bottom-left:0px;--awb-flex-wrap:wrap;\" ><div class=\"fusion-builder-row fusion-row fusion-flex-align-items-flex-start fusion-flex-content-wrap\" style=\"max-width:1144px;margin-left: calc(-4% \/ 2 );margin-right: calc(-4% \/ 2 );\"><div class=\"fusion-layout-column fusion_builder_column fusion-builder-column-1 fusion_builder_column_1_4 1_4 fusion-flex-column\" style=\"--awb-bg-size:cover;--awb-width-large:25%;--awb-margin-top-large:0px;--awb-spacing-right-large:2.304%;--awb-margin-bottom-large:20px;--awb-spacing-left-large:2.304%;--awb-width-medium:100%;--awb-order-medium:0;--awb-spacing-right-medium:1.92%;--awb-spacing-left-medium:1.92%;--awb-width-small:100%;--awb-order-small:0;--awb-spacing-right-small:1.92%;--awb-spacing-left-small:1.92%;\"><div class=\"fusion-column-wrapper fusion-column-has-shadow fusion-flex-justify-content-flex-start fusion-content-layout-column\"><div style=\"text-align:center;\"><a class=\"fusion-button button-flat fusion-button-default-size button-custom fusion-button-default button-1 fusion-button-span-yes fusion-button-default-type buttonklein\" style=\"--button_accent_color:#000000;--button_accent_hover_color:#000000;--button_border_hover_color:#638e1a;--button_gradient_top_color:#fed53d;--button_gradient_bottom_color:#fed53d;--button_gradient_top_color_hover:#fed53d;--button_gradient_bottom_color_hover:#fed53d;--button_text_transform:uppercase;\" target=\"_self\" href=\"http:\/\/observatorioconurbano.ungs.edu.ar\/?page_id=15932\"><span class=\"fusion-button-text awb-button__text awb-button__text--default\">Publicaciones<\/span><\/a><\/div><\/div><\/div><div class=\"fusion-layout-column fusion_builder_column fusion-builder-column-2 fusion_builder_column_1_4 1_4 fusion-flex-column\" style=\"--awb-bg-size:cover;--awb-width-large:25%;--awb-margin-top-large:0px;--awb-spacing-right-large:2.304%;--awb-margin-bottom-large:20px;--awb-spacing-left-large:2.304%;--awb-width-medium:100%;--awb-order-medium:0;--awb-spacing-right-medium:1.92%;--awb-spacing-left-medium:1.92%;--awb-width-small:100%;--awb-order-small:0;--awb-spacing-right-small:1.92%;--awb-spacing-left-small:1.92%;\"><div class=\"fusion-column-wrapper fusion-column-has-shadow fusion-flex-justify-content-flex-start fusion-content-layout-column\"><div style=\"text-align:center;\"><a class=\"fusion-button button-flat fusion-button-default-size button-custom fusion-button-default button-2 fusion-button-span-yes fusion-button-default-type buttonklein\" style=\"--button_accent_color:#ffffff;--button_accent_hover_color:#000000;--button_border_hover_color:#638e1a;--button_gradient_top_color:#ff891f;--button_gradient_bottom_color:#ff891f;--button_gradient_top_color_hover:#fed53d;--button_gradient_bottom_color_hover:#fed53d;--button_text_transform:uppercase;\" target=\"_self\" href=\"http:\/\/observatorioconurbano.ungs.edu.ar\/?page_id=15886\"><span class=\"fusion-button-text awb-button__text awb-button__text--default\">Art\u00edculos<\/span><\/a><\/div><\/div><\/div><div class=\"fusion-layout-column fusion_builder_column fusion-builder-column-3 fusion_builder_column_1_4 1_4 fusion-flex-column\" style=\"--awb-bg-size:cover;--awb-width-large:25%;--awb-margin-top-large:0px;--awb-spacing-right-large:2.304%;--awb-margin-bottom-large:20px;--awb-spacing-left-large:2.304%;--awb-width-medium:100%;--awb-order-medium:0;--awb-spacing-right-medium:1.92%;--awb-spacing-left-medium:1.92%;--awb-width-small:100%;--awb-order-small:0;--awb-spacing-right-small:1.92%;--awb-spacing-left-small:1.92%;\"><div class=\"fusion-column-wrapper fusion-column-has-shadow fusion-flex-justify-content-flex-start fusion-content-layout-column\"><div style=\"text-align:center;\"><a class=\"fusion-button button-flat fusion-button-default-size button-custom fusion-button-default button-3 fusion-button-span-yes fusion-button-default-type buttonklein\" style=\"--button_accent_color:#ffffff;--button_accent_hover_color:#000000;--button_border_hover_color:#638e1a;--button_gradient_top_color:#ff891f;--button_gradient_bottom_color:#ff891f;--button_gradient_top_color_hover:#fed53d;--button_gradient_bottom_color_hover:#fed53d;--button_text_transform:uppercase;\" target=\"_self\" href=\"http:\/\/observatorioconurbano.ungs.edu.ar\/?page_id=15921\"><span class=\"fusion-button-text awb-button__text awb-button__text--default\">Legislaci\u00f3n<\/span><\/a><\/div><\/div><\/div><div class=\"fusion-layout-column fusion_builder_column fusion-builder-column-4 fusion_builder_column_1_4 1_4 fusion-flex-column\" style=\"--awb-bg-size:cover;--awb-width-large:25%;--awb-margin-top-large:0px;--awb-spacing-right-large:2.304%;--awb-margin-bottom-large:20px;--awb-spacing-left-large:2.304%;--awb-width-medium:100%;--awb-order-medium:0;--awb-spacing-right-medium:1.92%;--awb-spacing-left-medium:1.92%;--awb-width-small:100%;--awb-order-small:0;--awb-spacing-right-small:1.92%;--awb-spacing-left-small:1.92%;\"><div class=\"fusion-column-wrapper fusion-column-has-shadow fusion-flex-justify-content-flex-start fusion-content-layout-column\"><div style=\"text-align:center;\"><a class=\"fusion-button button-flat fusion-button-default-size button-custom fusion-button-default button-4 fusion-button-span-yes fusion-button-default-type buttonklein\" style=\"--button_accent_color:#ffffff;--button_accent_hover_color:#000000;--button_border_hover_color:#638e1a;--button_gradient_top_color:#ff891f;--button_gradient_bottom_color:#ff891f;--button_gradient_top_color_hover:#fed53d;--button_gradient_bottom_color_hover:#fed53d;--button_text_transform:uppercase;\" target=\"_self\" href=\"http:\/\/observatorioconurbano.ungs.edu.ar\/?page_id=2570\"><span class=\"fusion-button-text awb-button__text awb-button__text--default\">Audiovisual<\/span><\/a><\/div><\/div><\/div><\/div><\/div><div class=\"fusion-fullwidth fullwidth-box fusion-builder-row-3 nonhundred-percent-fullwidth non-hundred-percent-height-scrolling\" style=\"--awb-background-position:left top;--awb-border-sizes-top:0px;--awb-border-sizes-bottom:0px;--awb-border-sizes-left:0px;--awb-border-sizes-right:0px;--awb-border-radius-top-left:0px;--awb-border-radius-top-right:0px;--awb-border-radius-bottom-right:0px;--awb-border-radius-bottom-left:0px;--awb-padding-top:20px;--awb-padding-right:0px;--awb-padding-bottom:20px;--awb-padding-left:0px;--awb-flex-wrap:wrap;\" ><div class=\"fusion-builder-row fusion-row\"><div class=\"fusion-layout-column fusion_builder_column fusion-builder-column-5 fusion_builder_column_1_1 1_1 fusion-one-full fusion-column-first fusion-column-last fusion-column-no-min-height\" style=\"--awb-bg-size:cover;--awb-margin-top:40px;\"><div class=\"fusion-column-wrapper fusion-column-has-shadow fusion-flex-column-wrapper-legacy\"><div class=\"fusion-title title fusion-title-2 fusion-sep-none fusion-title-text fusion-title-size-two\" style=\"--awb-margin-top-small:0px;--awb-margin-right-small:0px;--awb-margin-bottom-small:20px;--awb-margin-left-small:0px;\"><h2 class=\"fusion-title-heading title-heading-left\" style=\"margin:0;\"><span style=\"color: #de5216;\">Art\u00edculos<\/span><\/h2><\/div><div class=\"fusion-clearfix\"><\/div><\/div><\/div><div class=\"fusion-layout-column fusion_builder_column fusion-builder-column-6 fusion_builder_column_1_3 1_3 fusion-one-third fusion-column-first\" style=\"--awb-bg-size:cover;width:30.6666%; margin-right: 4%;\"><div class=\"fusion-column-wrapper fusion-column-has-shadow fusion-flex-column-wrapper-legacy\"><div class=\"fusion-text fusion-text-1\" style=\"--awb-text-transform:none;--awb-text-font-family:&quot;Roboto Flex&quot;;--awb-text-font-style:normal;--awb-text-font-weight:400;\"><h3 style=\"font-weight: 400;\"><strong>Cuerpos, casas, calles y plazas. Mujeres y diversidades constructoras de h\u00e1bitat. Una experiencia de investigaci\u00f3n de acci\u00f3n participativa en Cuartel V, Moreno 2021 &#8211; 2023<br \/>\n<\/strong><\/h3>\n<p>Link al PDF<\/p>\n<h3><a href=\"https:\/\/observatorioconurbano.ungs.edu.ar\/wp-content\/uploads\/Cuerpos-casas-calles-y-plazas.-Mujeres-y-diversidades-constructoras-de-habitat.pdf\" target=\"_blank\" rel=\"noopener noreferrer\">Cuerpos-casas-calles-y-plazas.-Mujeres-y-diversidades-constructoras-de-habitat<\/a><\/h3>\n<\/div><div class=\"fusion-clearfix\"><\/div><\/div><\/div><div class=\"fusion-layout-column fusion_builder_column fusion-builder-column-7 fusion_builder_column_1_3 1_3 fusion-one-third\" style=\"--awb-bg-size:cover;width:30.6666%; margin-right: 4%;\"><div class=\"fusion-column-wrapper fusion-column-has-shadow fusion-flex-column-wrapper-legacy\"><div class=\"fusion-text fusion-text-2\" style=\"--awb-text-transform:none;\"><h3><strong>ADN Relevamiento censal a establecimientos industriales de San Mart\u00edn, provincia de Buenos Aires\u00a0<\/strong><\/h3>\n<p>Link al documento:<\/p>\n<p><a href=\"https:\/\/sanmartin.gob.ar\/adn-industrial\" target=\"_blank\" rel=\"noopener noreferrer\">ADN Relevamiento censal a establecimientos<\/a><\/p>\n<\/div><div class=\"fusion-text fusion-text-3\" style=\"--awb-text-transform:none;--awb-margin-top:30px;\"><h3 class=\"entry-title\"><strong>Creaci\u00f3n neta de empresas privadas por sector econ\u00f3mico. Empresas Locales. 1996-2023<\/strong><\/h3>\n<p>Link al documento:<\/p>\n<ul class=\"post-attachments\">\n<li class=\"post-attachment mime-application-pdf\"><a href=\"https:\/\/observatorioconurbano.ungs.edu.ar\/wp-content\/uploads\/235-Creacion-neta-de-empresas-1996-2023.pdf\" target=\"_blank\" rel=\"noopener noreferrer\">235-Creacion-neta-de-empresas-1996-2023<\/a><\/li>\n<\/ul>\n<\/div><div class=\"fusion-clearfix\"><\/div><\/div><\/div><div class=\"fusion-layout-column fusion_builder_column fusion-builder-column-8 fusion_builder_column_1_3 1_3 fusion-one-third fusion-column-last\" style=\"--awb-bg-size:cover;width:30.6666%;\"><div class=\"fusion-column-wrapper fusion-column-has-shadow fusion-flex-column-wrapper-legacy\"><div class=\"fusion-text fusion-text-4\" style=\"--awb-text-transform:none;\"><h3><strong>Informe\u00a0sobre\u00a0Operadores\u00a0Log<wbr \/>\u00edsticos, de la C\u00e1mara empresarial de operadores log\u00edsticos (CEDOL), 2023<\/strong><\/h3>\n<p>Link al documento:<\/p>\n<p><a href=\"https:\/\/observatorioconurbano.ungs.edu.ar\/pdf\/ENCUESTA-SECTORIAL-CEDOL-2023.pdf\" target=\"_blank\" rel=\"noopener noreferrer\">Informe\u00a0sobre\u00a0Operadores\u00a0Log<wbr \/>\u00edsticos<\/a>&#8230;<\/p>\n<\/div><div class=\"fusion-text fusion-text-5\" style=\"--awb-text-transform:none;\"><h3><strong>Resultados del 1\u00b0 Censo Argentino de empresas y startups Bio y Nanotecnolog\u00edas, Universidad Nacional de San Mart\u00edn, Consejo Federal de Inversiones, Ministerio de Ciencia, Tecnolog\u00eda e Innovaci\u00f3n, entre otros. (2024)<\/strong><\/h3>\n<p>Link al documento:<\/p>\n<p><a href=\"https:\/\/observatorioconurbano.ungs.edu.ar\/pdf\/presentacion_resultados_censo_bionano_28.11.23.pdf\" target=\"_blank\" rel=\"noopener noreferrer\">Resultados del 1\u00b0 Censo Argentino&#8230;<\/a><\/p>\n<\/div><div class=\"fusion-clearfix\"><\/div><\/div><\/div><div class=\"fusion-layout-column fusion_builder_column fusion-builder-column-9 fusion_builder_column_1_3 1_3 fusion-one-third fusion-column-first\" style=\"--awb-bg-size:cover;width:30.6666%; margin-right: 4%;\"><div class=\"fusion-column-wrapper fusion-column-has-shadow fusion-flex-column-wrapper-legacy\"><div class=\"fusion-text fusion-text-6\" style=\"--awb-text-transform:none;\"><h3><strong>Plataformas log\u00edsticas,\u00a0Estrategia Log\u00edstica\u00a0Provincia de Buenos Aires &#8211; del\u00a0Consejo Federal de Inversiones (CFI), 2024<\/strong><\/h3>\n<p>Link al documento:<\/p>\n<p><a href=\"https:\/\/observatorioconurbano.ungs.edu.ar\/pdf\/PBA-Plataformas-Logisticas-CFI.pdf\" target=\"_blank\" rel=\"noopener noreferrer\">Plataformas log\u00edsticas<\/a><\/p>\n<\/div><div class=\"fusion-text fusion-text-7\" style=\"--awb-text-transform:none;--awb-margin-top:30px;\"><h3><strong>MALVINAS_ Comunidad Organizada para la Regularizaci\u00f3n Dominial del Suelo y la integraci\u00f3n socio urbana de barrios populares<\/strong><\/h3>\n<p>Link al documento:<\/p>\n<p><a href=\"http:\/\/observatorioconurbano.ungs.edu.ar\/Articulos\/MALVINAS_Comunidad-Organizada-para-la-Regularizacion-Dominial-del-Suelo-y-la-integracion-socio-urbana-de-barrios-populares.pdf\" target=\"_blank\" rel=\"noopener noreferrer\">MALVINAS_Comunidad-Organizada &#8230;<\/a><\/p>\n<\/div><div class=\"fusion-clearfix\"><\/div><\/div><\/div><div class=\"fusion-layout-column fusion_builder_column fusion-builder-column-10 fusion_builder_column_1_3 1_3 fusion-one-third\" style=\"--awb-bg-size:cover;width:30.6666%; margin-right: 4%;\"><div class=\"fusion-column-wrapper fusion-column-has-shadow fusion-flex-column-wrapper-legacy\"><div class=\"fusion-text fusion-text-8\" style=\"--awb-text-transform:none;\"><h3><b>Gram\u00e1ticas del cuidado<br \/>\n<\/b>Por: Eleonor Faur y Francisca Pereyra<br \/>\nEn : \u00bb La Argentina en el siglo xxi. C\u00f3mo somos, vivimos y convivimos en una sociedad desigual\u00bb, de Juan Ignacio Piovani y Agust\u00edn Salvia (comps.)<\/h3>\n<p>Link al documento:<\/p>\n<p><a href=\"https:\/\/apdh.org.ar\/sites\/default\/files\/2020-09\/16.%20Faur%20Pereyra%20Gram%C3%A1ticas%20del%20cuidado.pdf\" target=\"_blank\" rel=\"noopener noreferrer\">Gram\u00e1ticas del cuidado &#8230;<\/a><\/p>\n<\/div><div class=\"fusion-text fusion-text-9\" style=\"--awb-text-transform:none;--awb-margin-top:30px;\"><h3>MALVINAS_ Comunidad Organizada para la Regularizaci\u00f3n Dominial del Suelo y la integraci\u00f3n socio urbana de barrios populares<\/h3>\n<p>Link al documento:<\/p>\n<p><a href=\"http:\/\/observatorioconurbano.ungs.edu.ar\/Articulos\/MALVINAS_Comunidad-Organizada-para-la-Regularizacion-Dominial-del-Suelo-y-la-integracion-socio-urbana-de-barrios-populares.pdf\" target=\"_blank\" rel=\"noopener noreferrer\">MALVINAS_Comunidad-Organizada &#8230;<\/a><\/p>\n<\/div><div class=\"fusion-clearfix\"><\/div><\/div><\/div><div class=\"fusion-layout-column fusion_builder_column fusion-builder-column-11 fusion_builder_column_1_3 1_3 fusion-one-third fusion-column-last\" style=\"--awb-bg-size:cover;width:30.6666%;\"><div class=\"fusion-column-wrapper fusion-flex-column-wrapper-legacy\"><div class=\"fusion-text fusion-text-10\" style=\"--awb-text-transform:none;\"><h3 style=\"font-weight: 400;\"><strong>Relevamiento a Centros Comunitarios de Interredes <\/strong><br \/>\nPor: Omar A. Bascur, Claudio R. Comari, Alejandro A Moyano, Laura I. Tarasiuk Ploc y Andrea F. Ferraris<\/h3>\n<p>Link al documento:<\/p>\n<p><a href=\"http:\/\/observatorioconurbano.ungs.edu.ar\/wp-content\/uploads\/Articulos\/INFORME-FINAL-2-12-22.pdf\" target=\"_blank\" rel=\"noopener noreferrer\">Relevamiento a Centros Comunitarios &#8230;<\/a><\/p>\n<\/div><div class=\"fusion-text fusion-text-11\" style=\"--awb-text-transform:none;--awb-margin-top:30px;\"><h3>MALVINAS_ Comunidad Organizada para la Regularizaci\u00f3n Dominial del Suelo y la integraci\u00f3n socio urbana de barrios populares<\/h3>\n<p>Link al documento:<\/p>\n<p><a href=\"http:\/\/observatorioconurbano.ungs.edu.ar\/Articulos\/MALVINAS_Comunidad-Organizada-para-la-Regularizacion-Dominial-del-Suelo-y-la-integracion-socio-urbana-de-barrios-populares.pdf\" target=\"_blank\" rel=\"noopener noreferrer\">MALVINAS_Comunidad-Organizada &#8230;<\/a><\/p>\n<\/div><div class=\"fusion-clearfix\"><\/div><\/div><\/div><div class=\"fusion-layout-column fusion_builder_column fusion-builder-column-12 fusion_builder_column_1_3 1_3 fusion-one-third fusion-column-first\" style=\"--awb-bg-size:cover;width:30.6666%; margin-right: 4%;\"><div class=\"fusion-column-wrapper fusion-flex-column-wrapper-legacy\"><div class=\"fusion-text fusion-text-12\" style=\"--awb-text-transform:none;\"><h3 style=\"font-weight: 400;\"><strong>Argentina: colectivizando el cuidado,\u00a0<\/strong><strong>reinventando el trabajo y la solidaridad\u00a0<\/strong><strong>en barrios populares de Buenos Aires<br \/>\n<\/strong>Por: Marisa Fournier y Erika Loritz<br \/>\nEn: Verschuur, C. y otros (2022). Reorganizar la reproducci\u00f3n social, democratizar la econom\u00eda solidaria, repensar el valor. Ed UNGS<\/h3>\n<p>Link al documento:<\/p>\n<p><a href=\"https:\/\/ediciones.ungs.edu.ar\/wp-content\/uploads\/2023\/02\/9789876306515-completo-1.pdf\" target=\"_blank\" rel=\"noopener noreferrer\">Argentina: colectivizando &#8230;<\/a><\/p>\n<\/div><div class=\"fusion-clearfix\"><\/div><\/div><\/div><div class=\"fusion-layout-column fusion_builder_column fusion-builder-column-13 fusion_builder_column_1_3 1_3 fusion-one-third\" style=\"--awb-bg-size:cover;width:30.6666%; margin-right: 4%;\"><div class=\"fusion-column-wrapper fusion-flex-column-wrapper-legacy\"><div class=\"fusion-text fusion-text-13\" style=\"--awb-text-transform:none;\"><h3>MALVINAS_ Planificaci\u00f3n participativa y gesti\u00f3n asociada. Vivienda de Trabajadores de la MMyS<\/h3>\n<p>Link al documento:<\/p>\n<p><a href=\"http:\/\/observatorioconurbano.ungs.edu.ar\/Articulos\/MALVINAS_Planificacion-participativa-y-gestion-asociada.-Vivienda-de-Trabajadores-de-la-MMyS.pdf\" target=\"_blank\" rel=\"noopener noreferrer\">MALVINAS_Planificacion-participativa &#8230;<\/a><\/p>\n<\/div><div class=\"fusion-clearfix\"><\/div><\/div><\/div><div class=\"fusion-layout-column fusion_builder_column fusion-builder-column-14 fusion_builder_column_1_3 1_3 fusion-one-third fusion-column-last\" style=\"--awb-bg-size:cover;width:30.6666%;\"><div class=\"fusion-column-wrapper fusion-flex-column-wrapper-legacy\"><div class=\"fusion-text fusion-text-14\" style=\"--awb-text-transform:none;\"><h3>Desigualdad social en el territorio bonaerense. Barbara Couto, 2021<\/h3>\n<p>Link al documento:<\/p>\n<p><a href=\"http:\/\/observatorioconurbano.ungs.edu.ar\/Articulos\/Desigualdad-social-en-el-territorio-bonaerense.pdf\" target=\"_blank\" rel=\"noopener noreferrer\">Desigualdad social &#8230;<\/a><\/p>\n<\/div><div class=\"fusion-clearfix\"><\/div><\/div><\/div><div class=\"fusion-layout-column fusion_builder_column fusion-builder-column-15 fusion_builder_column_1_3 1_3 fusion-one-third fusion-column-first\" style=\"--awb-bg-size:cover;width:30.6666%; margin-right: 4%;\"><div class=\"fusion-column-wrapper fusion-flex-column-wrapper-legacy\"><div class=\"fusion-text fusion-text-15\" style=\"--awb-text-transform:none;\"><h3 class=\"entry-title\">Problemas y demandas del conurbano bonaerense: nuevo relevamiento a referentes de barrios populares<\/h3>\n<p>Link al documento:<\/p>\n<p><a href=\"http:\/\/observatorioconurbano.ungs.edu.ar\/Articulos\/Quinto-relevamiento-barrios-populares-feb-2022-1.pdf\" target=\"_blank\" rel=\"noopener noreferrer\">Quinto relevamiento a referentes &#8230;<\/a><\/p>\n<\/div><div class=\"fusion-clearfix\"><\/div><\/div><\/div><div class=\"fusion-layout-column fusion_builder_column fusion-builder-column-16 fusion_builder_column_1_3 1_3 fusion-one-third\" style=\"--awb-bg-size:cover;width:30.6666%; margin-right: 4%;\"><div class=\"fusion-column-wrapper fusion-flex-column-wrapper-legacy\"><div class=\"fusion-text fusion-text-16\" style=\"--awb-text-transform:none;\"><h3>El Ministerio de Seguridad Frente las Violencias por Razones de Genero<\/h3>\n<p>Link al documento:<\/p>\n<p><a href=\"http:\/\/observatorioconurbano.ungs.edu.ar\/Articulos\/El-Ministerio-de-Seguridad-Frente-las-Violencias-por-Razones-de-Genero.pdf\" target=\"_blank\" rel=\"noopener noreferrer\">El Ministerio de Seguridad Frente&#8230;<\/a><\/p>\n<\/div><div class=\"fusion-clearfix\"><\/div><\/div><\/div><div class=\"fusion-layout-column fusion_builder_column fusion-builder-column-17 fusion_builder_column_1_3 1_3 fusion-one-third fusion-column-last\" style=\"--awb-bg-size:cover;width:30.6666%;\"><div class=\"fusion-column-wrapper fusion-flex-column-wrapper-legacy\"><div class=\"fusion-text fusion-text-17\" style=\"--awb-text-transform:none;\"><h3>An\u00e1lisis sobre intentos de femicidios identificados en Linea-144<\/h3>\n<p>Link al documento:<\/p>\n<p><a href=\"http:\/\/observatorioconurbano.ungs.edu.ar\/Publicaciones\/Analisis-sobre-intentos-de-femicidios-identificados-en-linea-144.pdf\" target=\"_blank\" rel=\"noopener noreferrer\">An\u00e1lisis sobre intentos de femicidios&#8230;<\/a><\/p>\n<\/div><div class=\"fusion-clearfix\"><\/div><\/div><\/div><div class=\"fusion-layout-column fusion_builder_column fusion-builder-column-18 fusion_builder_column_1_3 1_3 fusion-one-third fusion-column-first\" style=\"--awb-bg-size:cover;width:30.6666%; margin-right: 4%;\"><div class=\"fusion-column-wrapper fusion-flex-column-wrapper-legacy\"><div class=\"fusion-text fusion-text-18\" style=\"--awb-text-transform:none;\"><h3><span class=\"fontstyle0\">1 A\u00d1O DE LA SANCI\u00d3N DE LA LEY NACIONAL 27.610<\/span><\/h3>\n<p>Link al documento:<\/p>\n<p><a href=\"http:\/\/observatorioconurbano.ungs.edu.ar\/pdf\/PRENSA 30Diciembre21-INFORME-EJECUTIVO-anio-de-la-ley.pdf\" target=\"_blank\" rel=\"noopener noreferrer\">PRENSA 30Diciembre21-INFORME-EJECUTIVO&#8230;<\/a><\/p>\n<\/div><div class=\"fusion-clearfix\"><\/div><\/div><\/div><div class=\"fusion-layout-column fusion_builder_column fusion-builder-column-19 fusion_builder_column_1_3 1_3 fusion-one-third\" style=\"--awb-bg-size:cover;width:30.6666%; margin-right: 4%;\"><div class=\"fusion-column-wrapper fusion-flex-column-wrapper-legacy\"><div class=\"fusion-text fusion-text-19\"><h3>Aproximaciones al mundo productivo RMBA<\/h3>\n<p>Link al documento:<\/p>\n<p><a href=\"http:\/\/observatorioconurbano.ungs.edu.ar\/Publicaciones\/Aproximaciones-al-mundo-productivo-RMBA.pdf\" target=\"_blank\" rel=\"noopener noreferrer\">Aproximaciones al mundo productivo&#8230;<\/a><\/p>\n<\/div><div class=\"fusion-clearfix\"><\/div><\/div><\/div><div class=\"fusion-layout-column fusion_builder_column fusion-builder-column-20 fusion_builder_column_1_3 1_3 fusion-one-third fusion-column-last\" style=\"--awb-bg-size:cover;width:30.6666%;\"><div class=\"fusion-column-wrapper fusion-flex-column-wrapper-legacy\"><div class=\"fusion-text fusion-text-20\"><h3>An\u00e1lisis de la experiencia del Instituto de Desarrollo Empresario Bonaerense \u2013 IDEB &#8211;<\/h3>\n<p>Link al documento:<\/p>\n<p><a href=\"http:\/\/observatorioconurbano.ungs.edu.ar\/Publicaciones\/Analisis-de-la-experiencia-del-Instituto-de-Desarrollo-Empresario-Bonaerense.pdf\" target=\"_blank\" rel=\"noopener noreferrer\">An\u00e1lisis de la experiencia del IDEP<\/a><\/p>\n<\/div><div class=\"fusion-clearfix\"><\/div><\/div><\/div><div class=\"fusion-layout-column fusion_builder_column fusion-builder-column-21 fusion_builder_column_1_3 1_3 fusion-one-third fusion-column-first\" style=\"--awb-bg-size:cover;width:30.6666%; margin-right: 4%;\"><div class=\"fusion-column-wrapper fusion-flex-column-wrapper-legacy\"><div class=\"fusion-text fusion-text-21\"><h3>Gesti\u00f3n municipal y pol\u00edticas de memoria<\/h3>\n<h3>Relevamiento en el Conurbano Bonaerense<\/h3>\n<p>Link al documento:<\/p>\n<p><a href=\"http:\/\/observatorioconurbano.ungs.edu.ar\/Publicaciones\/Revista-ARMAR-LA-CIUDAD-Nro-24-Anio-X-Septiembre-2021.pdf\" target=\"_blank\" rel=\"noopener noreferrer\">Gesti\u00f3n municipal y pol\u00edticas de memoria&#8230;<\/a><\/p>\n<\/div><div class=\"fusion-clearfix\"><\/div><\/div><\/div><div class=\"fusion-layout-column fusion_builder_column fusion-builder-column-22 fusion_builder_column_1_3 1_3 fusion-one-third\" style=\"--awb-bg-size:cover;width:30.6666%; margin-right: 4%;\"><div class=\"fusion-column-wrapper fusion-flex-column-wrapper-legacy\"><div class=\"fusion-text fusion-text-22\"><h3>El conurbano en el segundo a\u00f1o de la pandemia.<\/h3>\n<p>Link al documento:<\/p>\n<p><a href=\"http:\/\/observatorioconurbano.ungs.edu.ar\/Publicaciones\/El-conurbano-en-el-segundo-anio-de-la-pandemia-sep-2021.pdf\" target=\"_blank\" rel=\"noopener noreferrer\"><span class=\"fontstyle0\">El conurbano en el segundo a\u00f1o&#8230;<\/span><\/a><\/p>\n<\/div><div class=\"fusion-clearfix\"><\/div><\/div><\/div><div class=\"fusion-layout-column fusion_builder_column fusion-builder-column-23 fusion_builder_column_1_3 1_3 fusion-one-third fusion-column-last\" style=\"--awb-bg-size:cover;width:30.6666%;\"><div class=\"fusion-column-wrapper fusion-flex-column-wrapper-legacy\"><div class=\"fusion-text fusion-text-23\"><h3>Escenarios, actores y lineamientos para la acci\u00f3n.<\/h3>\n<p>Link al documento:<\/p>\n<p><a href=\"http:\/\/observatorioconurbano.ungs.edu.ar\/Publicaciones\/01-UNGS-COVID19-Etapa-4-Jul-2021-Conflictividad-socioterritorial.pdf\" target=\"_blank\" rel=\"noopener noreferrer\"><span class=\"fontstyle0\">Conflictividad socioterritorial&#8230;<\/span><\/a><\/p>\n<\/div><div class=\"fusion-clearfix\"><\/div><\/div><\/div><div class=\"fusion-layout-column fusion_builder_column fusion-builder-column-24 fusion_builder_column_1_3 1_3 fusion-one-third fusion-column-first\" style=\"--awb-bg-size:cover;width:30.6666%; margin-right: 4%;\"><div class=\"fusion-column-wrapper fusion-flex-column-wrapper-legacy\"><div class=\"fusion-text fusion-text-24\"><h3>Escenarios, actores y lineamientos para la acci\u00f3n.<\/h3>\n<p>Link al documento:<\/p>\n<p><a href=\"http:\/\/observatorioconurbano.ungs.edu.ar\/Publicaciones\/02-UNGS-COVID19-Etapa-4-Jul-2021-Produccion-y-trabajo.pdf\" target=\"_blank\" rel=\"noopener noreferrer\"><span class=\"fontstyle0\">Producci\u00f3n y trabajo&#8230;<\/span><\/a><\/p>\n<\/div><div class=\"fusion-clearfix\"><\/div><\/div><\/div><div class=\"fusion-layout-column fusion_builder_column fusion-builder-column-25 fusion_builder_column_1_3 1_3 fusion-one-third\" style=\"--awb-bg-size:cover;width:30.6666%; margin-right: 4%;\"><div class=\"fusion-column-wrapper fusion-flex-column-wrapper-legacy\"><div class=\"fusion-text fusion-text-25\"><h3>Escenarios, actores y lineamientos para la acci\u00f3n.<\/h3>\n<p>Link al documento:<\/p>\n<p><a href=\"http:\/\/observatorioconurbano.ungs.edu.ar\/Publicaciones\/03-UNGS-COVID19-Etapa-4-Jul-2021-Capacidades-estatales.pdf\" target=\"_blank\" rel=\"noopener noreferrer\"><span class=\"fontstyle0\">Capacidades estatales&#8230;<\/span><\/a><\/p>\n<\/div><div class=\"fusion-clearfix\"><\/div><\/div><\/div><div class=\"fusion-layout-column fusion_builder_column fusion-builder-column-26 fusion_builder_column_1_3 1_3 fusion-one-third fusion-column-last\" style=\"--awb-bg-size:cover;width:30.6666%;\"><div class=\"fusion-column-wrapper fusion-flex-column-wrapper-legacy\"><div class=\"fusion-text fusion-text-26\"><h3>Caracterizaci\u00f3n de barrios populares Jos\u00e9 C. Paz<\/h3>\n<p>Link al documento:<\/p>\n<p><a href=\"http:\/\/observatorioconurbano.ungs.edu.ar\/Publicaciones\/Caracterizacion-de-barrios-populares-Jose-C.-Paz.pdf\" target=\"_blank\" rel=\"noopener noreferrer\"><span class=\"fontstyle0\">Caracterizaci\u00f3n de barrios populares Jos\u00e9 C. Paz&#8230;<\/span><\/a><\/p>\n<\/div><div class=\"fusion-clearfix\"><\/div><\/div><\/div><div class=\"fusion-layout-column fusion_builder_column fusion-builder-column-27 fusion_builder_column_1_3 1_3 fusion-one-third fusion-column-first\" style=\"--awb-bg-size:cover;width:30.6666%; margin-right: 4%;\"><div class=\"fusion-column-wrapper fusion-flex-column-wrapper-legacy\"><div class=\"fusion-text fusion-text-27\"><h3>Caracterizaci\u00f3n de barrios populares Malvinas Argentinas<\/h3>\n<p>Link al documento:<\/p>\n<p><a href=\"http:\/\/observatorioconurbano.ungs.edu.ar\/Publicaciones\/Caracterizacion-de-barrios-populares-Malvinas-Argentinas.pdf\" target=\"_blank\" rel=\"noopener noreferrer\"><span class=\"fontstyle0\">Caracterizaci\u00f3n de barrios populares Malvinas Argentinas&#8230;<\/span><\/a><\/p>\n<\/div><div class=\"fusion-clearfix\"><\/div><\/div><\/div><div class=\"fusion-layout-column fusion_builder_column fusion-builder-column-28 fusion_builder_column_1_3 1_3 fusion-one-third\" style=\"--awb-bg-size:cover;width:30.6666%; margin-right: 4%;\"><div class=\"fusion-column-wrapper fusion-flex-column-wrapper-legacy\"><div class=\"fusion-text fusion-text-28\"><h3>Caracterizaci\u00f3n de barrios populares San Miguel<\/h3>\n<p>Link al documento:<\/p>\n<p><a href=\"http:\/\/observatorioconurbano.ungs.edu.ar\/Publicaciones\/Caracterizacion-de-barrios-populares-San-Miguel.pdf\" target=\"_blank\" rel=\"noopener noreferrer\"><span class=\"fontstyle0\">Caracterizaci\u00f3n de barrios populares San Miguel&#8230;<\/span><\/a><\/p>\n<\/div><div class=\"fusion-clearfix\"><\/div><\/div><\/div><div class=\"fusion-layout-column fusion_builder_column fusion-builder-column-29 fusion_builder_column_1_3 1_3 fusion-one-third fusion-column-last\" style=\"--awb-bg-size:cover;width:30.6666%;\"><div class=\"fusion-column-wrapper fusion-flex-column-wrapper-legacy\"><div class=\"fusion-text fusion-text-29\"><h3>Acciones en el marco de la pandemia de Covid \u2013 19 en Berazategui<\/h3>\n<p>Link al documento:<\/p>\n<p><a href=\"http:\/\/observatorioconurbano.ungs.edu.ar\/Publicaciones\/Acciones-en-el-marco-de-la-pandemia-Municipalidad-de-Berazategui.pdf\" target=\"_blank\" rel=\"noopener noreferrer\"><span class=\"fontstyle0\">Acciones en el marco de la pandemia&#8230;<\/span><\/a><\/p>\n<\/div><div class=\"fusion-clearfix\"><\/div><\/div><\/div><div class=\"fusion-layout-column fusion_builder_column fusion-builder-column-30 fusion_builder_column_1_3 1_3 fusion-one-third fusion-column-first\" style=\"--awb-bg-size:cover;width:30.6666%; margin-right: 4%;\"><div class=\"fusion-column-wrapper fusion-flex-column-wrapper-legacy\"><div class=\"fusion-text fusion-text-30\"><h3><span class=\"fontstyle0\">El conurbano bonaerense en pandemia<br \/>\n<\/span>Alcances y desaf\u00edos desde una perspectiva multidimensional<\/h3>\n<p>Link al documento:<\/p>\n<p><a href=\"http:\/\/observatorioconurbano.ungs.edu.ar\/Publicaciones\/Libro-El-conurbano-bonaerense-en-pandemia.pdf\" target=\"_blank\" rel=\"noopener noreferrer\"><span class=\"fontstyle0\">El conurbano bonaerense en pandemia&#8230;<\/span><\/a><\/p>\n<\/div><div class=\"fusion-clearfix\"><\/div><\/div><\/div><div class=\"fusion-layout-column fusion_builder_column fusion-builder-column-31 fusion_builder_column_1_3 1_3 fusion-one-third\" style=\"--awb-bg-size:cover;width:30.6666%; margin-right: 4%;\"><div class=\"fusion-column-wrapper fusion-flex-column-wrapper-legacy\"><div class=\"fusion-text fusion-text-31\"><h3><span class=\"fontstyle0\">Distribuci\u00f3n, comercializaci\u00f3n y acceso a alimentos de calidad en Am\u00e9rica Latina<\/span><\/h3>\n<p>Link al documento:<\/p>\n<p><a href=\"http:\/\/observatorioconurbano.ungs.edu.ar\/Publicaciones\/Alimentos-de-calidad-en-AL.pdf\" target=\"_blank\" rel=\"noopener noreferrer\"><span class=\"fontstyle0\">Distribuci\u00f3n, comercializaci\u00f3n y acceso a alimentos&#8230;<\/span><\/a><\/p>\n<\/div><div class=\"fusion-clearfix\"><\/div><\/div><\/div><div class=\"fusion-layout-column fusion_builder_column fusion-builder-column-32 fusion_builder_column_1_3 1_3 fusion-one-third fusion-column-last\" style=\"--awb-bg-size:cover;width:30.6666%;\"><div class=\"fusion-column-wrapper fusion-flex-column-wrapper-legacy\"><div class=\"fusion-text fusion-text-32\"><h3>Cronolog\u00eda de las conquistas de las mujeres y los g\u00e9neros<\/h3>\n<p>Link al documento:<\/p>\n<p><a href=\"http:\/\/observatorioconurbano.ungs.edu.ar\/Publicaciones\/Cronologia-de-las-conquistas-de-las-mujeres-y-los-generos.pdf\" target=\"_blank\" rel=\"noopener noreferrer\">Cronolog\u00eda de las conquistas de las mujeres&#8230;<\/a><\/p>\n<\/div><div class=\"fusion-clearfix\"><\/div><\/div><\/div><div class=\"fusion-layout-column fusion_builder_column fusion-builder-column-33 fusion_builder_column_1_3 1_3 fusion-one-third fusion-column-first\" style=\"--awb-bg-size:cover;width:30.6666%; margin-right: 4%;\"><div class=\"fusion-column-wrapper fusion-flex-column-wrapper-legacy\"><div class=\"fusion-text fusion-text-33\"><h3>Prevenci\u00f3n y monitoreo del COVID-19 en municipios del Conurbano Bonaerense desde una perspectiva multidimensional<\/h3>\n<p>Link al documento:<\/p>\n<p><a href=\"http:\/\/observatorioconurbano.ungs.edu.ar\/Publicaciones\/Informe-COVID19-UNGS-Sep-2020-01-Resumen-ejecutivo.pdf\" target=\"_blank\" rel=\"noopener noreferrer\">Prevenci\u00f3n y monitoreo del COVID-19&#8230;<\/a><\/p>\n<\/div><div class=\"fusion-clearfix\"><\/div><\/div><\/div><div class=\"fusion-layout-column fusion_builder_column fusion-builder-column-34 fusion_builder_column_1_3 1_3 fusion-one-third\" style=\"--awb-bg-size:cover;width:30.6666%; margin-right: 4%;\"><div class=\"fusion-column-wrapper fusion-flex-column-wrapper-legacy\"><div class=\"fusion-text fusion-text-34\"><h3>El Conurbano en la cuarentena: Condiciones de vida y estrategias de los hogares<\/h3>\n<p>Link al documento:<\/p>\n<p><a href=\"http:\/\/observatorioconurbano.ungs.edu.ar\/Publicaciones\/Informe-COVID19-UNGS-Sep-2020-02-Condiciones-de-vida.pdf\" target=\"_blank\" rel=\"noopener noreferrer\">El Conurbano en la cuarentena:&#8230;<\/a><\/p>\n<\/div><div class=\"fusion-clearfix\"><\/div><\/div><\/div><div class=\"fusion-layout-column fusion_builder_column fusion-builder-column-35 fusion_builder_column_1_3 1_3 fusion-one-third fusion-column-last\" style=\"--awb-bg-size:cover;width:30.6666%;\"><div class=\"fusion-column-wrapper fusion-flex-column-wrapper-legacy\"><div class=\"fusion-text fusion-text-35\"><h3>El impacto del Aislamiento Social Preventivo Obligatorio en la industria manufacturera del Conurbano Bonaerense<\/h3>\n<p>Link al documento:<\/p>\n<p><a href=\"http:\/\/observatorioconurbano.ungs.edu.ar\/Publicaciones\/Informe-COVID19-UNGS-Sep-2020-03-Industria-1.pdf\" target=\"_blank\" rel=\"noopener noreferrer\">El impacto del Aislamiento Social&#8230;<\/a><\/p>\n<\/div><div class=\"fusion-clearfix\"><\/div><\/div><\/div><div class=\"fusion-layout-column fusion_builder_column fusion-builder-column-36 fusion_builder_column_1_3 1_3 fusion-one-third fusion-column-first\" style=\"--awb-bg-size:cover;width:30.6666%; margin-right: 4%;\"><div class=\"fusion-column-wrapper fusion-flex-column-wrapper-legacy\"><div class=\"fusion-text fusion-text-36\"><h3>Trabajo y empleo en el Conurbano Bonaerense<\/h3>\n<p>Link al documento:<\/p>\n<p><a href=\"http:\/\/observatorioconurbano.ungs.edu.ar\/Publicaciones\/Informe-COVID19-UNGS-Sep-2020-04-trabajo-y-empleo.pdf\" target=\"_blank\" rel=\"noopener noreferrer\">Trabajo y empleo&#8230;<\/a><\/p>\n<\/div><div class=\"fusion-clearfix\"><\/div><\/div><\/div><div class=\"fusion-layout-column fusion_builder_column fusion-builder-column-37 fusion_builder_column_1_3 1_3 fusion-one-third\" style=\"--awb-bg-size:cover;width:30.6666%; margin-right: 4%;\"><div class=\"fusion-column-wrapper fusion-flex-column-wrapper-legacy\"><div class=\"fusion-text fusion-text-37\"><h3>Las organizaciones de la Econom\u00eda Social y Solidaria del \u00c1rea Metropolitana de Buenos Aires en la pandemia<\/h3>\n<p>Link al documento:<\/p>\n<p><a href=\"http:\/\/observatorioconurbano.ungs.edu.ar\/Publicaciones\/Informe-COVID19-UNGS-Sep-2020-05-Economia-Social.pdf\" target=\"_blank\" rel=\"noopener noreferrer\">Las organizaciones de la Econom\u00eda Social&#8230;<\/a><\/p>\n<\/div><div class=\"fusion-clearfix\"><\/div><\/div><\/div><div class=\"fusion-layout-column fusion_builder_column fusion-builder-column-38 fusion_builder_column_1_3 1_3 fusion-one-third fusion-column-last\" style=\"--awb-bg-size:cover;width:30.6666%;\"><div class=\"fusion-column-wrapper fusion-flex-column-wrapper-legacy\"><div class=\"fusion-text fusion-text-38\"><h3>Afectaci\u00f3n en el operatoria de los mercados mayoristas frutihort\u00edcolas del AMBA. Primeras aproximaciones<\/h3>\n<p>Link al documento:<\/p>\n<p><a href=\"http:\/\/observatorioconurbano.ungs.edu.ar\/Publicaciones\/Informe-COVID19-UNGS-Sep-2020-06-Mercados-frutiorticolas.pdf\" target=\"_blank\" rel=\"noopener noreferrer\">Afectaci\u00f3n en el operatoria&#8230;<\/a><\/p>\n<\/div><div class=\"fusion-clearfix\"><\/div><\/div><\/div><div class=\"fusion-layout-column fusion_builder_column fusion-builder-column-39 fusion_builder_column_1_3 1_3 fusion-one-third fusion-column-first\" style=\"--awb-bg-size:cover;width:30.6666%; margin-right: 4%;\"><div class=\"fusion-column-wrapper fusion-flex-column-wrapper-legacy\"><div class=\"fusion-text fusion-text-39\"><h3>Capacidades institucionales de los municipios del Conurbano Bonaerense<\/h3>\n<p>Link al documento:<\/p>\n<p><a href=\"http:\/\/observatorioconurbano.ungs.edu.ar\/Publicaciones\/Informe-COVID19-UNGS-Sep-2020-07-Capacidades-municipales-1.pdf\" target=\"_blank\" rel=\"noopener noreferrer\">Capacidades institucionales&#8230;<\/a><\/p>\n<\/div><div class=\"fusion-clearfix\"><\/div><\/div><\/div><div class=\"fusion-layout-column fusion_builder_column fusion-builder-column-40 fusion_builder_column_1_3 1_3 fusion-one-third\" style=\"--awb-bg-size:cover;width:30.6666%; margin-right: 4%;\"><div class=\"fusion-column-wrapper fusion-flex-column-wrapper-legacy\"><div class=\"fusion-text fusion-text-40\"><h3>Gesti\u00f3n de la seguridad y emergencia sanitaria en el Conurbano Bonaerense. Aportes preliminales<\/h3>\n<p>Link al documento:<\/p>\n<p><a href=\"http:\/\/observatorioconurbano.ungs.edu.ar\/Publicaciones\/Informe-COVID19-UNGS-Sep-2020-08-Seguridad.pdf\" target=\"_blank\" rel=\"noopener noreferrer\">Gesti\u00f3n de la seguridad y emergencia sanitaria&#8230;\u00a0<\/a><\/p>\n<\/div><div class=\"fusion-clearfix\"><\/div><\/div><\/div><div class=\"fusion-layout-column fusion_builder_column fusion-builder-column-41 fusion_builder_column_1_3 1_3 fusion-one-third fusion-column-last\" style=\"--awb-bg-size:cover;width:30.6666%;\"><div class=\"fusion-column-wrapper fusion-flex-column-wrapper-legacy\"><div class=\"fusion-text fusion-text-41\"><h3>El Conurbano en la Cuarentena III<\/h3>\n<p>Link al documento:<\/p>\n<p><a href=\"http:\/\/observatorioconurbano.ungs.edu.ar\/Publicaciones\/El-Conurbano-en-la-Cuarentena-III.-Tercer-informe-de-relevamiento.-Final.pdf\" target=\"_blank\" rel=\"noopener noreferrer\">El-Conurbano-en-la-Cuarentena-III.<\/a>..<\/p>\n<\/div><div class=\"fusion-clearfix\"><\/div><\/div><\/div><div class=\"fusion-layout-column fusion_builder_column fusion-builder-column-42 fusion_builder_column_1_3 1_3 fusion-one-third fusion-column-first\" style=\"--awb-bg-size:cover;width:30.6666%; margin-right: 4%;\"><div class=\"fusion-column-wrapper fusion-flex-column-wrapper-legacy\"><div class=\"fusion-text fusion-text-42\"><h3>Llueve sobre mojado. El Conurbano Bonaerense entre nuevos y viejos confinamientos.<\/h3>\n<p>Por: Por Daniela Soldano y Noelia Villarroel<\/p>\n<p>Link al documento:<\/p>\n<p><a href=\"http:\/\/observatorioconurbano.ungs.edu.ar\/Publicaciones\/Llueve-sobre-mojado.-Soldano-Villarroel.pdf\" target=\"_blank\" rel=\"noopener noreferrer\">Llueve sobre mojado.<\/a>..<\/p>\n<\/div><div class=\"fusion-clearfix\"><\/div><\/div><\/div><div class=\"fusion-layout-column fusion_builder_column fusion-builder-column-43 fusion_builder_column_1_3 1_3 fusion-one-third\" style=\"--awb-bg-size:cover;width:30.6666%; margin-right: 4%;\"><div class=\"fusion-column-wrapper fusion-flex-column-wrapper-legacy\"><div class=\"fusion-text fusion-text-43\"><h3>El Conurbano en la cuarentena II<\/h3>\n<p>Por: Instituto del Conurbano (ICO-UNGS)<\/p>\n<p>Link al documento:<\/p>\n<p><a href=\"http:\/\/observatorioconurbano.ungs.edu.ar\/Publicaciones\/El-Conurbano-en-la-cuarentena.-Segundo-informe.pdf\" target=\"_blank\" rel=\"noopener noreferrer\">El Conurbano en la cuarentena II&#8230;<\/a><\/p>\n<\/div><div class=\"fusion-clearfix\"><\/div><\/div><\/div><div class=\"fusion-layout-column fusion_builder_column fusion-builder-column-44 fusion_builder_column_1_3 1_3 fusion-one-third fusion-column-last\" style=\"--awb-bg-size:cover;width:30.6666%;\"><div class=\"fusion-column-wrapper fusion-flex-column-wrapper-legacy\"><div class=\"fusion-text fusion-text-44\"><h3>Situaci\u00f3n de COVID-19 en el conurbano bonaerense<\/h3>\n<p>Por: Leonardo Fern\u00e1ndez y Melina Tob\u00edas<\/p>\n<p>Link al documento:<\/p>\n<p><a href=\"http:\/\/observatorioconurbano.ungs.edu.ar\/Publicaciones\/covid19_pGBA_abril20.pdf\" target=\"_blank\" rel=\"noopener noreferrer\">Situaci\u00f3n de COVID-19 &#8230;<\/a><\/p>\n<\/div><div class=\"fusion-clearfix\"><\/div><\/div><\/div><div class=\"fusion-layout-column fusion_builder_column fusion-builder-column-45 fusion_builder_column_1_3 1_3 fusion-one-third fusion-column-first\" style=\"--awb-bg-size:cover;width:30.6666%; margin-right: 4%;\"><div class=\"fusion-column-wrapper fusion-flex-column-wrapper-legacy\"><div class=\"fusion-text fusion-text-45\"><h3><span style=\"color: #000000;\">El Conurbano en la cuarentena<\/span><\/h3>\n<p>Instituto del Conurbano (ICO-UNGS)<\/p>\n<p>Link al documento:<\/p>\n<p><a href=\"http:\/\/observatorioconurbano.ungs.edu.ar\/Publicaciones\/Informe-ICO-Cuarentena-PDF.pdf\" target=\"_blank\" rel=\"noopener noreferrer\">El Conurbano en la cuarentena..<\/a><\/p>\n<\/div><div class=\"fusion-clearfix\"><\/div><\/div><\/div><div class=\"fusion-layout-column fusion_builder_column fusion-builder-column-46 fusion_builder_column_1_3 1_3 fusion-one-third\" style=\"--awb-bg-size:cover;width:30.6666%; margin-right: 4%;\"><div class=\"fusion-column-wrapper fusion-flex-column-wrapper-legacy\"><div class=\"fusion-text fusion-text-46\"><h3><span style=\"color: #000000;\">La movilidad a la salud en las regiones <\/span>sanitarias VI y VII del conurbano bonaerense<\/h3>\n<p>Por Clara Pierini<\/p>\n<p>Link al documento:<\/p>\n<p><a href=\"https:\/\/bibliotecavirtual.unl.edu.ar\/publicaciones\/index.php\/revistalocale\/article\/view\/8309\/11733\" target=\"_blank\" rel=\"noopener noreferrer\">La movilidad a la salud&#8230;<\/a><\/p>\n<\/div><div class=\"fusion-clearfix\"><\/div><\/div><\/div><div class=\"fusion-layout-column fusion_builder_column fusion-builder-column-47 fusion_builder_column_1_3 1_3 fusion-one-third fusion-column-last\" style=\"--awb-bg-size:cover;width:30.6666%;\"><div class=\"fusion-column-wrapper fusion-flex-column-wrapper-legacy\"><div class=\"fusion-text fusion-text-47\"><h3>La fortaleza de la sociedad civil popular del conurbano bonaerense: una breve historia<\/h3>\n<p>Por Adriana Rofman<\/p>\n<p>Link al documento:<\/p>\n<p><a href=\"https:\/\/www.vocesenelfenix.com\/content\/la-fortaleza-de-la-sociedad-civil-popular-del-conurbano-bonaerense-una-breve-historia\" target=\"_blank\" rel=\"noopener noreferrer\">La fortaleza de la sociedad<\/a><\/p>\n<\/div><div class=\"fusion-clearfix\"><\/div><\/div><\/div><div class=\"fusion-layout-column fusion_builder_column fusion-builder-column-48 fusion_builder_column_1_3 1_3 fusion-one-third fusion-column-first\" style=\"--awb-bg-size:cover;width:30.6666%; margin-right: 4%;\"><div class=\"fusion-column-wrapper fusion-flex-column-wrapper-legacy\"><div class=\"fusion-text fusion-text-48\"><h3>El derecho a la salud bajo amenaza Problemas y desaf\u00edos desde el conurbano bonaerense<\/h3>\n<p>Por Magdalena Chiara<\/p>\n<p>Link al documento:<\/p>\n<p><a href=\"https:\/\/www.vocesenelfenix.com\/content\/el-derecho-la-salud-bajo-amenaza-problemas-y-desaf%C3%ADos-desde-el-conurbano-bonaerense\" target=\"_blank\" rel=\"noopener noreferrer\">El derecho a la salud<\/a><\/p>\n<\/div><div class=\"fusion-clearfix\"><\/div><\/div><\/div><div class=\"fusion-layout-column fusion_builder_column fusion-builder-column-49 fusion_builder_column_1_3 1_3 fusion-one-third\" style=\"--awb-bg-size:cover;width:30.6666%; margin-right: 4%;\"><div class=\"fusion-column-wrapper fusion-flex-column-wrapper-legacy\"><div class=\"fusion-text fusion-text-49\"><h3 style=\"font-weight: 400;\">Vidas en las periferias: una mirada sobre las pol\u00edticas sociales de ni\u00f1ez y adolescencia en el conurbano bonaerense<\/h3>\n<p style=\"font-weight: 400;\">Por Javier Moro<\/p>\n<p>Link al documento:<\/p>\n<p><a href=\"https:\/\/www.vocesenelfenix.com\/content\/vidas-en-las-periferias-una-mirada-sobre-las-pol%C3%ADticas-sociales-de-ni%C3%B1ez-y-adolescencia-en-e\" target=\"_blank\" rel=\"noopener noreferrer\">Vidas en las periferias&#8230;<\/a><\/p>\n<\/div><div class=\"fusion-clearfix\"><\/div><\/div><\/div><div class=\"fusion-layout-column fusion_builder_column fusion-builder-column-50 fusion_builder_column_1_3 1_3 fusion-one-third fusion-column-last\" style=\"--awb-bg-size:cover;width:30.6666%;\"><div class=\"fusion-column-wrapper fusion-flex-column-wrapper-legacy\"><div class=\"fusion-text fusion-text-50\"><h3>Las redes de salud en el Territorio del Gran Buenos Aires: el desaf\u00edo de la coordinaci\u00f3n de servicios de salud<\/h3>\n<p>Mar\u00eda Crojetovich ; Ana Ariovich<\/p>\n<p>Link al documento:<\/p>\n<p><a href=\"http:\/\/observatorioconurbano.ungs.edu.ar\/Publicaciones\/ARIOVICH_CROJE_Las redes de salud en el Territorio del Gran Buenos Aires el desafio de la coordinacion de servicios de salud.pdf\" target=\"_blank\" rel=\"noopener noreferrer\">ARIOVICH_CROJE_Las redes de salud &#8230;<\/a><\/p>\n<\/div><div class=\"fusion-clearfix\"><\/div><\/div><\/div><div class=\"fusion-layout-column fusion_builder_column fusion-builder-column-51 fusion_builder_column_1_3 1_3 fusion-one-third fusion-column-first\" style=\"--awb-bg-size:cover;width:30.6666%; margin-right: 4%;\"><div class=\"fusion-column-wrapper fusion-flex-column-wrapper-legacy\"><div class=\"fusion-text fusion-text-51\"><h3>Paradojas de la descentralizaci\u00f3n en salud en el Gran Buenos Aires, Argentina. Derroteros de la construcci\u00f3n de pol\u00edtica sanitaria en un escenario local<\/h3>\n<p>Magdalena Chiara<\/p>\n<p>Link al documento:<\/p>\n<p><a href=\"http:\/\/observatorioconurbano.ungs.edu.ar\/Publicaciones\/Chiara.Descentralizacion.pdf\" target=\"_blank\" rel=\"noopener noreferrer\">Chiara. Descentralizaci\u00f3n &#8230;<\/a><\/p>\n<\/div><div class=\"fusion-clearfix\"><\/div><\/div><\/div><div class=\"fusion-layout-column fusion_builder_column fusion-builder-column-52 fusion_builder_column_1_3 1_3 fusion-one-third\" style=\"--awb-bg-size:cover;width:30.6666%; margin-right: 4%;\"><div class=\"fusion-column-wrapper fusion-flex-column-wrapper-legacy\"><div class=\"fusion-text fusion-text-52\"><h3>Unidades de pronta atenci\u00f3n de la Provincia de Buenos Aires establecidos en los municipios del Gran Buenos Aires- En los a\u00f1os 2010-2015: objetivos, contexto y trama sanitaria<\/h3>\n<p>Carlos Andres Jimenez<\/p>\n<p>Link al documento:<\/p>\n<p><a href=\"http:\/\/observatorioconurbano.ungs.edu.ar\/Publicaciones\/JIMENEZ_Unidades de Pronta Atencion de la Provincia de Buenos Aires.pdf\">Unidades de pronta atenci\u00f3n de la Provincia &#8230;<\/a><\/p>\n<\/div><div class=\"fusion-clearfix\"><\/div><\/div><\/div><div class=\"fusion-layout-column fusion_builder_column fusion-builder-column-53 fusion_builder_column_1_3 1_3 fusion-one-third fusion-column-last\" style=\"--awb-bg-size:cover;width:30.6666%;\"><div class=\"fusion-column-wrapper fusion-flex-column-wrapper-legacy\"><div class=\"fusion-text fusion-text-53\"><h3>Ley 14.449. Informe de gesti\u00f3n 2015<br \/>\nProvincia de Buenos Aires. A\u00f1o 2015<\/h3>\n<p>Sub Secretar\u00eda Social de Tierras, Urbanismo y Vivienda. Ministerio de Infraestructura<\/p>\n<p>Link al documento:<\/p>\n<p><a href=\"http:\/\/observatorioconurbano.ungs.edu.ar\/wp-content\/uploads\/INFORME_14449_2015.pdf\">Informe de Gesti\u00f3n 2015<\/a><\/p>\n<\/div><div class=\"fusion-clearfix\"><\/div><\/div><\/div><div class=\"fusion-layout-column fusion_builder_column fusion-builder-column-54 fusion_builder_column_1_3 1_3 fusion-one-third fusion-column-first\" style=\"--awb-bg-size:cover;width:30.6666%; margin-right: 4%;\"><div class=\"fusion-column-wrapper fusion-flex-column-wrapper-legacy\"><div class=\"fusion-text fusion-text-54\"><h3>Econom\u00eda de los gobiernos municipales.\u00a0Teor\u00eda y aplicaciones en la Argentina.\u00a0Producci\u00f3n en los municipios de la provincia de Buenos Aires.<br \/>\nAbril 2010<\/h3>\n<p>Publicado en el Repositorio Institucional de la U.N.L.P<br \/>\nAutores: L\u00f3dola, A, Brigo, R. ,Morra, F.<\/p>\n<p>Link al documento:<\/p>\n<p><a href=\"http:\/\/sedici.unlp.edu.ar\/bitstream\/handle\/10915\/45923\/Documento_completo__.pdf?sequence=1\" target=\"_blank\" rel=\"noopener noreferrer\">Producci\u00f3n en los municipios de la provincia de Buenos Aires<\/a><\/p>\n<\/div><div class=\"fusion-clearfix\"><\/div><\/div><\/div><div class=\"fusion-layout-column fusion_builder_column fusion-builder-column-55 fusion_builder_column_1_3 1_3 fusion-one-third\" style=\"--awb-bg-size:cover;width:30.6666%; margin-right: 4%;\"><div class=\"fusion-column-wrapper fusion-flex-column-wrapper-legacy\"><div class=\"fusion-text fusion-text-55\"><h3>Informe sobre la Producci\u00f3n del Concejo Deliberante Quilmes 2016<\/h3>\n<p>Equipo de trabajo: Fernando Rubino (coordinador) &#8211; Leonardo Cuenca &#8211; Graciela Aguirre &#8211; Melisa Da Val &#8211; Diego Vega &#8211; Alejandra Guti\u00e9rrez &#8211; Denis Videberrigain &#8211; Yesica Maydana &#8211; Santiago Sanchez Benz &#8211;<br \/>\nPaul O\u00b4Shanghnessy.<\/p>\n<p>Link al documento:<\/p>\n<p><a href=\"http:\/\/www.idealquilmes.com.ar\/IMG\/pdf\/informe_sobre_la_produccion_del_concejo_deliberante_quilmes_2016.pdf\" target=\"_blank\" rel=\"noopener noreferrer\">La Producci\u00f3n del Concejo deliberante Quilmes 2016<\/a><\/p>\n<\/div><div class=\"fusion-clearfix\"><\/div><\/div><\/div><div class=\"fusion-layout-column fusion_builder_column fusion-builder-column-56 fusion_builder_column_1_3 1_3 fusion-one-third fusion-column-last\" style=\"--awb-bg-size:cover;width:30.6666%;\"><div class=\"fusion-column-wrapper fusion-flex-column-wrapper-legacy\"><div class=\"fusion-text fusion-text-56\"><h3>Las Pol\u00edticas Sanitarias y el riesgo de enfermarse en Quilmes: el caso del dengue<\/h3>\n<p>\u00c1rea de Salud y Centro de Estad\u00edsticas de IDEAL Quilmes<\/p>\n<p>Link al documento:<\/p>\n<p><a href=\"http:\/\/www.idealquilmes.com.ar\/IMG\/pdf\/informe_dengue_quilmes.pdf\" target=\"_blank\" rel=\"noopener noreferrer\">Informe-dengue Quilmes<\/a><\/p>\n<\/div><div class=\"fusion-clearfix\"><\/div><\/div><\/div><div class=\"fusion-layout-column fusion_builder_column fusion-builder-column-57 fusion_builder_column_1_3 1_3 fusion-one-third fusion-column-first\" style=\"--awb-bg-size:cover;width:30.6666%; margin-right: 4%;\"><div class=\"fusion-column-wrapper fusion-flex-column-wrapper-legacy\"><div class=\"fusion-text fusion-text-57\"><h3>Informe &#8211; Presupuesto Municipal de Quilmes<\/h3>\n<p>Centro de Estad\u00edsticas de IDEAL Quilmes<\/p>\n<p>Link al documento:<\/p>\n<p><a href=\"http:\/\/www.idealquilmes.com.ar\/IMG\/pdf\/analisis_de_presupuestos.pdf\" target=\"_blank\" rel=\"noopener noreferrer\">An\u00e1lisis de presupuestos<\/a><\/p>\n<\/div><div class=\"fusion-clearfix\"><\/div><\/div><\/div><div class=\"fusion-layout-column fusion_builder_column fusion-builder-column-58 fusion_builder_column_1_3 1_3 fusion-one-third\" style=\"--awb-bg-size:cover;width:30.6666%; margin-right: 4%;\"><div class=\"fusion-column-wrapper fusion-flex-column-wrapper-legacy\"><div class=\"fusion-text fusion-text-58\"><h3>Informe &#8211; Municipalidad de Quilmes. Subejecuci\u00f3n Presupuestaria en Pol\u00edticas Sociales 2016<\/h3>\n<p>Centro de Estad\u00edsticas de IDEAL Quilmes<\/p>\n<p>Link al documento:<\/p>\n<p><a href=\"http:\/\/www.idealquilmes.com.ar\/IMG\/pdf\/informe_vivienda_social.pdf\" target=\"_blank\" rel=\"noopener noreferrer\">Informe-Vivienda Social<\/a><\/p>\n<\/div><div class=\"fusion-clearfix\"><\/div><\/div><\/div><div class=\"fusion-layout-column fusion_builder_column fusion-builder-column-59 fusion_builder_column_1_3 1_3 fusion-one-third fusion-column-last\" style=\"--awb-bg-size:cover;width:30.6666%;\"><div class=\"fusion-column-wrapper fusion-flex-column-wrapper-legacy\"><div class=\"fusion-text fusion-text-59\"><h3>Aportes para el an\u00e1lisis de la estructura de clases y la diferenciaci\u00f3n social de los trabajadores en el \u00e1rea Metropolitana de Buenos Aires en la post-convertibilidad<\/h3>\n<p><strong>Autora:<\/strong> Ver\u00f3nica Maceira<\/p>\n<p>Link a publicaci\u00f3n:<br \/>\n<a href=\"http:\/\/www.scielo.org.ar\/scielo.php?script=sci_arttext&amp;pid=S2545-77562016000200001&amp;lng=es&amp;nrm=iso&amp;tlng=es\" target=\"_blank\" rel=\"noopener noreferrer\">Estudios del trabajo<\/a><\/p>\n<div id=\"kpm_content_wrapper\" class=\"notranslate\"><\/div>\n<\/div><div class=\"fusion-clearfix\"><\/div><\/div><\/div><div class=\"fusion-layout-column fusion_builder_column fusion-builder-column-60 fusion_builder_column_1_3 1_3 fusion-one-third fusion-column-first\" style=\"--awb-bg-size:cover;width:30.6666%; margin-right: 4%;\"><div class=\"fusion-column-wrapper fusion-flex-column-wrapper-legacy\"><div class=\"fusion-text fusion-text-60\"><h3>Confinamientos, movilidad e intercambios. Una investigaci\u00f3n sobre las condiciones y los modos de vida en la periferia del Gran Buenos Aires<\/h3>\n<p>Daniela Soldano<\/p>\n<p>Link a publicaci\u00f3n:<br \/>\n<a href=\"http:\/\/observatorioconurbano.ungs.edu.ar\/Articulos\/Segregacion-y-Diferencia-en-la-ciudad_cap1.3.pdf\" target=\"_blank\" rel=\"noopener noreferrer\">Segregaci\u00f3n y Diferencia en la ciudad<\/a><\/p>\n<p>&nbsp;<\/p>\n<div id=\"kpm_content_wrapper\" class=\"notranslate\"><\/div>\n<\/div><div class=\"fusion-clearfix\"><\/div><\/div><\/div><div class=\"fusion-layout-column fusion_builder_column fusion-builder-column-61 fusion_builder_column_1_3 1_3 fusion-one-third\" style=\"--awb-bg-size:cover;width:30.6666%; margin-right: 4%;\"><div class=\"fusion-column-wrapper fusion-flex-column-wrapper-legacy\"><div class=\"fusion-text fusion-text-61\"><h3>XV Encuentro Regional de Mujeres<\/h3>\n<p>&nbsp;<\/p>\n<p>Link a publicaci\u00f3n:<br \/>\n<a href=\"http:\/\/observatorioconurbano.ungs.edu.ar\/Articulos\/XV Encuentro Regional de Mujeres.pdf\" target=\"_blank\" rel=\"noopener noreferrer\">XV Encuentro Regional de Mujeres<\/a><\/p>\n<p>&nbsp;<\/p>\n<div id=\"kpm_content_wrapper\" class=\"notranslate\"><\/div>\n<\/div><div class=\"fusion-clearfix\"><\/div><\/div><\/div><div class=\"fusion-layout-column fusion_builder_column fusion-builder-column-62 fusion_builder_column_1_3 1_3 fusion-one-third fusion-column-last\" style=\"--awb-bg-size:cover;width:30.6666%;\"><div class=\"fusion-column-wrapper fusion-flex-column-wrapper-legacy\"><div class=\"fusion-text fusion-text-62\"><h3>La labor de las trabajadoras comunitarias de cuidado infantil en el conurbano bonaerense \u00bfUna forma de subsidio de \u201cabajo hacia arriba\u201d?<\/h3>\n<p><strong>Autora:<\/strong>\u00a0Marisa Fournier<\/p>\n<p>Link a publicaci\u00f3n:<br \/>\n<a href=\"http:\/\/observatorioconurbano.ungs.edu.ar\/Articulos y documentos\/28-DOSSIER-05-FOURNIER-MARISA-Genero-Trabajadoras-del-cuida.pdf\" target=\"_blank\" rel=\"noopener noreferrer\">28 DOSSIER 05 FOURNIER MARISA <em>Genero Trabajadoras del cuida<\/em><\/a><\/p>\n<p>&nbsp;<\/p>\n<div id=\"kpm_content_wrapper\" class=\"notranslate\"><\/div>\n<\/div><div class=\"fusion-clearfix\"><\/div><\/div><\/div><div class=\"fusion-layout-column fusion_builder_column fusion-builder-column-63 fusion_builder_column_1_3 1_3 fusion-one-third fusion-column-first\" style=\"--awb-bg-size:cover;width:30.6666%; margin-right: 4%;\"><div class=\"fusion-column-wrapper fusion-flex-column-wrapper-legacy\"><div class=\"fusion-text fusion-text-63\"><h3 class=\"entry-title\">Esperando el derrame: el a\u00f1o de las grandes.<\/h3>\n<p>Relevamiento de la Situaci\u00f3n Actual de las Micro, Peque\u00f1as y Medianas Empresas en AMBA.<\/p>\n<p>Publicado por: CEPA Centro de Econom\u00eda Pol\u00edtica Argentina<\/p>\n<p>Link a publicaci\u00f3n:<br \/>\n<a href=\"http:\/\/eppa.com.ar\/wp-content\/uploads\/2016\/09\/Informe-MiPyMEs-CEPA.pdf\" target=\"_blank\" rel=\"noopener noreferrer\">http:\/\/eppa.com.ar\/wp-content\/uploads\/2016\/09\/Informe-MiPyMEs-CEPA.pdf<\/a><\/p>\n<div id=\"kpm_content_wrapper\" class=\"notranslate\"><\/div>\n<\/div><div class=\"fusion-clearfix\"><\/div><\/div><\/div><div class=\"fusion-layout-column fusion_builder_column fusion-builder-column-64 fusion_builder_column_1_3 1_3 fusion-one-third\" style=\"--awb-bg-size:cover;width:30.6666%; margin-right: 4%;\"><div class=\"fusion-column-wrapper fusion-flex-column-wrapper-legacy\"><div class=\"fusion-text fusion-text-64\"><h3 class=\"entry-title\">Indicador Sint\u00e9tico Industria Manufacturera de la provincia de Buenos Aires<\/h3>\n<p>Junio 2016<\/p>\n<p>Publicado por: Provincia de Buenos Aires.\u00a0 Ministerio de Econom\u00eda. Subsecretar\u00eda de Coordinaci\u00f3n Econ\u00f3mica.\u00a0 Direcci\u00f3n Provincial de Estad\u00edstica<\/p>\n<p>Link a publicaci\u00f3n:<br \/>\n<a href=\"http:\/\/www.estadistica.ec.gba.gov.ar\/dpe\/images\/ISIM-PBA_Junio_2016.pdf\" target=\"_blank\" rel=\"noopener noreferrer\">http:\/\/www.estadistica.ec.gba.gov.ar\/dpe\/images\/ISIM-PBA_Junio_2016.pdf<\/a><\/p>\n<div id=\"kpm_content_wrapper\" class=\"notranslate\"><\/div>\n<\/div><div class=\"fusion-clearfix\"><\/div><\/div><\/div><div class=\"fusion-layout-column fusion_builder_column fusion-builder-column-65 fusion_builder_column_1_3 1_3 fusion-one-third fusion-column-last\" style=\"--awb-bg-size:cover;width:30.6666%;\"><div class=\"fusion-column-wrapper fusion-flex-column-wrapper-legacy\"><div class=\"fusion-text fusion-text-65\"><h3 class=\"entry-title\">Producto Bruto Geogr\u00e1fico &#8211; Desagregaci\u00f3n Municipal<\/h3>\n<p>Provincia de Buenos Aires. A\u00f1o 2003<\/p>\n<p>Publicado por: Provincia de Buenos Aires.\u00a0 Ministerio de Econom\u00eda. Subsecretar\u00eda de Hacienda.\u00a0 Direcci\u00f3n Provincial de Estad\u00edstica<\/p>\n<p>Link a publicaci\u00f3n:<br \/>\n<a href=\"http:\/\/www.estadistica.ec.gba.gov.ar\/dpe\/images\/pbgdesagrmuni.pdf\" target=\"_blank\" rel=\"noopener noreferrer\">http:\/\/www.estadistica.ec.gba.gov.ar\/&#8230;<\/a><\/p>\n<div id=\"kpm_content_wrapper\" class=\"notranslate\"><\/div>\n<\/div><div class=\"fusion-clearfix\"><\/div><\/div><\/div><div class=\"fusion-layout-column fusion_builder_column fusion-builder-column-66 fusion_builder_column_1_3 1_3 fusion-one-third fusion-column-first\" style=\"--awb-bg-size:cover;width:30.6666%; margin-right: 4%;\"><div class=\"fusion-column-wrapper fusion-flex-column-wrapper-legacy\"><div class=\"fusion-text fusion-text-66\"><h3 class=\"entry-title\">Acceso a Derechos de la Personas Migrantes en la Provincia de Buenos Aires<\/h3>\n<p>Publicado en la\u00a0<strong>Biblioteca Virtual del Defensor<\/strong><\/p>\n<p>Publicaci\u00f3n en formato: <a href=\"http:\/\/observatorioconurbano.ungs.edu.ar\/Articulos\/Acceso_a_derechos_de_personas_migrantes_de_la_PBA.pdf\" target=\"_blank\" rel=\"noopener noreferrer\">PDF<\/a><\/p>\n<p>Link a publicaci\u00f3n:<br \/>\n<a href=\"https:\/\/www.defensorba.org.ar\/micrositios\/bibliotecavirtual\/\" target=\"_blank\" rel=\"noopener noreferrer\">https:\/\/www.defensorba.org.ar\/micrositios\/bibliotecavirtual\/<\/a><\/p>\n<\/div><div class=\"fusion-clearfix\"><\/div><\/div><\/div><div class=\"fusion-layout-column fusion_builder_column fusion-builder-column-67 fusion_builder_column_1_3 1_3 fusion-one-third\" style=\"--awb-bg-size:cover;width:30.6666%; margin-right: 4%;\"><div class=\"fusion-column-wrapper fusion-flex-column-wrapper-legacy\"><div class=\"fusion-text fusion-text-67\"><h3 class=\"entry-title\">Violencia y Homicidios Dolosos en la Pcia. de Buenos Aires. 12-2014<\/h3>\n<p>Publicado en la\u00a0<strong>Biblioteca Virtual del Defensor<\/strong><\/p>\n<p>Publicaci\u00f3n en formato: <a href=\"http:\/\/observatorioconurbano.ungs.edu.ar\/Articulos\/Violencia_y_homicidios_dolosos_en_la_PBA.pdf\" target=\"_blank\" rel=\"noopener noreferrer\">PDF<\/a><\/p>\n<p>Link a publicaci\u00f3n:<br \/>\n<a href=\"https:\/\/www.defensorba.org.ar\/micrositios\/bibliotecavirtual\/\" target=\"_blank\" rel=\"noopener noreferrer\">https:\/\/www.defensorba.org.ar\/micrositios\/bibliotecavirtual\/<\/a><\/p>\n<\/div><div class=\"fusion-clearfix\"><\/div><\/div><\/div><div class=\"fusion-layout-column fusion_builder_column fusion-builder-column-68 fusion_builder_column_1_3 1_3 fusion-one-third fusion-column-last\" style=\"--awb-bg-size:cover;width:30.6666%;\"><div class=\"fusion-column-wrapper fusion-flex-column-wrapper-legacy\"><div class=\"fusion-text fusion-text-68\"><h3 class=\"entry-title\">Conurbano<\/h3>\n<p>Publicado en la Revista\u00a0<strong>Panam\u00e1<\/strong><\/p>\n<p>Por Mart\u00edn Rodr\u00edguez :: @Tintalimon<\/p>\n<p>Link a publicaci\u00f3n:<br \/>\n<a href=\"http:\/\/www.panamarevista.com\/conurbano-2\/\" target=\"_blank\" rel=\"noopener noreferrer\">http:\/\/www.panamarevista.com\/conurbano-2\/<\/a><\/p>\n<\/div><div class=\"fusion-clearfix\"><\/div><\/div><\/div><div class=\"fusion-layout-column fusion_builder_column fusion-builder-column-69 fusion_builder_column_1_3 1_3 fusion-one-third fusion-column-first\" style=\"--awb-bg-size:cover;width:30.6666%; margin-right: 4%;\"><div class=\"fusion-column-wrapper fusion-flex-column-wrapper-legacy\"><div class=\"fusion-text fusion-text-69\"><h3>Microcosmos Hospitalario<\/h3>\n<p><strong>Redefiniendo las reglas en los hospitales del Gran Buenos Aires.<\/strong><\/p>\n<p>Mar\u00eda Crojethovic<\/p>\n<p><a href=\"http:\/\/observatorioconurbano.ungs.edu.ar\/wp-content\/uploads\/documentos\/Microcosmos-Hospitalario-Maria-Crojethovic.pdf\" target=\"_blank\" rel=\"noopener noreferrer\">Documento completo <\/a><\/p>\n<\/div><div class=\"fusion-clearfix\"><\/div><\/div><\/div><div class=\"fusion-layout-column fusion_builder_column fusion-builder-column-70 fusion_builder_column_1_3 1_3 fusion-one-third\" style=\"--awb-bg-size:cover;width:30.6666%; margin-right: 4%;\"><div class=\"fusion-column-wrapper fusion-flex-column-wrapper-legacy\"><div class=\"fusion-text fusion-text-70\"><h3>Accesibilidad a la atenci\u00f3n de la salud en el Municipio de Malvinas Argentinas<\/h3>\n<p><strong>Colecci\u00f3n<\/strong>: Pol\u00edtica, pol\u00edticas y sociedad.\u00a0UNGS, Los Polvorines, 2012.<\/p>\n<p><strong>Autores<\/strong>: \u00a0Ariovich, A. y Jim\u00e9nez, C.<\/p>\n<p>Link a publicaci\u00f3n:<br \/>\n<a href=\"http:\/\/www.ungs.edu.ar\/areas\/publicaciones\/643\/accesibilidad-a-la-atencion-de-la-salud-en-el-municipio-de-malvinas-argentinas.html\" target=\"_blank\" rel=\"noopener noreferrer\">http:\/\/www.ungs.edu.ar\/areas\/publicaciones\/&#8230;<\/a><\/p>\n<\/div><div class=\"fusion-clearfix\"><\/div><\/div><\/div><div class=\"fusion-layout-column fusion_builder_column fusion-builder-column-71 fusion_builder_column_1_3 1_3 fusion-one-third fusion-column-last\" style=\"--awb-bg-size:cover;width:30.6666%;\"><div class=\"fusion-column-wrapper fusion-flex-column-wrapper-legacy\"><div class=\"fusion-text fusion-text-71\"><h3>Salud Pol\u00edtica y Territorio en el Gran Buenos Aires<\/h3>\n<p><strong>Colecci\u00f3n<\/strong>: Pol\u00edtica, pol\u00edticas y sociedad.\u00a0UNGS, Los Polvorines, 2012.<\/p>\n<p><strong>Autores<\/strong>: Chiara, M.; Moro, J.; Di Virgilio, M.M, Ariovich, A. y Jim\u00e9nez, C.<\/p>\n<p>Publicaci\u00f3n en formato: <a href=\"http:\/\/www.ungs.edu.ar\/cm\/uploaded_files\/publicaciones\/565_pps12%20-%20Salud%20politica%20y%20territorio.pdf\" target=\"_blank\" rel=\"noopener noreferrer\">PDF<\/a><\/p>\n<\/div><div class=\"fusion-clearfix\"><\/div><\/div><\/div><div class=\"fusion-layout-column fusion_builder_column fusion-builder-column-72 fusion_builder_column_1_3 1_3 fusion-one-third fusion-column-first\" style=\"--awb-bg-size:cover;width:30.6666%; margin-right: 4%;\"><div class=\"fusion-column-wrapper fusion-flex-column-wrapper-legacy\"><div class=\"fusion-text fusion-text-72\"><h3>Accesibilidad a la atenci\u00f3n de la salud en el Municipio de San Fernando<\/h3>\n<p><strong>Colecci\u00f3n<\/strong>: publicaciones electr\u00f3nicas numero 19. UNGS, Los Polvorines, 2010.<\/p>\n<p><strong>Autores<\/strong>: Chiara, M.; Moro, J.;\u00a0Ariovich, A.;\u00a0Jim\u00e9nez, C.\u00a0y Di Virgilio, M.M.<\/p>\n<p>Link a publicaci\u00f3n:<br \/>\n<a href=\"http:\/\/www.ungs.edu.ar\/areas\/publicaciones\/314\/accesibilidad-a-la-atencion-de-la-salud-en-el-municipio-de-san-fernando.html\" target=\"_blank\" rel=\"noopener noreferrer\">http:\/\/www.ungs.edu.ar\/areas\/publicaciones\/&#8230;<\/a><\/p>\n<\/div><div class=\"fusion-clearfix\"><\/div><\/div><\/div><div class=\"fusion-layout-column fusion_builder_column fusion-builder-column-73 fusion_builder_column_1_3 1_3 fusion-one-third\" style=\"--awb-bg-size:cover;width:30.6666%; margin-right: 4%;\"><div class=\"fusion-column-wrapper fusion-flex-column-wrapper-legacy\"><div class=\"fusion-text fusion-text-73\"><h3>Condiciones de vida, y control del embarazo en municipios de la Regi\u00f3n Sanitaria V, Provincia de Buenos Aires<\/h3>\n<p><strong>Colecci\u00f3n<\/strong>: publicaciones electr\u00f3nicas. UNGS, Los Polvorines, 2010.<\/p>\n<p><strong>Coordinadores<\/strong>: Chiara, M y Reimondi, R.<\/p>\n<p>Link a publicaci\u00f3n:<br \/>\n<a href=\"http:\/\/www.ungs.edu.ar\/areas\/publicaciones\/77\/condiciones-de-vida-y-control-del-embarazo-en-municipios-de-la-region-sanitaria-v-provincia-de-buenos-aires-.html\" target=\"_blank\" rel=\"noopener noreferrer\">http:\/\/www.ungs.edu.ar\/areas\/publicaciones\/&#8230;<\/a><\/p>\n<\/div><div class=\"fusion-clearfix\"><\/div><\/div><\/div><div class=\"fusion-layout-column fusion_builder_column fusion-builder-column-74 fusion_builder_column_1_3 1_3 fusion-one-third fusion-column-last\" style=\"--awb-bg-size:cover;width:30.6666%;\"><div class=\"fusion-column-wrapper fusion-flex-column-wrapper-legacy\"><div class=\"fusion-text fusion-text-74\"><h3>Participaci\u00f3n ciudadana, gesti\u00f3n social y gobernabilidad en Argentina: gobernando el conflicto a nivel local<\/h3>\n<p>En: Mari\u00f1ez Navarro, F. y Garza Cant\u00fa, V. (Coord.); <em>Pol\u00edtica P\u00fablica y Democracia en Am\u00e9rica Latina: Del an\u00e1lisis a la implementaci\u00f3n<\/em>.<br \/>\nEd. EGAP-ITES \/ Miguel Angel Porr\u00faa, pp 145-182,\u00a0 M\u00e9xico, 2009<br \/>\n<strong>Autores<\/strong>: Camou, A. y Di Virgilio, M. M<\/p>\n<p>Link a publicaci\u00f3n:<br \/>\n<a href=\"http:\/\/www.antoniocamou.com.ar\/PARTICIPACION%20CIUDADANA-Camou.htm\" target=\"_blank\" rel=\"noopener noreferrer\">http:\/\/www.antoniocamou.com.ar\/&#8230;<\/a><\/p>\n<\/div><div class=\"fusion-clearfix\"><\/div><\/div><\/div><div class=\"fusion-layout-column fusion_builder_column fusion-builder-column-75 fusion_builder_column_1_3 1_3 fusion-one-third fusion-column-first\" style=\"--awb-bg-size:cover;width:30.6666%; margin-right: 4%;\"><div class=\"fusion-column-wrapper fusion-flex-column-wrapper-legacy\"><div class=\"fusion-text fusion-text-75\"><h3>Territorio y Pol\u00edtica Social en el Gran Buenos Aires: los gobiernos locales en la salida de la crisis 2001\/3<\/h3>\n<p>En: Almeida Cunha Filgueiras, C. y Pimenta de Faria, C. (Organizadoras): <em>Governo local e pol\u00edticas urbanas e participa\u00e7\u00e3o social na Am\u00e9rica do Sul<\/em>.<br \/>\nEd. da PUC-Minas, pp 95-140, Belo Horizonte, 2008.<br \/>\n<strong>Autora<\/strong>: Chiara, M<\/p>\n<p>Link a publicaci\u00f3n:<br \/>\n<a href=\"http:\/\/www.scielo.br\/scielo.php?pid=S1981-77462009000300008&amp;script=sci_arttext\" target=\"_blank\" rel=\"noopener noreferrer\">http:\/\/www.scielo.br\/&#8230;<\/a><\/p>\n<\/div><div class=\"fusion-clearfix\"><\/div><\/div><\/div><div class=\"fusion-layout-column fusion_builder_column fusion-builder-column-76 fusion_builder_column_1_3 1_3 fusion-one-third\" style=\"--awb-bg-size:cover;width:30.6666%; margin-right: 4%;\"><div class=\"fusion-column-wrapper fusion-flex-column-wrapper-legacy\"><div class=\"fusion-text fusion-text-76\"><h3>Tensiones y dilemas en torno a la Gesti\u00f3n Local en Salud en el Gran Buenos Aires<\/h3>\n<p>En: Chiara, M.; Medina, A.; Miraglia, M. y Di Virgilio, M. (Organizadores): <em>Gesti\u00f3n Local en Salud: conceptos y experiencias.<br \/>\n<\/em>Relator\u00eda del Seminario 30 de noviembre y 1 de diciembre de 2006.<br \/>\nEd. UNGS, pp. 143-168. Buenos Aires, 2008.<br \/>\n<strong>Autoras<\/strong>: Chiara, M.; Di Virgilio, M. y \u00a0Miraglia, M.<\/p>\n<p>Link a publicaci\u00f3n:<br \/>\n<a href=\"http:\/\/www.ungs.edu.ar\/areas\/publicaciones\/123\/gestion-local-en-salud-conceptos-y-experiencias.html\" target=\"_blank\" rel=\"noopener noreferrer\">http:\/\/www.ungs.edu.ar\/areas\/publicaciones\/&#8230;<\/a><\/p>\n<\/div><div class=\"fusion-clearfix\"><\/div><\/div><\/div><div class=\"fusion-layout-column fusion_builder_column fusion-builder-column-77 fusion_builder_column_1_3 1_3 fusion-one-third fusion-column-last\" style=\"--awb-bg-size:cover;width:30.6666%;\"><div class=\"fusion-column-wrapper fusion-flex-column-wrapper-legacy\"><div class=\"fusion-text fusion-text-77\"><h3>Los Efectos de la Participaci\u00f3n no regulada en los Hospitales P\u00fablicos de la Provincia de Buenos Aires<\/h3>\n<p>Revista: <strong>KAIROS<\/strong>, Revista de Temas Sociales.<br \/>\nISSN 1514-9331. A\u00f1o 2014, Argentina.<br \/>\n<strong>Autora<\/strong>: Mar\u00eda Crojethovic.<\/p>\n<p>Publicaci\u00f3n en formato: <a href=\"http:\/\/www.ungs.edu.ar\/gestionsalud\/wp-content\/uploads\/2015\/09\/3-Publicaci%C3%B3n-crojethovic-1-1.pdf\" target=\"_blank\" rel=\"noopener noreferrer\">PDF<\/a><\/p>\n<\/div><div class=\"fusion-clearfix\"><\/div><\/div><\/div><div class=\"fusion-layout-column fusion_builder_column fusion-builder-column-78 fusion_builder_column_1_3 1_3 fusion-one-third fusion-column-first\" style=\"--awb-bg-size:cover;width:30.6666%; margin-right: 4%;\"><div class=\"fusion-column-wrapper fusion-flex-column-wrapper-legacy\"><div class=\"fusion-text fusion-text-78\"><h3>El aspecto informal de las organizaciones p\u00fablicas: instrumento de dominaci\u00f3n y estrategia para el cambio<\/h3>\n<p>Pag 1- 19. Cuadernos del <strong>CENDES<\/strong>, N\u00b0 79, tercera \u00e9poca. A\u00f1o 2012.<br \/>\n<strong>Autora:<\/strong> Mar\u00eda Crojethovic<\/p>\n<p>Publicaci\u00f3n en formato: <a href=\"http:\/\/www.ungs.edu.ar\/gestionsalud\/wp-content\/uploads\/2015\/09\/4-Publicacion-Crojethovic-3.pdf\" target=\"_blank\" rel=\"noopener noreferrer\">PDF<\/a><\/p>\n<\/div><div class=\"fusion-clearfix\"><\/div><\/div><\/div><div class=\"fusion-layout-column fusion_builder_column fusion-builder-column-79 fusion_builder_column_1_3 1_3 fusion-one-third\" style=\"--awb-bg-size:cover;width:30.6666%; margin-right: 4%;\"><div class=\"fusion-column-wrapper fusion-flex-column-wrapper-legacy\"><div class=\"fusion-text fusion-text-79\"><h3>Paradojas de la Descentralizaci\u00f3nen Salud en el Gran Buenos Aires, Argentina. Derroteros de la construcci\u00f3n de pol\u00edtica sanitaria en un escenario local<\/h3>\n<p>Revista:\u00a0<strong>Postdata<\/strong>. Revista de Reflexi\u00f3n y An\u00e1lisis Pol\u00edtico.<br \/>\nSAAP. Vol. 17, N\u00ba 2, octubre 2012.<br \/>\n<strong>Autora<\/strong>: Chiara, M.<\/p>\n<p>Link a publicaci\u00f3n:<br \/>\n<a href=\"http:\/\/www.scielo.org.ar\/scielo.php?pid=S1851-96012012000200006&amp;script=sci_arttext\" target=\"_blank\" rel=\"noopener noreferrer\">http:\/\/www.scielo.org.ar\/&#8230;<\/a><\/p>\n<\/div><div class=\"fusion-clearfix\"><\/div><\/div><\/div><div class=\"fusion-layout-column fusion_builder_column fusion-builder-column-80 fusion_builder_column_1_3 1_3 fusion-one-third fusion-column-last\" style=\"--awb-bg-size:cover;width:30.6666%;\"><div class=\"fusion-column-wrapper fusion-flex-column-wrapper-legacy\"><div class=\"fusion-text fusion-text-80\"><h3>Condiciones de Trabajo Precarias. Motivaci\u00f3n e Inter\u00e9s dentro de los Hospitales P\u00fablicos de la Provincia de Buenos Aires-Argentina<\/h3>\n<p>Pag 26-35. \u00a0Revista: <strong>GPT<\/strong><br \/>\nISSN 0718-5693. Edici\u00f3n n\u00b0 11 \/ Julio 2011.<br \/>\n<strong>Autora<\/strong>: Mar\u00eda Crojethovic<\/p>\n<p>Publicaci\u00f3n en formato: <a href=\"http:\/\/www.ungs.edu.ar\/gestionsalud\/wp-content\/uploads\/2015\/09\/6-Revista-gesti%C3%B3n-de-las-personas-2.pdf\" target=\"_blank\" rel=\"noopener noreferrer\">PDF<\/a><\/p>\n<\/div><div class=\"fusion-clearfix\"><\/div><\/div><\/div><div class=\"fusion-layout-column fusion_builder_column fusion-builder-column-81 fusion_builder_column_1_3 1_3 fusion-one-third fusion-column-first\" style=\"--awb-bg-size:cover;width:30.6666%; margin-right: 4%;\"><div class=\"fusion-column-wrapper fusion-flex-column-wrapper-legacy\"><div class=\"fusion-text fusion-text-81\"><h3>La coparticipaci\u00f3n provincial por salud en el Gran Buenos Aires: Reflexiones en torno a la pol\u00edtica local (2000\/2005)<\/h3>\n<p>Revista: <strong>Salud Colectiva<\/strong>, Vol 6, Nro 1, pp 47-64,<br \/>\nUniversidad Nacional de Lan\u00fas, 2010.<br \/>\n<strong>Autoras<\/strong>: Chiara, M.; Di Virgilio, M. M. y Ariovich, A.<\/p>\n<p>Link a publicaci\u00f3n:<br \/>\n<a href=\"http:\/\/www.scielo.org.ar\/scielo.php?pid=S1851-82652010000100005&amp;script=sci_arttext&amp;tlng=es\" target=\"_blank\" rel=\"noopener noreferrer\">http:\/\/www.scielo.org.ar\/&#8230;<\/a><\/p>\n<\/div><div class=\"fusion-clearfix\"><\/div><\/div><\/div><div class=\"fusion-layout-column fusion_builder_column fusion-builder-column-82 fusion_builder_column_1_3 1_3 fusion-one-third\" style=\"--awb-bg-size:cover;width:30.6666%; margin-right: 4%;\"><div class=\"fusion-column-wrapper fusion-flex-column-wrapper-legacy\"><div class=\"fusion-text fusion-text-82\"><h3>Inequidad (es) en la atenci\u00f3n de la salud en el Gran Buenos Aires, Argentina. Una mirada desde la gesti\u00f3n local<\/h3>\n<p>Revista: <strong>Postdata<\/strong>. Revista de Reflexi\u00f3n y An\u00e1lisis Pol\u00edtico.<br \/>\nSAAP,\u00a0 Nro. 14, pp 97-128, 2009.<br \/>\n<strong>Autores<\/strong>: Chiara, M.; Di Virgilio, M. M. y Moro, J<\/p>\n<p>Link a publicaci\u00f3n:<br \/>\n<a href=\"http:\/\/www.scielo.org.ar\/scielo.php?pid=S1851-96012009000100003&amp;script=sci_arttext\" target=\"_blank\" rel=\"noopener noreferrer\">http:\/\/www.scielo.org.ar\/&#8230;<\/a><\/p>\n<\/div><div class=\"fusion-clearfix\"><\/div><\/div><\/div><div class=\"fusion-layout-column fusion_builder_column fusion-builder-column-83 fusion_builder_column_1_3 1_3 fusion-one-third fusion-column-last\" style=\"--awb-bg-size:cover;width:30.6666%;\"><div class=\"fusion-column-wrapper fusion-flex-column-wrapper-legacy\"><div class=\"fusion-text fusion-text-83\"><h3>Las inequidades en el sistema de coparticipaci\u00f3n en salud<\/h3>\n<p>Entrevista a Magdalena Chiara, Revista de\u00a0 <strong>La Interhospitalaria<\/strong>,<br \/>\nProvincia de Buenos Aires. N\u00ba 35, Diciembre del a\u00f1o 2010<\/p>\n<p>Publicaci\u00f3n en formato: <a href=\"http:\/\/www.ungs.edu.ar\/cm\/uploaded_files\/file\/gestion_salud\/publicaciones\/Articulo-Nro35-28Paginas.pdf\" target=\"_blank\" rel=\"noopener noreferrer\">PDF<\/a><\/p>\n<\/div><div class=\"fusion-clearfix\"><\/div><\/div><\/div><div class=\"fusion-layout-column fusion_builder_column fusion-builder-column-84 fusion_builder_column_1_3 1_3 fusion-one-third fusion-column-first\" style=\"--awb-bg-size:cover;width:30.6666%; margin-right: 4%;\"><div class=\"fusion-column-wrapper fusion-flex-column-wrapper-legacy\"><div class=\"fusion-text fusion-text-84\"><h3>Inequidad y fragmentaci\u00f3n en los servicios de salud del Gran Buenos Aires<\/h3>\n<p>Entrevista a Magdalena Chiara, Revista de\u00a0 <strong>La Interhospitalaria<\/strong>,<br \/>\nProvincia de Buenos Aires. N\u00ba 35, Diciembre del a\u00f1o 2010<\/p>\n<p>Link a publicaci\u00f3n:<br \/>\n<a href=\"http:\/\/managementensalud.blogspot.com\/2010\/06\/inequidad-y-fragmentacion-en-los.html\" target=\"_blank\" rel=\"noopener noreferrer\">http:\/\/managementensalud.blogspot.com\/&#8230;<br \/>\n<\/a><a href=\"http:\/\/infouniversidades.siu.edu.ar\/noticia.php?titulo=inequidad_y_fragmentacion_en_los_servicios_de_salud_del_gran_buenos_aires&amp;id=931\" target=\"_blank\" rel=\"noopener noreferrer\">http:\/\/infouniversidades.siu.edu.ar\/&#8230;<\/a><a href=\"http:\/\/managementensalud.blogspot.com\/2010\/06\/inequidad-y-fragmentacion-en-los.html\" target=\"_blank\" rel=\"noopener noreferrer\"><br \/>\n<\/a><\/p>\n<\/div><div class=\"fusion-clearfix\"><\/div><\/div><\/div><div class=\"fusion-layout-column fusion_builder_column fusion-builder-column-85 fusion_builder_column_1_3 1_3 fusion-one-third\" style=\"--awb-bg-size:cover;width:30.6666%; margin-right: 4%;\"><div class=\"fusion-column-wrapper fusion-flex-column-wrapper-legacy\"><div class=\"fusion-text fusion-text-85\"><h3>La pol\u00edtica sanitaria local en el Municipio de Malvinas Argentinas (Gran Buenos Aires): de la b\u00fasqueda de la autonom\u00eda al liderazgo como prestador en la regi\u00f3n<\/h3>\n<p><strong>Autores<\/strong>: Chiara, M.; Moro, J.; Ariovich, A.; Jim\u00e9nez, C.<\/p>\n<p>Link a publicaci\u00f3n:<br \/>\n<a href=\"http:\/\/www.ungs.edu.ar\/gestionsalud\/?page_id=31\" target=\"_blank\" rel=\"noopener noreferrer\">http:\/\/www.ungs.edu.ar\/gestionsalud\/&#8230;<\/a><a href=\"http:\/\/managementensalud.blogspot.com\/2010\/06\/inequidad-y-fragmentacion-en-los.html\" target=\"_blank\" rel=\"noopener noreferrer\"><br \/>\n<\/a><\/p>\n<\/div><div class=\"fusion-clearfix\"><\/div><\/div><\/div><\/div><\/div><div class=\"fusion-fullwidth fullwidth-box fusion-builder-row-4 nonhundred-percent-fullwidth non-hundred-percent-height-scrolling\" style=\"--awb-background-position:left top;--awb-border-sizes-top:0px;--awb-border-sizes-bottom:0px;--awb-border-sizes-left:0px;--awb-border-sizes-right:0px;--awb-border-radius-top-left:0px;--awb-border-radius-top-right:0px;--awb-border-radius-bottom-right:0px;--awb-border-radius-bottom-left:0px;--awb-padding-top:20px;--awb-padding-right:0px;--awb-padding-bottom:20px;--awb-padding-left:0px;--awb-flex-wrap:wrap;\" ><div class=\"fusion-builder-row fusion-row\"><div class=\"fusion-layout-column fusion_builder_column fusion-builder-column-86 fusion_builder_column_1_1 1_1 fusion-one-full fusion-column-first fusion-column-last fusion-column-no-min-height\" style=\"--awb-bg-size:cover;--awb-margin-top:40px;\"><div class=\"fusion-column-wrapper fusion-column-has-shadow fusion-flex-column-wrapper-legacy\"><div class=\"fusion-title title fusion-title-3 fusion-sep-none fusion-title-text fusion-title-size-two\" style=\"--awb-margin-top-small:0px;--awb-margin-right-small:0px;--awb-margin-bottom-small:20px;--awb-margin-left-small:0px;\"><h2 class=\"fusion-title-heading title-heading-left\" style=\"margin:0;\"><span style=\"color: #de5216;\">Art\u00edculos<\/span><\/h2><\/div><div class=\"fusion-clearfix\"><\/div><\/div><\/div><div class=\"fusion-layout-column fusion_builder_column fusion-builder-column-87 fusion_builder_column_1_3 1_3 fusion-one-third fusion-column-first\" style=\"--awb-bg-size:cover;width:30.6666%; margin-right: 4%;\"><div class=\"fusion-column-wrapper fusion-column-has-shadow fusion-flex-column-wrapper-legacy\"><div class=\"fusion-text fusion-text-86\" style=\"--awb-text-transform:none;\"><h3><b>Gram\u00e1ticas del cuidado<br \/>\n<\/b>Por: Eleonor Faur y Francisca Pereyra<br \/>\nEn : \u00bb La Argentina en el siglo xxi. C\u00f3mo somos, vivimos y convivimos en una sociedad desigual\u00bb, de Juan Ignacio Piovani y Agust\u00edn Salvia (comps.)<\/h3>\n<p>Link al documento:<\/p>\n<p><a href=\"https:\/\/apdh.org.ar\/sites\/default\/files\/2020-09\/16.%20Faur%20Pereyra%20Gram%C3%A1ticas%20del%20cuidado.pdf\" target=\"_blank\" rel=\"noopener noreferrer\">Gram\u00e1ticas del cuidado &#8230;<\/a><\/p>\n<\/div><div class=\"fusion-text fusion-text-87\" style=\"--awb-text-transform:none;--awb-margin-top:30px;\"><h3>MALVINAS_ Comunidad Organizada para la Regularizaci\u00f3n Dominial del Suelo y la integraci\u00f3n socio urbana de barrios populares<\/h3>\n<p>Link al documento:<\/p>\n<p><a href=\"http:\/\/observatorioconurbano.ungs.edu.ar\/Articulos\/MALVINAS_Comunidad-Organizada-para-la-Regularizacion-Dominial-del-Suelo-y-la-integracion-socio-urbana-de-barrios-populares.pdf\" target=\"_blank\" rel=\"noopener noreferrer\">MALVINAS_Comunidad-Organizada &#8230;<\/a><\/p>\n<\/div><div class=\"fusion-clearfix\"><\/div><\/div><\/div><div class=\"fusion-layout-column fusion_builder_column fusion-builder-column-88 fusion_builder_column_1_3 1_3 fusion-one-third\" style=\"--awb-bg-size:cover;width:30.6666%; margin-right: 4%;\"><div class=\"fusion-column-wrapper fusion-flex-column-wrapper-legacy\"><div class=\"fusion-text fusion-text-88\" style=\"--awb-text-transform:none;\"><h3 style=\"font-weight: 400;\"><strong>Relevamiento a Centros Comunitarios de Interredes <\/strong><br \/>\nPor: Omar A. Bascur, Claudio R. Comari, Alejandro A Moyano, Laura I. Tarasiuk Ploc y Andrea F. Ferraris<\/h3>\n<p>Link al documento:<\/p>\n<p><a href=\"http:\/\/observatorioconurbano.ungs.edu.ar\/wp-content\/uploads\/Articulos\/INFORME-FINAL-2-12-22.pdf\" target=\"_blank\" rel=\"noopener noreferrer\">Relevamiento a Centros Comunitarios &#8230;<\/a><\/p>\n<\/div><div class=\"fusion-clearfix\"><\/div><\/div><\/div><div class=\"fusion-layout-column fusion_builder_column fusion-builder-column-89 fusion_builder_column_1_3 1_3 fusion-one-third fusion-column-last\" style=\"--awb-bg-size:cover;width:30.6666%;\"><div class=\"fusion-column-wrapper fusion-flex-column-wrapper-legacy\"><div class=\"fusion-text fusion-text-89\" style=\"--awb-text-transform:none;\"><h3 style=\"font-weight: 400;\"><strong>Argentina: colectivizando el cuidado,\u00a0<\/strong><strong>reinventando el trabajo y la solidaridad\u00a0<\/strong><strong>en barrios populares de Buenos Aires<br \/>\n<\/strong>Por: Marisa Fournier y Erika Loritz<br \/>\nEn: Verschuur, C. y otros (2022). Reorganizar la reproducci\u00f3n social, democratizar la econom\u00eda solidaria, repensar el valor. Ed UNGS<\/h3>\n<p>Link al documento:<\/p>\n<p><a href=\"https:\/\/ediciones.ungs.edu.ar\/wp-content\/uploads\/2023\/02\/9789876306515-completo-1.pdf\" target=\"_blank\" rel=\"noopener noreferrer\">Argentina: colectivizando &#8230;<\/a><\/p>\n<\/div><div class=\"fusion-clearfix\"><\/div><\/div><\/div><div class=\"fusion-layout-column fusion_builder_column fusion-builder-column-90 fusion_builder_column_1_3 1_3 fusion-one-third fusion-column-first\" style=\"--awb-bg-size:cover;width:30.6666%; margin-right: 4%;\"><div class=\"fusion-column-wrapper fusion-flex-column-wrapper-legacy\"><div class=\"fusion-text fusion-text-90\" style=\"--awb-text-transform:none;\"><h3>MALVINAS_ Planificaci\u00f3n participativa y gesti\u00f3n asociada. Vivienda de Trabajadores de la MMyS<\/h3>\n<p>Link al documento:<\/p>\n<p><a href=\"http:\/\/observatorioconurbano.ungs.edu.ar\/Articulos\/MALVINAS_Planificacion-participativa-y-gestion-asociada.-Vivienda-de-Trabajadores-de-la-MMyS.pdf\" target=\"_blank\" rel=\"noopener noreferrer\">MALVINAS_Planificacion-participativa &#8230;<\/a><\/p>\n<\/div><div class=\"fusion-clearfix\"><\/div><\/div><\/div><div class=\"fusion-layout-column fusion_builder_column fusion-builder-column-91 fusion_builder_column_1_3 1_3 fusion-one-third\" style=\"--awb-bg-size:cover;width:30.6666%; margin-right: 4%;\"><div class=\"fusion-column-wrapper fusion-flex-column-wrapper-legacy\"><div class=\"fusion-text fusion-text-91\" style=\"--awb-text-transform:none;\"><h3>Desigualdad social en el territorio bonaerense. Barbara Couto, 2021<\/h3>\n<p>Link al documento:<\/p>\n<p><a href=\"http:\/\/observatorioconurbano.ungs.edu.ar\/Articulos\/Desigualdad-social-en-el-territorio-bonaerense.pdf\" target=\"_blank\" rel=\"noopener noreferrer\">Desigualdad social &#8230;<\/a><\/p>\n<\/div><div class=\"fusion-clearfix\"><\/div><\/div><\/div><div class=\"fusion-layout-column fusion_builder_column fusion-builder-column-92 fusion_builder_column_1_3 1_3 fusion-one-third fusion-column-last\" style=\"--awb-bg-size:cover;width:30.6666%;\"><div class=\"fusion-column-wrapper fusion-flex-column-wrapper-legacy\"><div class=\"fusion-text fusion-text-92\" style=\"--awb-text-transform:none;\"><h3 class=\"entry-title\">Problemas y demandas del conurbano bonaerense: nuevo relevamiento a referentes de barrios populares<\/h3>\n<p>Link al documento:<\/p>\n<p><a href=\"http:\/\/observatorioconurbano.ungs.edu.ar\/Articulos\/Quinto-relevamiento-barrios-populares-feb-2022-1.pdf\" target=\"_blank\" rel=\"noopener noreferrer\">Quinto relevamiento a referentes &#8230;<\/a><\/p>\n<\/div><div class=\"fusion-clearfix\"><\/div><\/div><\/div><div class=\"fusion-layout-column fusion_builder_column fusion-builder-column-93 fusion_builder_column_1_3 1_3 fusion-one-third fusion-column-first\" style=\"--awb-bg-size:cover;width:30.6666%; margin-right: 4%;\"><div class=\"fusion-column-wrapper fusion-flex-column-wrapper-legacy\"><div class=\"fusion-text fusion-text-93\" style=\"--awb-text-transform:none;\"><h3>El Ministerio de Seguridad Frente las Violencias por Razones de Genero<\/h3>\n<p>Link al documento:<\/p>\n<p><a href=\"http:\/\/observatorioconurbano.ungs.edu.ar\/Articulos\/El-Ministerio-de-Seguridad-Frente-las-Violencias-por-Razones-de-Genero.pdf\" target=\"_blank\" rel=\"noopener noreferrer\">El Ministerio de Seguridad Frente&#8230;<\/a><\/p>\n<\/div><div class=\"fusion-clearfix\"><\/div><\/div><\/div><div class=\"fusion-layout-column fusion_builder_column fusion-builder-column-94 fusion_builder_column_1_3 1_3 fusion-one-third\" style=\"--awb-bg-size:cover;width:30.6666%; margin-right: 4%;\"><div class=\"fusion-column-wrapper fusion-flex-column-wrapper-legacy\"><div class=\"fusion-text fusion-text-94\" style=\"--awb-text-transform:none;\"><h3>An\u00e1lisis sobre intentos de femicidios identificados en Linea-144<\/h3>\n<p>Link al documento:<\/p>\n<p><a href=\"http:\/\/observatorioconurbano.ungs.edu.ar\/Publicaciones\/Analisis-sobre-intentos-de-femicidios-identificados-en-linea-144.pdf\" target=\"_blank\" rel=\"noopener noreferrer\">An\u00e1lisis sobre intentos de femicidios&#8230;<\/a><\/p>\n<\/div><div class=\"fusion-clearfix\"><\/div><\/div><\/div><div class=\"fusion-layout-column fusion_builder_column fusion-builder-column-95 fusion_builder_column_1_3 1_3 fusion-one-third fusion-column-last\" style=\"--awb-bg-size:cover;width:30.6666%;\"><div class=\"fusion-column-wrapper fusion-flex-column-wrapper-legacy\"><div class=\"fusion-text fusion-text-95\" style=\"--awb-text-transform:none;\"><h3><span class=\"fontstyle0\">1 A\u00d1O DE LA SANCI\u00d3N DE LA LEY NACIONAL 27.610<\/span><\/h3>\n<p>Link al documento:<\/p>\n<p><a href=\"http:\/\/observatorioconurbano.ungs.edu.ar\/pdf\/PRENSA 30Diciembre21-INFORME-EJECUTIVO-anio-de-la-ley.pdf\" target=\"_blank\" rel=\"noopener noreferrer\">PRENSA 30Diciembre21-INFORME-EJECUTIVO&#8230;<\/a><\/p>\n<\/div><div class=\"fusion-clearfix\"><\/div><\/div><\/div><div class=\"fusion-layout-column fusion_builder_column fusion-builder-column-96 fusion_builder_column_1_3 1_3 fusion-one-third fusion-column-first\" style=\"--awb-bg-size:cover;width:30.6666%; margin-right: 4%;\"><div class=\"fusion-column-wrapper fusion-flex-column-wrapper-legacy\"><div class=\"fusion-text fusion-text-96\"><h3>Aproximaciones al mundo productivo RMBA<\/h3>\n<p>Link al documento:<\/p>\n<p><a href=\"http:\/\/observatorioconurbano.ungs.edu.ar\/Publicaciones\/Aproximaciones-al-mundo-productivo-RMBA.pdf\" target=\"_blank\" rel=\"noopener noreferrer\">Aproximaciones al mundo productivo&#8230;<\/a><\/p>\n<\/div><div class=\"fusion-clearfix\"><\/div><\/div><\/div><div class=\"fusion-layout-column fusion_builder_column fusion-builder-column-97 fusion_builder_column_1_3 1_3 fusion-one-third\" style=\"--awb-bg-size:cover;width:30.6666%; margin-right: 4%;\"><div class=\"fusion-column-wrapper fusion-flex-column-wrapper-legacy\"><div class=\"fusion-text fusion-text-97\"><h3>An\u00e1lisis de la experiencia del Instituto de Desarrollo Empresario Bonaerense \u2013 IDEB &#8211;<\/h3>\n<p>Link al documento:<\/p>\n<p><a href=\"http:\/\/observatorioconurbano.ungs.edu.ar\/Publicaciones\/Analisis-de-la-experiencia-del-Instituto-de-Desarrollo-Empresario-Bonaerense.pdf\" target=\"_blank\" rel=\"noopener noreferrer\">An\u00e1lisis de la experiencia del IDEP<\/a><\/p>\n<\/div><div class=\"fusion-clearfix\"><\/div><\/div><\/div><div class=\"fusion-layout-column fusion_builder_column fusion-builder-column-98 fusion_builder_column_1_3 1_3 fusion-one-third fusion-column-last\" style=\"--awb-bg-size:cover;width:30.6666%;\"><div class=\"fusion-column-wrapper fusion-flex-column-wrapper-legacy\"><div class=\"fusion-text fusion-text-98\"><h3>Gesti\u00f3n municipal y pol\u00edticas de memoria<\/h3>\n<h3>Relevamiento en el Conurbano Bonaerense<\/h3>\n<p>Link al documento:<\/p>\n<p><a href=\"http:\/\/observatorioconurbano.ungs.edu.ar\/Publicaciones\/Revista-ARMAR-LA-CIUDAD-Nro-24-Anio-X-Septiembre-2021.pdf\" target=\"_blank\" rel=\"noopener noreferrer\">Gesti\u00f3n municipal y pol\u00edticas de memoria&#8230;<\/a><\/p>\n<\/div><div class=\"fusion-clearfix\"><\/div><\/div><\/div><div class=\"fusion-layout-column fusion_builder_column fusion-builder-column-99 fusion_builder_column_1_3 1_3 fusion-one-third fusion-column-first\" style=\"--awb-bg-size:cover;width:30.6666%; margin-right: 4%;\"><div class=\"fusion-column-wrapper fusion-flex-column-wrapper-legacy\"><div class=\"fusion-text fusion-text-99\"><h3>El conurbano en el segundo a\u00f1o de la pandemia.<\/h3>\n<p>Link al documento:<\/p>\n<p><a href=\"http:\/\/observatorioconurbano.ungs.edu.ar\/Publicaciones\/El-conurbano-en-el-segundo-anio-de-la-pandemia-sep-2021.pdf\" target=\"_blank\" rel=\"noopener noreferrer\"><span class=\"fontstyle0\">El conurbano en el segundo a\u00f1o&#8230;<\/span><\/a><\/p>\n<\/div><div class=\"fusion-clearfix\"><\/div><\/div><\/div><div class=\"fusion-layout-column fusion_builder_column fusion-builder-column-100 fusion_builder_column_1_3 1_3 fusion-one-third\" style=\"--awb-bg-size:cover;width:30.6666%; margin-right: 4%;\"><div class=\"fusion-column-wrapper fusion-flex-column-wrapper-legacy\"><div class=\"fusion-text fusion-text-100\"><h3>Escenarios, actores y lineamientos para la acci\u00f3n.<\/h3>\n<p>Link al documento:<\/p>\n<p><a href=\"http:\/\/observatorioconurbano.ungs.edu.ar\/Publicaciones\/01-UNGS-COVID19-Etapa-4-Jul-2021-Conflictividad-socioterritorial.pdf\" target=\"_blank\" rel=\"noopener noreferrer\"><span class=\"fontstyle0\">Conflictividad socioterritorial&#8230;<\/span><\/a><\/p>\n<\/div><div class=\"fusion-clearfix\"><\/div><\/div><\/div><div class=\"fusion-layout-column fusion_builder_column fusion-builder-column-101 fusion_builder_column_1_3 1_3 fusion-one-third fusion-column-last\" style=\"--awb-bg-size:cover;width:30.6666%;\"><div class=\"fusion-column-wrapper fusion-flex-column-wrapper-legacy\"><div class=\"fusion-text fusion-text-101\"><h3>Escenarios, actores y lineamientos para la acci\u00f3n.<\/h3>\n<p>Link al documento:<\/p>\n<p><a href=\"http:\/\/observatorioconurbano.ungs.edu.ar\/Publicaciones\/02-UNGS-COVID19-Etapa-4-Jul-2021-Produccion-y-trabajo.pdf\" target=\"_blank\" rel=\"noopener noreferrer\"><span class=\"fontstyle0\">Producci\u00f3n y trabajo&#8230;<\/span><\/a><\/p>\n<\/div><div class=\"fusion-clearfix\"><\/div><\/div><\/div><div class=\"fusion-layout-column fusion_builder_column fusion-builder-column-102 fusion_builder_column_1_3 1_3 fusion-one-third fusion-column-first\" style=\"--awb-bg-size:cover;width:30.6666%; margin-right: 4%;\"><div class=\"fusion-column-wrapper fusion-flex-column-wrapper-legacy\"><div class=\"fusion-text fusion-text-102\"><h3>Escenarios, actores y lineamientos para la acci\u00f3n.<\/h3>\n<p>Link al documento:<\/p>\n<p><a href=\"http:\/\/observatorioconurbano.ungs.edu.ar\/Publicaciones\/03-UNGS-COVID19-Etapa-4-Jul-2021-Capacidades-estatales.pdf\" target=\"_blank\" rel=\"noopener noreferrer\"><span class=\"fontstyle0\">Capacidades estatales&#8230;<\/span><\/a><\/p>\n<\/div><div class=\"fusion-clearfix\"><\/div><\/div><\/div><div class=\"fusion-layout-column fusion_builder_column fusion-builder-column-103 fusion_builder_column_1_3 1_3 fusion-one-third\" style=\"--awb-bg-size:cover;width:30.6666%; margin-right: 4%;\"><div class=\"fusion-column-wrapper fusion-flex-column-wrapper-legacy\"><div class=\"fusion-text fusion-text-103\"><h3>Caracterizaci\u00f3n de barrios populares Jos\u00e9 C. Paz<\/h3>\n<p>Link al documento:<\/p>\n<p><a href=\"http:\/\/observatorioconurbano.ungs.edu.ar\/Publicaciones\/Caracterizacion-de-barrios-populares-Jose-C.-Paz.pdf\" target=\"_blank\" rel=\"noopener noreferrer\"><span class=\"fontstyle0\">Caracterizaci\u00f3n de barrios populares Jos\u00e9 C. Paz&#8230;<\/span><\/a><\/p>\n<\/div><div class=\"fusion-clearfix\"><\/div><\/div><\/div><div class=\"fusion-layout-column fusion_builder_column fusion-builder-column-104 fusion_builder_column_1_3 1_3 fusion-one-third fusion-column-last\" style=\"--awb-bg-size:cover;width:30.6666%;\"><div class=\"fusion-column-wrapper fusion-flex-column-wrapper-legacy\"><div class=\"fusion-text fusion-text-104\"><h3>Caracterizaci\u00f3n de barrios populares Malvinas Argentinas<\/h3>\n<p>Link al documento:<\/p>\n<p><a href=\"http:\/\/observatorioconurbano.ungs.edu.ar\/Publicaciones\/Caracterizacion-de-barrios-populares-Malvinas-Argentinas.pdf\" target=\"_blank\" rel=\"noopener noreferrer\"><span class=\"fontstyle0\">Caracterizaci\u00f3n de barrios populares Malvinas Argentinas&#8230;<\/span><\/a><\/p>\n<\/div><div class=\"fusion-clearfix\"><\/div><\/div><\/div><div class=\"fusion-layout-column fusion_builder_column fusion-builder-column-105 fusion_builder_column_1_3 1_3 fusion-one-third fusion-column-first\" style=\"--awb-bg-size:cover;width:30.6666%; margin-right: 4%;\"><div class=\"fusion-column-wrapper fusion-flex-column-wrapper-legacy\"><div class=\"fusion-text fusion-text-105\"><h3>Caracterizaci\u00f3n de barrios populares San Miguel<\/h3>\n<p>Link al documento:<\/p>\n<p><a href=\"http:\/\/observatorioconurbano.ungs.edu.ar\/Publicaciones\/Caracterizacion-de-barrios-populares-San-Miguel.pdf\" target=\"_blank\" rel=\"noopener noreferrer\"><span class=\"fontstyle0\">Caracterizaci\u00f3n de barrios populares San Miguel&#8230;<\/span><\/a><\/p>\n<\/div><div class=\"fusion-clearfix\"><\/div><\/div><\/div><div class=\"fusion-layout-column fusion_builder_column fusion-builder-column-106 fusion_builder_column_1_3 1_3 fusion-one-third\" style=\"--awb-bg-size:cover;width:30.6666%; margin-right: 4%;\"><div class=\"fusion-column-wrapper fusion-flex-column-wrapper-legacy\"><div class=\"fusion-text fusion-text-106\"><h3>Acciones en el marco de la pandemia de Covid \u2013 19 en Berazategui<\/h3>\n<p>Link al documento:<\/p>\n<p><a href=\"http:\/\/observatorioconurbano.ungs.edu.ar\/Publicaciones\/Acciones-en-el-marco-de-la-pandemia-Municipalidad-de-Berazategui.pdf\" target=\"_blank\" rel=\"noopener noreferrer\"><span class=\"fontstyle0\">Acciones en el marco de la pandemia&#8230;<\/span><\/a><\/p>\n<\/div><div class=\"fusion-clearfix\"><\/div><\/div><\/div><div class=\"fusion-layout-column fusion_builder_column fusion-builder-column-107 fusion_builder_column_1_3 1_3 fusion-one-third fusion-column-last\" style=\"--awb-bg-size:cover;width:30.6666%;\"><div class=\"fusion-column-wrapper fusion-flex-column-wrapper-legacy\"><div class=\"fusion-text fusion-text-107\"><h3><span class=\"fontstyle0\">El conurbano bonaerense en pandemia<br \/>\n<\/span>Alcances y desaf\u00edos desde una perspectiva multidimensional<\/h3>\n<p>Link al documento:<\/p>\n<p><a href=\"http:\/\/observatorioconurbano.ungs.edu.ar\/Publicaciones\/Libro-El-conurbano-bonaerense-en-pandemia.pdf\" target=\"_blank\" rel=\"noopener noreferrer\"><span class=\"fontstyle0\">El conurbano bonaerense en pandemia&#8230;<\/span><\/a><\/p>\n<\/div><div class=\"fusion-clearfix\"><\/div><\/div><\/div><div class=\"fusion-layout-column fusion_builder_column fusion-builder-column-108 fusion_builder_column_1_3 1_3 fusion-one-third fusion-column-first\" style=\"--awb-bg-size:cover;width:30.6666%; margin-right: 4%;\"><div class=\"fusion-column-wrapper fusion-flex-column-wrapper-legacy\"><div class=\"fusion-text fusion-text-108\"><h3><span class=\"fontstyle0\">Distribuci\u00f3n, comercializaci\u00f3n y acceso a alimentos de calidad en Am\u00e9rica Latina<\/span><\/h3>\n<p>Link al documento:<\/p>\n<p><a href=\"http:\/\/observatorioconurbano.ungs.edu.ar\/Publicaciones\/Alimentos-de-calidad-en-AL.pdf\" target=\"_blank\" rel=\"noopener noreferrer\"><span class=\"fontstyle0\">Distribuci\u00f3n, comercializaci\u00f3n y acceso a alimentos&#8230;<\/span><\/a><\/p>\n<\/div><div class=\"fusion-clearfix\"><\/div><\/div><\/div><div class=\"fusion-layout-column fusion_builder_column fusion-builder-column-109 fusion_builder_column_1_3 1_3 fusion-one-third\" style=\"--awb-bg-size:cover;width:30.6666%; margin-right: 4%;\"><div class=\"fusion-column-wrapper fusion-flex-column-wrapper-legacy\"><div class=\"fusion-text fusion-text-109\"><h3>Cronolog\u00eda de las conquistas de las mujeres y los g\u00e9neros<\/h3>\n<p>Link al documento:<\/p>\n<p><a href=\"http:\/\/observatorioconurbano.ungs.edu.ar\/Publicaciones\/Cronologia-de-las-conquistas-de-las-mujeres-y-los-generos.pdf\" target=\"_blank\" rel=\"noopener noreferrer\">Cronolog\u00eda de las conquistas de las mujeres&#8230;<\/a><\/p>\n<\/div><div class=\"fusion-clearfix\"><\/div><\/div><\/div><div class=\"fusion-layout-column fusion_builder_column fusion-builder-column-110 fusion_builder_column_1_3 1_3 fusion-one-third fusion-column-last\" style=\"--awb-bg-size:cover;width:30.6666%;\"><div class=\"fusion-column-wrapper fusion-flex-column-wrapper-legacy\"><div class=\"fusion-text fusion-text-110\"><h3>Prevenci\u00f3n y monitoreo del COVID-19 en municipios del Conurbano Bonaerense desde una perspectiva multidimensional<\/h3>\n<p>Link al documento:<\/p>\n<p><a href=\"http:\/\/observatorioconurbano.ungs.edu.ar\/Publicaciones\/Informe-COVID19-UNGS-Sep-2020-01-Resumen-ejecutivo.pdf\" target=\"_blank\" rel=\"noopener noreferrer\">Prevenci\u00f3n y monitoreo del COVID-19&#8230;<\/a><\/p>\n<\/div><div class=\"fusion-clearfix\"><\/div><\/div><\/div><div class=\"fusion-layout-column fusion_builder_column fusion-builder-column-111 fusion_builder_column_1_3 1_3 fusion-one-third fusion-column-first\" style=\"--awb-bg-size:cover;width:30.6666%; margin-right: 4%;\"><div class=\"fusion-column-wrapper fusion-flex-column-wrapper-legacy\"><div class=\"fusion-text fusion-text-111\"><h3>El Conurbano en la cuarentena: Condiciones de vida y estrategias de los hogares<\/h3>\n<p>Link al documento:<\/p>\n<p><a href=\"http:\/\/observatorioconurbano.ungs.edu.ar\/Publicaciones\/Informe-COVID19-UNGS-Sep-2020-02-Condiciones-de-vida.pdf\" target=\"_blank\" rel=\"noopener noreferrer\">El Conurbano en la cuarentena:&#8230;<\/a><\/p>\n<\/div><div class=\"fusion-clearfix\"><\/div><\/div><\/div><div class=\"fusion-layout-column fusion_builder_column fusion-builder-column-112 fusion_builder_column_1_3 1_3 fusion-one-third\" style=\"--awb-bg-size:cover;width:30.6666%; margin-right: 4%;\"><div class=\"fusion-column-wrapper fusion-flex-column-wrapper-legacy\"><div class=\"fusion-text fusion-text-112\"><h3>El impacto del Aislamiento Social Preventivo Obligatorio en la industria manufacturera del Conurbano Bonaerense<\/h3>\n<p>Link al documento:<\/p>\n<p><a href=\"http:\/\/observatorioconurbano.ungs.edu.ar\/Publicaciones\/Informe-COVID19-UNGS-Sep-2020-03-Industria-1.pdf\" target=\"_blank\" rel=\"noopener noreferrer\">El impacto del Aislamiento Social&#8230;<\/a><\/p>\n<\/div><div class=\"fusion-clearfix\"><\/div><\/div><\/div><div class=\"fusion-layout-column fusion_builder_column fusion-builder-column-113 fusion_builder_column_1_3 1_3 fusion-one-third fusion-column-last\" style=\"--awb-bg-size:cover;width:30.6666%;\"><div class=\"fusion-column-wrapper fusion-flex-column-wrapper-legacy\"><div class=\"fusion-text fusion-text-113\"><h3>Trabajo y empleo en el Conurbano Bonaerense<\/h3>\n<p>Link al documento:<\/p>\n<p><a href=\"http:\/\/observatorioconurbano.ungs.edu.ar\/Publicaciones\/Informe-COVID19-UNGS-Sep-2020-04-trabajo-y-empleo.pdf\" target=\"_blank\" rel=\"noopener noreferrer\">Trabajo y empleo&#8230;<\/a><\/p>\n<\/div><div class=\"fusion-clearfix\"><\/div><\/div><\/div><div class=\"fusion-layout-column fusion_builder_column fusion-builder-column-114 fusion_builder_column_1_3 1_3 fusion-one-third fusion-column-first\" style=\"--awb-bg-size:cover;width:30.6666%; margin-right: 4%;\"><div class=\"fusion-column-wrapper fusion-flex-column-wrapper-legacy\"><div class=\"fusion-text fusion-text-114\"><h3>Las organizaciones de la Econom\u00eda Social y Solidaria del \u00c1rea Metropolitana de Buenos Aires en la pandemia<\/h3>\n<p>Link al documento:<\/p>\n<p><a href=\"http:\/\/observatorioconurbano.ungs.edu.ar\/Publicaciones\/Informe-COVID19-UNGS-Sep-2020-05-Economia-Social.pdf\" target=\"_blank\" rel=\"noopener noreferrer\">Las organizaciones de la Econom\u00eda Social&#8230;<\/a><\/p>\n<\/div><div class=\"fusion-clearfix\"><\/div><\/div><\/div><div class=\"fusion-layout-column fusion_builder_column fusion-builder-column-115 fusion_builder_column_1_3 1_3 fusion-one-third\" style=\"--awb-bg-size:cover;width:30.6666%; margin-right: 4%;\"><div class=\"fusion-column-wrapper fusion-flex-column-wrapper-legacy\"><div class=\"fusion-text fusion-text-115\"><h3>Afectaci\u00f3n en el operatoria de los mercados mayoristas frutihort\u00edcolas del AMBA. Primeras aproximaciones<\/h3>\n<p>Link al documento:<\/p>\n<p><a href=\"http:\/\/observatorioconurbano.ungs.edu.ar\/Publicaciones\/Informe-COVID19-UNGS-Sep-2020-06-Mercados-frutiorticolas.pdf\" target=\"_blank\" rel=\"noopener noreferrer\">Afectaci\u00f3n en el operatoria&#8230;<\/a><\/p>\n<\/div><div class=\"fusion-clearfix\"><\/div><\/div><\/div><div class=\"fusion-layout-column fusion_builder_column fusion-builder-column-116 fusion_builder_column_1_3 1_3 fusion-one-third fusion-column-last\" style=\"--awb-bg-size:cover;width:30.6666%;\"><div class=\"fusion-column-wrapper fusion-flex-column-wrapper-legacy\"><div class=\"fusion-text fusion-text-116\"><h3>Capacidades institucionales de los municipios del Conurbano Bonaerense<\/h3>\n<p>Link al documento:<\/p>\n<p><a href=\"http:\/\/observatorioconurbano.ungs.edu.ar\/Publicaciones\/Informe-COVID19-UNGS-Sep-2020-07-Capacidades-municipales-1.pdf\" target=\"_blank\" rel=\"noopener noreferrer\">Capacidades institucionales&#8230;<\/a><\/p>\n<\/div><div class=\"fusion-clearfix\"><\/div><\/div><\/div><div class=\"fusion-layout-column fusion_builder_column fusion-builder-column-117 fusion_builder_column_1_3 1_3 fusion-one-third fusion-column-first\" style=\"--awb-bg-size:cover;width:30.6666%; margin-right: 4%;\"><div class=\"fusion-column-wrapper fusion-flex-column-wrapper-legacy\"><div class=\"fusion-text fusion-text-117\"><h3>Gesti\u00f3n de la seguridad y emergencia sanitaria en el Conurbano Bonaerense. Aportes preliminales<\/h3>\n<p>Link al documento:<\/p>\n<p><a href=\"http:\/\/observatorioconurbano.ungs.edu.ar\/Publicaciones\/Informe-COVID19-UNGS-Sep-2020-08-Seguridad.pdf\" target=\"_blank\" rel=\"noopener noreferrer\">Gesti\u00f3n de la seguridad y emergencia sanitaria&#8230;\u00a0<\/a><\/p>\n<\/div><div class=\"fusion-clearfix\"><\/div><\/div><\/div><div class=\"fusion-layout-column fusion_builder_column fusion-builder-column-118 fusion_builder_column_1_3 1_3 fusion-one-third\" style=\"--awb-bg-size:cover;width:30.6666%; margin-right: 4%;\"><div class=\"fusion-column-wrapper fusion-flex-column-wrapper-legacy\"><div class=\"fusion-text fusion-text-118\"><h3>El Conurbano en la Cuarentena III<\/h3>\n<p>Link al documento:<\/p>\n<p><a href=\"http:\/\/observatorioconurbano.ungs.edu.ar\/Publicaciones\/El-Conurbano-en-la-Cuarentena-III.-Tercer-informe-de-relevamiento.-Final.pdf\" target=\"_blank\" rel=\"noopener noreferrer\">El-Conurbano-en-la-Cuarentena-III.<\/a>..<\/p>\n<\/div><div class=\"fusion-clearfix\"><\/div><\/div><\/div><div class=\"fusion-layout-column fusion_builder_column fusion-builder-column-119 fusion_builder_column_1_3 1_3 fusion-one-third fusion-column-last\" style=\"--awb-bg-size:cover;width:30.6666%;\"><div class=\"fusion-column-wrapper fusion-flex-column-wrapper-legacy\"><div class=\"fusion-text fusion-text-119\"><h3>Llueve sobre mojado. El Conurbano Bonaerense entre nuevos y viejos confinamientos.<\/h3>\n<p>Por: Por Daniela Soldano y Noelia Villarroel<\/p>\n<p>Link al documento:<\/p>\n<p><a href=\"http:\/\/observatorioconurbano.ungs.edu.ar\/Publicaciones\/Llueve-sobre-mojado.-Soldano-Villarroel.pdf\" target=\"_blank\" rel=\"noopener noreferrer\">Llueve sobre mojado.<\/a>..<\/p>\n<\/div><div class=\"fusion-clearfix\"><\/div><\/div><\/div><div class=\"fusion-layout-column fusion_builder_column fusion-builder-column-120 fusion_builder_column_1_3 1_3 fusion-one-third fusion-column-first\" style=\"--awb-bg-size:cover;width:30.6666%; margin-right: 4%;\"><div class=\"fusion-column-wrapper fusion-flex-column-wrapper-legacy\"><div class=\"fusion-text fusion-text-120\"><h3>El Conurbano en la cuarentena II<\/h3>\n<p>Por: Instituto del Conurbano (ICO-UNGS)<\/p>\n<p>Link al documento:<\/p>\n<p><a href=\"http:\/\/observatorioconurbano.ungs.edu.ar\/Publicaciones\/El-Conurbano-en-la-cuarentena.-Segundo-informe.pdf\" target=\"_blank\" rel=\"noopener noreferrer\">El Conurbano en la cuarentena II&#8230;<\/a><\/p>\n<\/div><div class=\"fusion-clearfix\"><\/div><\/div><\/div><div class=\"fusion-layout-column fusion_builder_column fusion-builder-column-121 fusion_builder_column_1_3 1_3 fusion-one-third\" style=\"--awb-bg-size:cover;width:30.6666%; margin-right: 4%;\"><div class=\"fusion-column-wrapper fusion-flex-column-wrapper-legacy\"><div class=\"fusion-text fusion-text-121\"><h3>Situaci\u00f3n de COVID-19 en el conurbano bonaerense<\/h3>\n<p>Por: Leonardo Fern\u00e1ndez y Melina Tob\u00edas<\/p>\n<p>Link al documento:<\/p>\n<p><a href=\"http:\/\/observatorioconurbano.ungs.edu.ar\/Publicaciones\/covid19_pGBA_abril20.pdf\" target=\"_blank\" rel=\"noopener noreferrer\">Situaci\u00f3n de COVID-19 &#8230;<\/a><\/p>\n<\/div><div class=\"fusion-clearfix\"><\/div><\/div><\/div><div class=\"fusion-layout-column fusion_builder_column fusion-builder-column-122 fusion_builder_column_1_3 1_3 fusion-one-third fusion-column-last\" style=\"--awb-bg-size:cover;width:30.6666%;\"><div class=\"fusion-column-wrapper fusion-flex-column-wrapper-legacy\"><div class=\"fusion-text fusion-text-122\"><h3><span style=\"color: #000000;\">El Conurbano en la cuarentena<\/span><\/h3>\n<p>Instituto del Conurbano (ICO-UNGS)<\/p>\n<p>Link al documento:<\/p>\n<p><a href=\"http:\/\/observatorioconurbano.ungs.edu.ar\/Publicaciones\/Informe-ICO-Cuarentena-PDF.pdf\" target=\"_blank\" rel=\"noopener noreferrer\">El Conurbano en la cuarentena..<\/a><\/p>\n<\/div><div class=\"fusion-clearfix\"><\/div><\/div><\/div><div class=\"fusion-layout-column fusion_builder_column fusion-builder-column-123 fusion_builder_column_1_3 1_3 fusion-one-third fusion-column-first\" style=\"--awb-bg-size:cover;width:30.6666%; margin-right: 4%;\"><div class=\"fusion-column-wrapper fusion-flex-column-wrapper-legacy\"><div class=\"fusion-text fusion-text-123\"><h3><span style=\"color: #000000;\">La movilidad a la salud en las regiones <\/span>sanitarias VI y VII del conurbano bonaerense<\/h3>\n<p>Por Clara Pierini<\/p>\n<p>Link al documento:<\/p>\n<p><a href=\"https:\/\/bibliotecavirtual.unl.edu.ar\/publicaciones\/index.php\/revistalocale\/article\/view\/8309\/11733\" target=\"_blank\" rel=\"noopener noreferrer\">La movilidad a la salud&#8230;<\/a><\/p>\n<\/div><div class=\"fusion-clearfix\"><\/div><\/div><\/div><div class=\"fusion-layout-column fusion_builder_column fusion-builder-column-124 fusion_builder_column_1_3 1_3 fusion-one-third\" style=\"--awb-bg-size:cover;width:30.6666%; margin-right: 4%;\"><div class=\"fusion-column-wrapper fusion-flex-column-wrapper-legacy\"><div class=\"fusion-text fusion-text-124\"><h3>La fortaleza de la sociedad civil popular del conurbano bonaerense: una breve historia<\/h3>\n<p>Por Adriana Rofman<\/p>\n<p>Link al documento:<\/p>\n<p><a href=\"https:\/\/www.vocesenelfenix.com\/content\/la-fortaleza-de-la-sociedad-civil-popular-del-conurbano-bonaerense-una-breve-historia\" target=\"_blank\" rel=\"noopener noreferrer\">La fortaleza de la sociedad<\/a><\/p>\n<\/div><div class=\"fusion-clearfix\"><\/div><\/div><\/div><div class=\"fusion-layout-column fusion_builder_column fusion-builder-column-125 fusion_builder_column_1_3 1_3 fusion-one-third fusion-column-last\" style=\"--awb-bg-size:cover;width:30.6666%;\"><div class=\"fusion-column-wrapper fusion-flex-column-wrapper-legacy\"><div class=\"fusion-text fusion-text-125\"><h3>El derecho a la salud bajo amenaza Problemas y desaf\u00edos desde el conurbano bonaerense<\/h3>\n<p>Por Magdalena Chiara<\/p>\n<p>Link al documento:<\/p>\n<p><a href=\"https:\/\/www.vocesenelfenix.com\/content\/el-derecho-la-salud-bajo-amenaza-problemas-y-desaf%C3%ADos-desde-el-conurbano-bonaerense\" target=\"_blank\" rel=\"noopener noreferrer\">El derecho a la salud<\/a><\/p>\n<\/div><div class=\"fusion-clearfix\"><\/div><\/div><\/div><div class=\"fusion-layout-column fusion_builder_column fusion-builder-column-126 fusion_builder_column_1_3 1_3 fusion-one-third fusion-column-first\" style=\"--awb-bg-size:cover;width:30.6666%; margin-right: 4%;\"><div class=\"fusion-column-wrapper fusion-flex-column-wrapper-legacy\"><div class=\"fusion-text fusion-text-126\"><h3 style=\"font-weight: 400;\">Vidas en las periferias: una mirada sobre las pol\u00edticas sociales de ni\u00f1ez y adolescencia en el conurbano bonaerense<\/h3>\n<p style=\"font-weight: 400;\">Por Javier Moro<\/p>\n<p>Link al documento:<\/p>\n<p><a href=\"https:\/\/www.vocesenelfenix.com\/content\/vidas-en-las-periferias-una-mirada-sobre-las-pol%C3%ADticas-sociales-de-ni%C3%B1ez-y-adolescencia-en-e\" target=\"_blank\" rel=\"noopener noreferrer\">Vidas en las periferias&#8230;<\/a><\/p>\n<\/div><div class=\"fusion-clearfix\"><\/div><\/div><\/div><div class=\"fusion-layout-column fusion_builder_column fusion-builder-column-127 fusion_builder_column_1_3 1_3 fusion-one-third\" style=\"--awb-bg-size:cover;width:30.6666%; margin-right: 4%;\"><div class=\"fusion-column-wrapper fusion-flex-column-wrapper-legacy\"><div class=\"fusion-text fusion-text-127\"><h3>Las redes de salud en el Territorio del Gran Buenos Aires: el desaf\u00edo de la coordinaci\u00f3n de servicios de salud<\/h3>\n<p>Mar\u00eda Crojetovich ; Ana Ariovich<\/p>\n<p>Link al documento:<\/p>\n<p><a href=\"http:\/\/observatorioconurbano.ungs.edu.ar\/Publicaciones\/ARIOVICH_CROJE_Las redes de salud en el Territorio del Gran Buenos Aires el desafio de la coordinacion de servicios de salud.pdf\" target=\"_blank\" rel=\"noopener noreferrer\">ARIOVICH_CROJE_Las redes de salud &#8230;<\/a><\/p>\n<\/div><div class=\"fusion-clearfix\"><\/div><\/div><\/div><div class=\"fusion-layout-column fusion_builder_column fusion-builder-column-128 fusion_builder_column_1_3 1_3 fusion-one-third fusion-column-last\" style=\"--awb-bg-size:cover;width:30.6666%;\"><div class=\"fusion-column-wrapper fusion-flex-column-wrapper-legacy\"><div class=\"fusion-text fusion-text-128\"><h3>Paradojas de la descentralizaci\u00f3n en salud en el Gran Buenos Aires, Argentina. Derroteros de la construcci\u00f3n de pol\u00edtica sanitaria en un escenario local<\/h3>\n<p>Magdalena Chiara<\/p>\n<p>Link al documento:<\/p>\n<p><a href=\"http:\/\/observatorioconurbano.ungs.edu.ar\/Publicaciones\/Chiara.Descentralizacion.pdf\" target=\"_blank\" rel=\"noopener noreferrer\">Chiara. Descentralizaci\u00f3n &#8230;<\/a><\/p>\n<\/div><div class=\"fusion-clearfix\"><\/div><\/div><\/div><div class=\"fusion-layout-column fusion_builder_column fusion-builder-column-129 fusion_builder_column_1_3 1_3 fusion-one-third fusion-column-first\" style=\"--awb-bg-size:cover;width:30.6666%; margin-right: 4%;\"><div class=\"fusion-column-wrapper fusion-flex-column-wrapper-legacy\"><div class=\"fusion-text fusion-text-129\"><h3>Unidades de pronta atenci\u00f3n de la Provincia de Buenos Aires establecidos en los municipios del Gran Buenos Aires- En los a\u00f1os 2010-2015: objetivos, contexto y trama sanitaria<\/h3>\n<p>Carlos Andres Jimenez<\/p>\n<p>Link al documento:<\/p>\n<p><a href=\"http:\/\/observatorioconurbano.ungs.edu.ar\/Publicaciones\/JIMENEZ_Unidades de Pronta Atencion de la Provincia de Buenos Aires.pdf\">Unidades de pronta atenci\u00f3n de la Provincia &#8230;<\/a><\/p>\n<\/div><div class=\"fusion-clearfix\"><\/div><\/div><\/div><div class=\"fusion-layout-column fusion_builder_column fusion-builder-column-130 fusion_builder_column_1_3 1_3 fusion-one-third\" style=\"--awb-bg-size:cover;width:30.6666%; margin-right: 4%;\"><div class=\"fusion-column-wrapper fusion-flex-column-wrapper-legacy\"><div class=\"fusion-text fusion-text-130\"><h3>Ley 14.449. Informe de gesti\u00f3n 2015<br \/>\nProvincia de Buenos Aires. A\u00f1o 2015<\/h3>\n<p>Sub Secretar\u00eda Social de Tierras, Urbanismo y Vivienda. Ministerio de Infraestructura<\/p>\n<p>Link al documento:<\/p>\n<p><a href=\"http:\/\/observatorioconurbano.ungs.edu.ar\/wp-content\/uploads\/INFORME_14449_2015.pdf\">Informe de Gesti\u00f3n 2015<\/a><\/p>\n<\/div><div class=\"fusion-clearfix\"><\/div><\/div><\/div><div class=\"fusion-layout-column fusion_builder_column fusion-builder-column-131 fusion_builder_column_1_3 1_3 fusion-one-third fusion-column-last\" style=\"--awb-bg-size:cover;width:30.6666%;\"><div class=\"fusion-column-wrapper fusion-flex-column-wrapper-legacy\"><div class=\"fusion-text fusion-text-131\"><h3>Econom\u00eda de los gobiernos municipales.\u00a0Teor\u00eda y aplicaciones en la Argentina.\u00a0Producci\u00f3n en los municipios de la provincia de Buenos Aires.<br \/>\nAbril 2010<\/h3>\n<p>Publicado en el Repositorio Institucional de la U.N.L.P<br \/>\nAutores: L\u00f3dola, A, Brigo, R. ,Morra, F.<\/p>\n<p>Link al documento:<\/p>\n<p><a href=\"http:\/\/sedici.unlp.edu.ar\/bitstream\/handle\/10915\/45923\/Documento_completo__.pdf?sequence=1\" target=\"_blank\" rel=\"noopener noreferrer\">Producci\u00f3n en los municipios de la provincia de Buenos Aires<\/a><\/p>\n<\/div><div class=\"fusion-clearfix\"><\/div><\/div><\/div><div class=\"fusion-layout-column fusion_builder_column fusion-builder-column-132 fusion_builder_column_1_3 1_3 fusion-one-third fusion-column-first\" style=\"--awb-bg-size:cover;width:30.6666%; margin-right: 4%;\"><div class=\"fusion-column-wrapper fusion-flex-column-wrapper-legacy\"><div class=\"fusion-text fusion-text-132\"><h3>Informe sobre la Producci\u00f3n del Concejo Deliberante Quilmes 2016<\/h3>\n<p>Equipo de trabajo: Fernando Rubino (coordinador) &#8211; Leonardo Cuenca &#8211; Graciela Aguirre &#8211; Melisa Da Val &#8211; Diego Vega &#8211; Alejandra Guti\u00e9rrez &#8211; Denis Videberrigain &#8211; Yesica Maydana &#8211; Santiago Sanchez Benz &#8211;<br \/>\nPaul O\u00b4Shanghnessy.<\/p>\n<p>Link al documento:<\/p>\n<p><a href=\"http:\/\/www.idealquilmes.com.ar\/IMG\/pdf\/informe_sobre_la_produccion_del_concejo_deliberante_quilmes_2016.pdf\" target=\"_blank\" rel=\"noopener noreferrer\">La Producci\u00f3n del Concejo deliberante Quilmes 2016<\/a><\/p>\n<\/div><div class=\"fusion-clearfix\"><\/div><\/div><\/div><div class=\"fusion-layout-column fusion_builder_column fusion-builder-column-133 fusion_builder_column_1_3 1_3 fusion-one-third\" style=\"--awb-bg-size:cover;width:30.6666%; margin-right: 4%;\"><div class=\"fusion-column-wrapper fusion-flex-column-wrapper-legacy\"><div class=\"fusion-text fusion-text-133\"><h3>Las Pol\u00edticas Sanitarias y el riesgo de enfermarse en Quilmes: el caso del dengue<\/h3>\n<p>\u00c1rea de Salud y Centro de Estad\u00edsticas de IDEAL Quilmes<\/p>\n<p>Link al documento:<\/p>\n<p><a href=\"http:\/\/www.idealquilmes.com.ar\/IMG\/pdf\/informe_dengue_quilmes.pdf\" target=\"_blank\" rel=\"noopener noreferrer\">Informe-dengue Quilmes<\/a><\/p>\n<\/div><div class=\"fusion-clearfix\"><\/div><\/div><\/div><div class=\"fusion-layout-column fusion_builder_column fusion-builder-column-134 fusion_builder_column_1_3 1_3 fusion-one-third fusion-column-last\" style=\"--awb-bg-size:cover;width:30.6666%;\"><div class=\"fusion-column-wrapper fusion-flex-column-wrapper-legacy\"><div class=\"fusion-text fusion-text-134\"><h3>Informe &#8211; Presupuesto Municipal de Quilmes<\/h3>\n<p>Centro de Estad\u00edsticas de IDEAL Quilmes<\/p>\n<p>Link al documento:<\/p>\n<p><a href=\"http:\/\/www.idealquilmes.com.ar\/IMG\/pdf\/analisis_de_presupuestos.pdf\" target=\"_blank\" rel=\"noopener noreferrer\">An\u00e1lisis de presupuestos<\/a><\/p>\n<\/div><div class=\"fusion-clearfix\"><\/div><\/div><\/div><div class=\"fusion-layout-column fusion_builder_column fusion-builder-column-135 fusion_builder_column_1_3 1_3 fusion-one-third fusion-column-first\" style=\"--awb-bg-size:cover;width:30.6666%; margin-right: 4%;\"><div class=\"fusion-column-wrapper fusion-flex-column-wrapper-legacy\"><div class=\"fusion-text fusion-text-135\"><h3>Informe &#8211; Municipalidad de Quilmes. Subejecuci\u00f3n Presupuestaria en Pol\u00edticas Sociales 2016<\/h3>\n<p>Centro de Estad\u00edsticas de IDEAL Quilmes<\/p>\n<p>Link al documento:<\/p>\n<p><a href=\"http:\/\/www.idealquilmes.com.ar\/IMG\/pdf\/informe_vivienda_social.pdf\" target=\"_blank\" rel=\"noopener noreferrer\">Informe-Vivienda Social<\/a><\/p>\n<\/div><div class=\"fusion-clearfix\"><\/div><\/div><\/div><div class=\"fusion-layout-column fusion_builder_column fusion-builder-column-136 fusion_builder_column_1_3 1_3 fusion-one-third\" style=\"--awb-bg-size:cover;width:30.6666%; margin-right: 4%;\"><div class=\"fusion-column-wrapper fusion-flex-column-wrapper-legacy\"><div class=\"fusion-text fusion-text-136\"><h3>Aportes para el an\u00e1lisis de la estructura de clases y la diferenciaci\u00f3n social de los trabajadores en el \u00e1rea Metropolitana de Buenos Aires en la post-convertibilidad<\/h3>\n<p><strong>Autora:<\/strong> Ver\u00f3nica Maceira<\/p>\n<p>Link a publicaci\u00f3n:<br \/>\n<a href=\"http:\/\/www.scielo.org.ar\/scielo.php?script=sci_arttext&amp;pid=S2545-77562016000200001&amp;lng=es&amp;nrm=iso&amp;tlng=es\" target=\"_blank\" rel=\"noopener noreferrer\">Estudios del trabajo<\/a><\/p>\n<div id=\"kpm_content_wrapper\" class=\"notranslate\"><\/div>\n<\/div><div class=\"fusion-clearfix\"><\/div><\/div><\/div><div class=\"fusion-layout-column fusion_builder_column fusion-builder-column-137 fusion_builder_column_1_3 1_3 fusion-one-third fusion-column-last\" style=\"--awb-bg-size:cover;width:30.6666%;\"><div class=\"fusion-column-wrapper fusion-flex-column-wrapper-legacy\"><div class=\"fusion-text fusion-text-137\"><h3>Confinamientos, movilidad e intercambios. Una investigaci\u00f3n sobre las condiciones y los modos de vida en la periferia del Gran Buenos Aires<\/h3>\n<p>Daniela Soldano<\/p>\n<p>Link a publicaci\u00f3n:<br \/>\n<a href=\"http:\/\/observatorioconurbano.ungs.edu.ar\/Articulos\/Segregacion-y-Diferencia-en-la-ciudad_cap1.3.pdf\" target=\"_blank\" rel=\"noopener noreferrer\">Segregaci\u00f3n y Diferencia en la ciudad<\/a><\/p>\n<p>&nbsp;<\/p>\n<div id=\"kpm_content_wrapper\" class=\"notranslate\"><\/div>\n<\/div><div class=\"fusion-clearfix\"><\/div><\/div><\/div><div class=\"fusion-layout-column fusion_builder_column fusion-builder-column-138 fusion_builder_column_1_3 1_3 fusion-one-third fusion-column-first\" style=\"--awb-bg-size:cover;width:30.6666%; margin-right: 4%;\"><div class=\"fusion-column-wrapper fusion-flex-column-wrapper-legacy\"><div class=\"fusion-text fusion-text-138\"><h3>XV Encuentro Regional de Mujeres<\/h3>\n<p>&nbsp;<\/p>\n<p>Link a publicaci\u00f3n:<br \/>\n<a href=\"http:\/\/observatorioconurbano.ungs.edu.ar\/Articulos\/XV Encuentro Regional de Mujeres.pdf\" target=\"_blank\" rel=\"noopener noreferrer\">XV Encuentro Regional de Mujeres<\/a><\/p>\n<p>&nbsp;<\/p>\n<div id=\"kpm_content_wrapper\" class=\"notranslate\"><\/div>\n<\/div><div class=\"fusion-clearfix\"><\/div><\/div><\/div><div class=\"fusion-layout-column fusion_builder_column fusion-builder-column-139 fusion_builder_column_1_3 1_3 fusion-one-third\" style=\"--awb-bg-size:cover;width:30.6666%; margin-right: 4%;\"><div class=\"fusion-column-wrapper fusion-flex-column-wrapper-legacy\"><div class=\"fusion-text fusion-text-139\"><h3>La labor de las trabajadoras comunitarias de cuidado infantil en el conurbano bonaerense \u00bfUna forma de subsidio de \u201cabajo hacia arriba\u201d?<\/h3>\n<p><strong>Autora:<\/strong>\u00a0Marisa Fournier<\/p>\n<p>Link a publicaci\u00f3n:<br \/>\n<a href=\"http:\/\/observatorioconurbano.ungs.edu.ar\/Articulos y documentos\/28-DOSSIER-05-FOURNIER-MARISA-Genero-Trabajadoras-del-cuida.pdf\" target=\"_blank\" rel=\"noopener noreferrer\">28 DOSSIER 05 FOURNIER MARISA <em>Genero Trabajadoras del cuida<\/em><\/a><\/p>\n<p>&nbsp;<\/p>\n<div id=\"kpm_content_wrapper\" class=\"notranslate\"><\/div>\n<\/div><div class=\"fusion-clearfix\"><\/div><\/div><\/div><div class=\"fusion-layout-column fusion_builder_column fusion-builder-column-140 fusion_builder_column_1_3 1_3 fusion-one-third fusion-column-last\" style=\"--awb-bg-size:cover;width:30.6666%;\"><div class=\"fusion-column-wrapper fusion-flex-column-wrapper-legacy\"><div class=\"fusion-text fusion-text-140\"><h3 class=\"entry-title\">Esperando el derrame: el a\u00f1o de las grandes.<\/h3>\n<p>Relevamiento de la Situaci\u00f3n Actual de las Micro, Peque\u00f1as y Medianas Empresas en AMBA.<\/p>\n<p>Publicado por: CEPA Centro de Econom\u00eda Pol\u00edtica Argentina<\/p>\n<p>Link a publicaci\u00f3n:<br \/>\n<a href=\"http:\/\/eppa.com.ar\/wp-content\/uploads\/2016\/09\/Informe-MiPyMEs-CEPA.pdf\" target=\"_blank\" rel=\"noopener noreferrer\">http:\/\/eppa.com.ar\/wp-content\/uploads\/2016\/09\/Informe-MiPyMEs-CEPA.pdf<\/a><\/p>\n<div id=\"kpm_content_wrapper\" class=\"notranslate\"><\/div>\n<\/div><div class=\"fusion-clearfix\"><\/div><\/div><\/div><div class=\"fusion-layout-column fusion_builder_column fusion-builder-column-141 fusion_builder_column_1_3 1_3 fusion-one-third fusion-column-first\" style=\"--awb-bg-size:cover;width:30.6666%; margin-right: 4%;\"><div class=\"fusion-column-wrapper fusion-flex-column-wrapper-legacy\"><div class=\"fusion-text fusion-text-141\"><h3 class=\"entry-title\">Indicador Sint\u00e9tico Industria Manufacturera de la provincia de Buenos Aires<\/h3>\n<p>Junio 2016<\/p>\n<p>Publicado por: Provincia de Buenos Aires.\u00a0 Ministerio de Econom\u00eda. Subsecretar\u00eda de Coordinaci\u00f3n Econ\u00f3mica.\u00a0 Direcci\u00f3n Provincial de Estad\u00edstica<\/p>\n<p>Link a publicaci\u00f3n:<br \/>\n<a href=\"http:\/\/www.estadistica.ec.gba.gov.ar\/dpe\/images\/ISIM-PBA_Junio_2016.pdf\" target=\"_blank\" rel=\"noopener noreferrer\">http:\/\/www.estadistica.ec.gba.gov.ar\/dpe\/images\/ISIM-PBA_Junio_2016.pdf<\/a><\/p>\n<div id=\"kpm_content_wrapper\" class=\"notranslate\"><\/div>\n<\/div><div class=\"fusion-clearfix\"><\/div><\/div><\/div><div class=\"fusion-layout-column fusion_builder_column fusion-builder-column-142 fusion_builder_column_1_3 1_3 fusion-one-third\" style=\"--awb-bg-size:cover;width:30.6666%; margin-right: 4%;\"><div class=\"fusion-column-wrapper fusion-flex-column-wrapper-legacy\"><div class=\"fusion-text fusion-text-142\"><h3 class=\"entry-title\">Producto Bruto Geogr\u00e1fico &#8211; Desagregaci\u00f3n Municipal<\/h3>\n<p>Provincia de Buenos Aires. A\u00f1o 2003<\/p>\n<p>Publicado por: Provincia de Buenos Aires.\u00a0 Ministerio de Econom\u00eda. Subsecretar\u00eda de Hacienda.\u00a0 Direcci\u00f3n Provincial de Estad\u00edstica<\/p>\n<p>Link a publicaci\u00f3n:<br \/>\n<a href=\"http:\/\/www.estadistica.ec.gba.gov.ar\/dpe\/images\/pbgdesagrmuni.pdf\" target=\"_blank\" rel=\"noopener noreferrer\">http:\/\/www.estadistica.ec.gba.gov.ar\/&#8230;<\/a><\/p>\n<div id=\"kpm_content_wrapper\" class=\"notranslate\"><\/div>\n<\/div><div class=\"fusion-clearfix\"><\/div><\/div><\/div><div class=\"fusion-layout-column fusion_builder_column fusion-builder-column-143 fusion_builder_column_1_3 1_3 fusion-one-third fusion-column-last\" style=\"--awb-bg-size:cover;width:30.6666%;\"><div class=\"fusion-column-wrapper fusion-flex-column-wrapper-legacy\"><div class=\"fusion-text fusion-text-143\"><h3 class=\"entry-title\">Acceso a Derechos de la Personas Migrantes en la Provincia de Buenos Aires<\/h3>\n<p>Publicado en la\u00a0<strong>Biblioteca Virtual del Defensor<\/strong><\/p>\n<p>Publicaci\u00f3n en formato: <a href=\"http:\/\/observatorioconurbano.ungs.edu.ar\/Articulos\/Acceso_a_derechos_de_personas_migrantes_de_la_PBA.pdf\" target=\"_blank\" rel=\"noopener noreferrer\">PDF<\/a><\/p>\n<p>Link a publicaci\u00f3n:<br \/>\n<a href=\"https:\/\/www.defensorba.org.ar\/micrositios\/bibliotecavirtual\/\" target=\"_blank\" rel=\"noopener noreferrer\">https:\/\/www.defensorba.org.ar\/micrositios\/bibliotecavirtual\/<\/a><\/p>\n<\/div><div class=\"fusion-clearfix\"><\/div><\/div><\/div><div class=\"fusion-layout-column fusion_builder_column fusion-builder-column-144 fusion_builder_column_1_3 1_3 fusion-one-third fusion-column-first\" style=\"--awb-bg-size:cover;width:30.6666%; margin-right: 4%;\"><div class=\"fusion-column-wrapper fusion-flex-column-wrapper-legacy\"><div class=\"fusion-text fusion-text-144\"><h3 class=\"entry-title\">Violencia y Homicidios Dolosos en la Pcia. de Buenos Aires. 12-2014<\/h3>\n<p>Publicado en la\u00a0<strong>Biblioteca Virtual del Defensor<\/strong><\/p>\n<p>Publicaci\u00f3n en formato: <a href=\"http:\/\/observatorioconurbano.ungs.edu.ar\/Articulos\/Violencia_y_homicidios_dolosos_en_la_PBA.pdf\" target=\"_blank\" rel=\"noopener noreferrer\">PDF<\/a><\/p>\n<p>Link a publicaci\u00f3n:<br \/>\n<a href=\"https:\/\/www.defensorba.org.ar\/micrositios\/bibliotecavirtual\/\" target=\"_blank\" rel=\"noopener noreferrer\">https:\/\/www.defensorba.org.ar\/micrositios\/bibliotecavirtual\/<\/a><\/p>\n<\/div><div class=\"fusion-clearfix\"><\/div><\/div><\/div><div class=\"fusion-layout-column fusion_builder_column fusion-builder-column-145 fusion_builder_column_1_3 1_3 fusion-one-third\" style=\"--awb-bg-size:cover;width:30.6666%; margin-right: 4%;\"><div class=\"fusion-column-wrapper fusion-flex-column-wrapper-legacy\"><div class=\"fusion-text fusion-text-145\"><h3 class=\"entry-title\">Conurbano<\/h3>\n<p>Publicado en la Revista\u00a0<strong>Panam\u00e1<\/strong><\/p>\n<p>Por Mart\u00edn Rodr\u00edguez :: @Tintalimon<\/p>\n<p>Link a publicaci\u00f3n:<br \/>\n<a href=\"http:\/\/www.panamarevista.com\/conurbano-2\/\" target=\"_blank\" rel=\"noopener noreferrer\">http:\/\/www.panamarevista.com\/conurbano-2\/<\/a><\/p>\n<\/div><div class=\"fusion-clearfix\"><\/div><\/div><\/div><div class=\"fusion-layout-column fusion_builder_column fusion-builder-column-146 fusion_builder_column_1_3 1_3 fusion-one-third fusion-column-last\" style=\"--awb-bg-size:cover;width:30.6666%;\"><div class=\"fusion-column-wrapper fusion-flex-column-wrapper-legacy\"><div class=\"fusion-text fusion-text-146\"><h3>Microcosmos Hospitalario<\/h3>\n<p><strong>Redefiniendo las reglas en los hospitales del Gran Buenos Aires.<\/strong><\/p>\n<p>Mar\u00eda Crojethovic<\/p>\n<p><a href=\"http:\/\/observatorioconurbano.ungs.edu.ar\/wp-content\/uploads\/documentos\/Microcosmos-Hospitalario-Maria-Crojethovic.pdf\" target=\"_blank\" rel=\"noopener noreferrer\">Documento completo <\/a><\/p>\n<\/div><div class=\"fusion-clearfix\"><\/div><\/div><\/div><div class=\"fusion-layout-column fusion_builder_column fusion-builder-column-147 fusion_builder_column_1_3 1_3 fusion-one-third fusion-column-first\" style=\"--awb-bg-size:cover;width:30.6666%; margin-right: 4%;\"><div class=\"fusion-column-wrapper fusion-flex-column-wrapper-legacy\"><div class=\"fusion-text fusion-text-147\"><h3>Accesibilidad a la atenci\u00f3n de la salud en el Municipio de Malvinas Argentinas<\/h3>\n<p><strong>Colecci\u00f3n<\/strong>: Pol\u00edtica, pol\u00edticas y sociedad.\u00a0UNGS, Los Polvorines, 2012.<\/p>\n<p><strong>Autores<\/strong>: \u00a0Ariovich, A. y Jim\u00e9nez, C.<\/p>\n<p>Link a publicaci\u00f3n:<br \/>\n<a href=\"http:\/\/www.ungs.edu.ar\/areas\/publicaciones\/643\/accesibilidad-a-la-atencion-de-la-salud-en-el-municipio-de-malvinas-argentinas.html\" target=\"_blank\" rel=\"noopener noreferrer\">http:\/\/www.ungs.edu.ar\/areas\/publicaciones\/&#8230;<\/a><\/p>\n<\/div><div class=\"fusion-clearfix\"><\/div><\/div><\/div><div class=\"fusion-layout-column fusion_builder_column fusion-builder-column-148 fusion_builder_column_1_3 1_3 fusion-one-third\" style=\"--awb-bg-size:cover;width:30.6666%; margin-right: 4%;\"><div class=\"fusion-column-wrapper fusion-flex-column-wrapper-legacy\"><div class=\"fusion-text fusion-text-148\"><h3>Salud Pol\u00edtica y Territorio en el Gran Buenos Aires<\/h3>\n<p><strong>Colecci\u00f3n<\/strong>: Pol\u00edtica, pol\u00edticas y sociedad.\u00a0UNGS, Los Polvorines, 2012.<\/p>\n<p><strong>Autores<\/strong>: Chiara, M.; Moro, J.; Di Virgilio, M.M, Ariovich, A. y Jim\u00e9nez, C.<\/p>\n<p>Publicaci\u00f3n en formato: <a href=\"http:\/\/www.ungs.edu.ar\/cm\/uploaded_files\/publicaciones\/565_pps12%20-%20Salud%20politica%20y%20territorio.pdf\" target=\"_blank\" rel=\"noopener noreferrer\">PDF<\/a><\/p>\n<\/div><div class=\"fusion-clearfix\"><\/div><\/div><\/div><div class=\"fusion-layout-column fusion_builder_column fusion-builder-column-149 fusion_builder_column_1_3 1_3 fusion-one-third fusion-column-last\" style=\"--awb-bg-size:cover;width:30.6666%;\"><div class=\"fusion-column-wrapper fusion-flex-column-wrapper-legacy\"><div class=\"fusion-text fusion-text-149\"><h3>Accesibilidad a la atenci\u00f3n de la salud en el Municipio de San Fernando<\/h3>\n<p><strong>Colecci\u00f3n<\/strong>: publicaciones electr\u00f3nicas numero 19. UNGS, Los Polvorines, 2010.<\/p>\n<p><strong>Autores<\/strong>: Chiara, M.; Moro, J.;\u00a0Ariovich, A.;\u00a0Jim\u00e9nez, C.\u00a0y Di Virgilio, M.M.<\/p>\n<p>Link a publicaci\u00f3n:<br \/>\n<a href=\"http:\/\/www.ungs.edu.ar\/areas\/publicaciones\/314\/accesibilidad-a-la-atencion-de-la-salud-en-el-municipio-de-san-fernando.html\" target=\"_blank\" rel=\"noopener noreferrer\">http:\/\/www.ungs.edu.ar\/areas\/publicaciones\/&#8230;<\/a><\/p>\n<\/div><div class=\"fusion-clearfix\"><\/div><\/div><\/div><div class=\"fusion-layout-column fusion_builder_column fusion-builder-column-150 fusion_builder_column_1_3 1_3 fusion-one-third fusion-column-first\" style=\"--awb-bg-size:cover;width:30.6666%; margin-right: 4%;\"><div class=\"fusion-column-wrapper fusion-flex-column-wrapper-legacy\"><div class=\"fusion-text fusion-text-150\"><h3>Condiciones de vida, y control del embarazo en municipios de la Regi\u00f3n Sanitaria V, Provincia de Buenos Aires<\/h3>\n<p><strong>Colecci\u00f3n<\/strong>: publicaciones electr\u00f3nicas. UNGS, Los Polvorines, 2010.<\/p>\n<p><strong>Coordinadores<\/strong>: Chiara, M y Reimondi, R.<\/p>\n<p>Link a publicaci\u00f3n:<br \/>\n<a href=\"http:\/\/www.ungs.edu.ar\/areas\/publicaciones\/77\/condiciones-de-vida-y-control-del-embarazo-en-municipios-de-la-region-sanitaria-v-provincia-de-buenos-aires-.html\" target=\"_blank\" rel=\"noopener noreferrer\">http:\/\/www.ungs.edu.ar\/areas\/publicaciones\/&#8230;<\/a><\/p>\n<\/div><div class=\"fusion-clearfix\"><\/div><\/div><\/div><div class=\"fusion-layout-column fusion_builder_column fusion-builder-column-151 fusion_builder_column_1_3 1_3 fusion-one-third\" style=\"--awb-bg-size:cover;width:30.6666%; margin-right: 4%;\"><div class=\"fusion-column-wrapper fusion-flex-column-wrapper-legacy\"><div class=\"fusion-text fusion-text-151\"><h3>Participaci\u00f3n ciudadana, gesti\u00f3n social y gobernabilidad en Argentina: gobernando el conflicto a nivel local<\/h3>\n<p>En: Mari\u00f1ez Navarro, F. y Garza Cant\u00fa, V. (Coord.); <em>Pol\u00edtica P\u00fablica y Democracia en Am\u00e9rica Latina: Del an\u00e1lisis a la implementaci\u00f3n<\/em>.<br \/>\nEd. EGAP-ITES \/ Miguel Angel Porr\u00faa, pp 145-182,\u00a0 M\u00e9xico, 2009<br \/>\n<strong>Autores<\/strong>: Camou, A. y Di Virgilio, M. M<\/p>\n<p>Link a publicaci\u00f3n:<br \/>\n<a href=\"http:\/\/www.antoniocamou.com.ar\/PARTICIPACION%20CIUDADANA-Camou.htm\" target=\"_blank\" rel=\"noopener noreferrer\">http:\/\/www.antoniocamou.com.ar\/&#8230;<\/a><\/p>\n<\/div><div class=\"fusion-clearfix\"><\/div><\/div><\/div><div class=\"fusion-layout-column fusion_builder_column fusion-builder-column-152 fusion_builder_column_1_3 1_3 fusion-one-third fusion-column-last\" style=\"--awb-bg-size:cover;width:30.6666%;\"><div class=\"fusion-column-wrapper fusion-flex-column-wrapper-legacy\"><div class=\"fusion-text fusion-text-152\"><h3>Territorio y Pol\u00edtica Social en el Gran Buenos Aires: los gobiernos locales en la salida de la crisis 2001\/3<\/h3>\n<p>En: Almeida Cunha Filgueiras, C. y Pimenta de Faria, C. (Organizadoras): <em>Governo local e pol\u00edticas urbanas e participa\u00e7\u00e3o social na Am\u00e9rica do Sul<\/em>.<br \/>\nEd. da PUC-Minas, pp 95-140, Belo Horizonte, 2008.<br \/>\n<strong>Autora<\/strong>: Chiara, M<\/p>\n<p>Link a publicaci\u00f3n:<br \/>\n<a href=\"http:\/\/www.scielo.br\/scielo.php?pid=S1981-77462009000300008&amp;script=sci_arttext\" target=\"_blank\" rel=\"noopener noreferrer\">http:\/\/www.scielo.br\/&#8230;<\/a><\/p>\n<\/div><div class=\"fusion-clearfix\"><\/div><\/div><\/div><div class=\"fusion-layout-column fusion_builder_column fusion-builder-column-153 fusion_builder_column_1_3 1_3 fusion-one-third fusion-column-first\" style=\"--awb-bg-size:cover;width:30.6666%; margin-right: 4%;\"><div class=\"fusion-column-wrapper fusion-flex-column-wrapper-legacy\"><div class=\"fusion-text fusion-text-153\"><h3>Tensiones y dilemas en torno a la Gesti\u00f3n Local en Salud en el Gran Buenos Aires<\/h3>\n<p>En: Chiara, M.; Medina, A.; Miraglia, M. y Di Virgilio, M. (Organizadores): <em>Gesti\u00f3n Local en Salud: conceptos y experiencias.<br \/>\n<\/em>Relator\u00eda del Seminario 30 de noviembre y 1 de diciembre de 2006.<br \/>\nEd. UNGS, pp. 143-168. Buenos Aires, 2008.<br \/>\n<strong>Autoras<\/strong>: Chiara, M.; Di Virgilio, M. y \u00a0Miraglia, M.<\/p>\n<p>Link a publicaci\u00f3n:<br \/>\n<a href=\"http:\/\/www.ungs.edu.ar\/areas\/publicaciones\/123\/gestion-local-en-salud-conceptos-y-experiencias.html\" target=\"_blank\" rel=\"noopener noreferrer\">http:\/\/www.ungs.edu.ar\/areas\/publicaciones\/&#8230;<\/a><\/p>\n<\/div><div class=\"fusion-clearfix\"><\/div><\/div><\/div><div class=\"fusion-layout-column fusion_builder_column fusion-builder-column-154 fusion_builder_column_1_3 1_3 fusion-one-third\" style=\"--awb-bg-size:cover;width:30.6666%; margin-right: 4%;\"><div class=\"fusion-column-wrapper fusion-flex-column-wrapper-legacy\"><div class=\"fusion-text fusion-text-154\"><h3>Los Efectos de la Participaci\u00f3n no regulada en los Hospitales P\u00fablicos de la Provincia de Buenos Aires<\/h3>\n<p>Revista: <strong>KAIROS<\/strong>, Revista de Temas Sociales.<br \/>\nISSN 1514-9331. A\u00f1o 2014, Argentina.<br \/>\n<strong>Autora<\/strong>: Mar\u00eda Crojethovic.<\/p>\n<p>Publicaci\u00f3n en formato: <a href=\"http:\/\/www.ungs.edu.ar\/gestionsalud\/wp-content\/uploads\/2015\/09\/3-Publicaci%C3%B3n-crojethovic-1-1.pdf\" target=\"_blank\" rel=\"noopener noreferrer\">PDF<\/a><\/p>\n<\/div><div class=\"fusion-clearfix\"><\/div><\/div><\/div><div class=\"fusion-layout-column fusion_builder_column fusion-builder-column-155 fusion_builder_column_1_3 1_3 fusion-one-third fusion-column-last\" style=\"--awb-bg-size:cover;width:30.6666%;\"><div class=\"fusion-column-wrapper fusion-flex-column-wrapper-legacy\"><div class=\"fusion-text fusion-text-155\"><h3>El aspecto informal de las organizaciones p\u00fablicas: instrumento de dominaci\u00f3n y estrategia para el cambio<\/h3>\n<p>Pag 1- 19. Cuadernos del <strong>CENDES<\/strong>, N\u00b0 79, tercera \u00e9poca. A\u00f1o 2012.<br \/>\n<strong>Autora:<\/strong> Mar\u00eda Crojethovic<\/p>\n<p>Publicaci\u00f3n en formato: <a href=\"http:\/\/www.ungs.edu.ar\/gestionsalud\/wp-content\/uploads\/2015\/09\/4-Publicacion-Crojethovic-3.pdf\" target=\"_blank\" rel=\"noopener noreferrer\">PDF<\/a><\/p>\n<\/div><div class=\"fusion-clearfix\"><\/div><\/div><\/div><div class=\"fusion-layout-column fusion_builder_column fusion-builder-column-156 fusion_builder_column_1_3 1_3 fusion-one-third fusion-column-first\" style=\"--awb-bg-size:cover;width:30.6666%; margin-right: 4%;\"><div class=\"fusion-column-wrapper fusion-flex-column-wrapper-legacy\"><div class=\"fusion-text fusion-text-156\"><h3>Paradojas de la Descentralizaci\u00f3nen Salud en el Gran Buenos Aires, Argentina. Derroteros de la construcci\u00f3n de pol\u00edtica sanitaria en un escenario local<\/h3>\n<p>Revista:\u00a0<strong>Postdata<\/strong>. Revista de Reflexi\u00f3n y An\u00e1lisis Pol\u00edtico.<br \/>\nSAAP. Vol. 17, N\u00ba 2, octubre 2012.<br \/>\n<strong>Autora<\/strong>: Chiara, M.<\/p>\n<p>Link a publicaci\u00f3n:<br \/>\n<a href=\"http:\/\/www.scielo.org.ar\/scielo.php?pid=S1851-96012012000200006&amp;script=sci_arttext\" target=\"_blank\" rel=\"noopener noreferrer\">http:\/\/www.scielo.org.ar\/&#8230;<\/a><\/p>\n<\/div><div class=\"fusion-clearfix\"><\/div><\/div><\/div><div class=\"fusion-layout-column fusion_builder_column fusion-builder-column-157 fusion_builder_column_1_3 1_3 fusion-one-third\" style=\"--awb-bg-size:cover;width:30.6666%; margin-right: 4%;\"><div class=\"fusion-column-wrapper fusion-flex-column-wrapper-legacy\"><div class=\"fusion-text fusion-text-157\"><h3>Condiciones de Trabajo Precarias. Motivaci\u00f3n e Inter\u00e9s dentro de los Hospitales P\u00fablicos de la Provincia de Buenos Aires-Argentina<\/h3>\n<p>Pag 26-35. \u00a0Revista: <strong>GPT<\/strong><br \/>\nISSN 0718-5693. Edici\u00f3n n\u00b0 11 \/ Julio 2011.<br \/>\n<strong>Autora<\/strong>: Mar\u00eda Crojethovic<\/p>\n<p>Publicaci\u00f3n en formato: <a href=\"http:\/\/www.ungs.edu.ar\/gestionsalud\/wp-content\/uploads\/2015\/09\/6-Revista-gesti%C3%B3n-de-las-personas-2.pdf\" target=\"_blank\" rel=\"noopener noreferrer\">PDF<\/a><\/p>\n<\/div><div class=\"fusion-clearfix\"><\/div><\/div><\/div><div class=\"fusion-layout-column fusion_builder_column fusion-builder-column-158 fusion_builder_column_1_3 1_3 fusion-one-third fusion-column-last\" style=\"--awb-bg-size:cover;width:30.6666%;\"><div class=\"fusion-column-wrapper fusion-flex-column-wrapper-legacy\"><div class=\"fusion-text fusion-text-158\"><h3>La coparticipaci\u00f3n provincial por salud en el Gran Buenos Aires: Reflexiones en torno a la pol\u00edtica local (2000\/2005)<\/h3>\n<p>Revista: <strong>Salud Colectiva<\/strong>, Vol 6, Nro 1, pp 47-64,<br \/>\nUniversidad Nacional de Lan\u00fas, 2010.<br \/>\n<strong>Autoras<\/strong>: Chiara, M.; Di Virgilio, M. M. y Ariovich, A.<\/p>\n<p>Link a publicaci\u00f3n:<br \/>\n<a href=\"http:\/\/www.scielo.org.ar\/scielo.php?pid=S1851-82652010000100005&amp;script=sci_arttext&amp;tlng=es\" target=\"_blank\" rel=\"noopener noreferrer\">http:\/\/www.scielo.org.ar\/&#8230;<\/a><\/p>\n<\/div><div class=\"fusion-clearfix\"><\/div><\/div><\/div><div class=\"fusion-layout-column fusion_builder_column fusion-builder-column-159 fusion_builder_column_1_3 1_3 fusion-one-third fusion-column-first\" style=\"--awb-bg-size:cover;width:30.6666%; margin-right: 4%;\"><div class=\"fusion-column-wrapper fusion-flex-column-wrapper-legacy\"><div class=\"fusion-text fusion-text-159\"><h3>Inequidad (es) en la atenci\u00f3n de la salud en el Gran Buenos Aires, Argentina. Una mirada desde la gesti\u00f3n local<\/h3>\n<p>Revista: <strong>Postdata<\/strong>. Revista de Reflexi\u00f3n y An\u00e1lisis Pol\u00edtico.<br \/>\nSAAP,\u00a0 Nro. 14, pp 97-128, 2009.<br \/>\n<strong>Autores<\/strong>: Chiara, M.; Di Virgilio, M. M. y Moro, J<\/p>\n<p>Link a publicaci\u00f3n:<br \/>\n<a href=\"http:\/\/www.scielo.org.ar\/scielo.php?pid=S1851-96012009000100003&amp;script=sci_arttext\" target=\"_blank\" rel=\"noopener noreferrer\">http:\/\/www.scielo.org.ar\/&#8230;<\/a><\/p>\n<\/div><div class=\"fusion-clearfix\"><\/div><\/div><\/div><div class=\"fusion-layout-column fusion_builder_column fusion-builder-column-160 fusion_builder_column_1_3 1_3 fusion-one-third\" style=\"--awb-bg-size:cover;width:30.6666%; margin-right: 4%;\"><div class=\"fusion-column-wrapper fusion-flex-column-wrapper-legacy\"><div class=\"fusion-text fusion-text-160\"><h3>Las inequidades en el sistema de coparticipaci\u00f3n en salud<\/h3>\n<p>Entrevista a Magdalena Chiara, Revista de\u00a0 <strong>La Interhospitalaria<\/strong>,<br \/>\nProvincia de Buenos Aires. N\u00ba 35, Diciembre del a\u00f1o 2010<\/p>\n<p>Publicaci\u00f3n en formato: <a href=\"http:\/\/www.ungs.edu.ar\/cm\/uploaded_files\/file\/gestion_salud\/publicaciones\/Articulo-Nro35-28Paginas.pdf\" target=\"_blank\" rel=\"noopener noreferrer\">PDF<\/a><\/p>\n<\/div><div class=\"fusion-clearfix\"><\/div><\/div><\/div><div class=\"fusion-layout-column fusion_builder_column fusion-builder-column-161 fusion_builder_column_1_3 1_3 fusion-one-third fusion-column-last\" style=\"--awb-bg-size:cover;width:30.6666%;\"><div class=\"fusion-column-wrapper fusion-flex-column-wrapper-legacy\"><div class=\"fusion-text fusion-text-161\"><h3>Inequidad y fragmentaci\u00f3n en los servicios de salud del Gran Buenos Aires<\/h3>\n<p>Entrevista a Magdalena Chiara, Revista de\u00a0 <strong>La Interhospitalaria<\/strong>,<br \/>\nProvincia de Buenos Aires. N\u00ba 35, Diciembre del a\u00f1o 2010<\/p>\n<p>Link a publicaci\u00f3n:<br \/>\n<a href=\"http:\/\/managementensalud.blogspot.com\/2010\/06\/inequidad-y-fragmentacion-en-los.html\" target=\"_blank\" rel=\"noopener noreferrer\">http:\/\/managementensalud.blogspot.com\/&#8230;<br \/>\n<\/a><a href=\"http:\/\/infouniversidades.siu.edu.ar\/noticia.php?titulo=inequidad_y_fragmentacion_en_los_servicios_de_salud_del_gran_buenos_aires&amp;id=931\" target=\"_blank\" rel=\"noopener noreferrer\">http:\/\/infouniversidades.siu.edu.ar\/&#8230;<\/a><a href=\"http:\/\/managementensalud.blogspot.com\/2010\/06\/inequidad-y-fragmentacion-en-los.html\" target=\"_blank\" rel=\"noopener noreferrer\"><br \/>\n<\/a><\/p>\n<\/div><div class=\"fusion-clearfix\"><\/div><\/div><\/div><div class=\"fusion-layout-column fusion_builder_column fusion-builder-column-162 fusion_builder_column_1_3 1_3 fusion-one-third fusion-column-first\" style=\"--awb-bg-size:cover;width:30.6666%; margin-right: 4%;\"><div class=\"fusion-column-wrapper fusion-flex-column-wrapper-legacy\"><div class=\"fusion-text fusion-text-162\"><h3>La pol\u00edtica sanitaria local en el Municipio de Malvinas Argentinas (Gran Buenos Aires): de la b\u00fasqueda de la autonom\u00eda al liderazgo como prestador en la regi\u00f3n<\/h3>\n<p><strong>Autores<\/strong>: Chiara, M.; Moro, J.; Ariovich, A.; Jim\u00e9nez, C.<\/p>\n<p>Link a publicaci\u00f3n:<br \/>\n<a href=\"http:\/\/www.ungs.edu.ar\/gestionsalud\/?page_id=31\" target=\"_blank\" rel=\"noopener noreferrer\">http:\/\/www.ungs.edu.ar\/gestionsalud\/&#8230;<\/a><a href=\"http:\/\/managementensalud.blogspot.com\/2010\/06\/inequidad-y-fragmentacion-en-los.html\" target=\"_blank\" rel=\"noopener noreferrer\"><br \/>\n<\/a><\/p>\n<\/div><div class=\"fusion-clearfix\"><\/div><\/div><\/div><\/div><\/div><div class=\"fusion-fullwidth fullwidth-box fusion-builder-row-5 hundred-percent-fullwidth non-hundred-percent-height-scrolling\" style=\"--awb-border-radius-top-left:0px;--awb-border-radius-top-right:0px;--awb-border-radius-bottom-right:0px;--awb-border-radius-bottom-left:0px;--awb-overflow:visible;--awb-flex-wrap:wrap;\" ><div class=\"fusion-builder-row fusion-row\"><div class=\"fusion-layout-column fusion_builder_column fusion-builder-column-163 fusion_builder_column_1_1 1_1 fusion-one-full fusion-column-first fusion-column-last fusion-column-no-min-height\" style=\"--awb-bg-size:cover;--awb-margin-bottom:0px;\"><div class=\"fusion-column-wrapper fusion-flex-column-wrapper-legacy\"><div class=\"fusion-title title fusion-title-4 fusion-sep-none fusion-title-text fusion-title-size-two\" style=\"--awb-margin-bottom:30px;--awb-margin-top-small:0px;--awb-margin-right-small:0px;--awb-margin-bottom-small:20px;--awb-margin-left-small:0px;\"><h2 class=\"fusion-title-heading title-heading-left\" style=\"margin:0;\"><span style=\"color: #de5216;\">Libros<\/span><\/h2><\/div><div class=\"fusion-clearfix\"><\/div><\/div><\/div><\/div><\/div><div class=\"fusion-fullwidth fullwidth-box fusion-builder-row-6 nonhundred-percent-fullwidth non-hundred-percent-height-scrolling\" style=\"--awb-background-position:left top;--awb-border-sizes-top:0px;--awb-border-sizes-bottom:0px;--awb-border-sizes-left:0px;--awb-border-sizes-right:0px;--awb-border-radius-top-left:0px;--awb-border-radius-top-right:0px;--awb-border-radius-bottom-right:0px;--awb-border-radius-bottom-left:0px;--awb-padding-top:20px;--awb-padding-right:0px;--awb-padding-bottom:20px;--awb-padding-left:0px;--awb-flex-wrap:wrap;\" ><div class=\"fusion-builder-row fusion-row\"><div class=\"fusion-layout-column fusion_builder_column fusion-builder-column-164 fusion_builder_column_1_1 1_1 fusion-one-full fusion-column-first fusion-column-last fusion-column-no-min-height\" style=\"--awb-bg-size:cover;--awb-margin-bottom:0px;\"><div class=\"fusion-column-wrapper fusion-flex-column-wrapper-legacy\"><div class=\"fusion-blog-shortcode fusion-blog-shortcode-1 fusion-blog-archive fusion-blog-layout-grid-wrapper fusion-blog-pagination fusion-blog-no-images\"><style type=\"text\/css\">.fusion-blog-shortcode-1 .fusion-blog-layout-grid .fusion-post-grid{padding:10px;}.fusion-blog-shortcode-1 .fusion-posts-container{margin-left: -10px !important; margin-right:-10px !important;}<\/style><div class=\"fusion-posts-container fusion-posts-container-pagination fusion-no-meta-info fusion-blog-layout-grid fusion-blog-layout-grid-4 isotope\" data-pages=\"3\" data-grid-col-space=\"20\" style=\"margin: -10px -10px 0;min-height:500px;\"><article id=\"blog-1-post-10634\" class=\"fusion-post-grid post-10634 post type-post status-publish format-standard hentry category-libros category-publicaciones tag-conurbano tag-gran-buenos-aires tag-politica-sanitaria tag-salud\">\n<div class=\"fusion-post-wrapper\" style=\"background-color:rgba(255,255,255,0);border:1px solid #ebeaea;border-bottom-width:3px;\"><div class=\"fusion-post-content-wrapper\" style=\"padding:30px 25px 20px 25px;\"><div class=\"fusion-post-content post-content\"><h2 class=\"blog-shortcode-post-title entry-title\"><a href=\"https:\/\/observatorioconurbano.ungs.edu.ar\/?p=10634\">Salud, pol\u00edtica y territorio en el Gran Buenos Aires<\/a><\/h2><div class=\"fusion-post-content-container\"><p>  Salud, pol\u00edtica y territorio en el Gran Buenos Aires Autores: Magdalena Chiara, Ana Ariovich, Carlos Jim\u00e9nez, [...]<\/p><\/div><\/div><\/div><div class=\"fusion-clearfix\"><\/div><\/div>\n<\/article>\n<article id=\"blog-1-post-10281\" class=\"fusion-post-grid post-10281 post type-post status-publish format-standard hentry category-libros category-publicaciones tag-conurbano tag-gran-buenos-aires tag-politica-sanitaria tag-salud\">\n<div class=\"fusion-post-wrapper\" style=\"background-color:rgba(255,255,255,0);border:1px solid #ebeaea;border-bottom-width:3px;\"><div class=\"fusion-post-content-wrapper\" style=\"padding:30px 25px 20px 25px;\"><div class=\"fusion-post-content post-content\"><h2 class=\"blog-shortcode-post-title entry-title\"><a href=\"https:\/\/observatorioconurbano.ungs.edu.ar\/?p=10281\">La salud gobernada<\/a><\/h2><div class=\"fusion-post-content-container\"><p> Pol\u00edtica sanitaria en la Argentina 2001-2011 Autores: Magdalena Chiara Colecci\u00f3n: Pol\u00edtica, pol\u00edticas y sociedad Editorial: Universidad Nacional [...]<\/p><\/div><\/div><\/div><div class=\"fusion-clearfix\"><\/div><\/div>\n<\/article>\n<article id=\"blog-1-post-7093\" class=\"fusion-post-grid post-7093 post type-post status-publish format-standard hentry category-libros category-publicaciones\">\n<div class=\"fusion-post-wrapper\" style=\"background-color:rgba(255,255,255,0);border:1px solid #ebeaea;border-bottom-width:3px;\"><div class=\"fusion-post-content-wrapper\" style=\"padding:30px 25px 20px 25px;\"><div class=\"fusion-post-content post-content\"><h2 class=\"blog-shortcode-post-title entry-title\"><a href=\"https:\/\/observatorioconurbano.ungs.edu.ar\/?p=7093\">Viajeros del conurbano bonaerense<\/a><\/h2><div class=\"fusion-post-content-container\"><p> Una investigaci\u00f3n sobre las experiencias de movilidad en la periferia. Autores: Daniela Soldano, Carolina Palma Arce, Mariela [...]<\/p><\/div><\/div><\/div><div class=\"fusion-clearfix\"><\/div><\/div>\n<\/article>\n<article id=\"blog-1-post-6871\" class=\"fusion-post-grid post-6871 post type-post status-publish format-standard hentry category-libros category-publicaciones\">\n<div class=\"fusion-post-wrapper\" style=\"background-color:rgba(255,255,255,0);border:1px solid #ebeaea;border-bottom-width:3px;\"><div class=\"fusion-post-content-wrapper\" style=\"padding:30px 25px 20px 25px;\"><div class=\"fusion-post-content post-content\"><h2 class=\"blog-shortcode-post-title entry-title\"><a href=\"https:\/\/observatorioconurbano.ungs.edu.ar\/?p=6871\">Unidad en la diversidad?<\/a><\/h2><div class=\"fusion-post-content-container\"><p>  Juli\u00e1n Bertranou, Elsa Pereyra, Fernando Isuani (Autores) Colecci\u00f3n: Pol\u00edtica, pol\u00edticas y sociedad Editorial: Universidad Nacional de [...]<\/p><\/div><\/div><\/div><div class=\"fusion-clearfix\"><\/div><\/div>\n<\/article>\n<article id=\"blog-1-post-6084\" class=\"fusion-post-grid post-6084 post type-post status-publish format-standard has-post-thumbnail hentry category-libros category-publicaciones\">\n<div class=\"fusion-post-wrapper\" style=\"background-color:rgba(255,255,255,0);border:1px solid #ebeaea;border-bottom-width:3px;\"><div class=\"fusion-post-content-wrapper\" style=\"padding:30px 25px 20px 25px;\"><div class=\"fusion-post-content post-content\"><h2 class=\"blog-shortcode-post-title entry-title\"><a href=\"https:\/\/observatorioconurbano.ungs.edu.ar\/?p=6084\">Accesibilidad a la atenci\u00f3n de la salud en el municipio de Malvinas Argentinas<\/a><\/h2><div class=\"fusion-post-content-container\"><p> C\u00f3d: PPS15 Accesibilidad a la atenci\u00f3n de la salud en el municipio de Malvinas Argentinas Ariovich, Ana; [...]<\/p><\/div><\/div><\/div><div class=\"fusion-clearfix\"><\/div><\/div>\n<\/article>\n<article id=\"blog-1-post-6079\" class=\"fusion-post-grid post-6079 post type-post status-publish format-standard has-post-thumbnail hentry category-libros\">\n<div class=\"fusion-post-wrapper\" style=\"background-color:rgba(255,255,255,0);border:1px solid #ebeaea;border-bottom-width:3px;\"><div class=\"fusion-post-content-wrapper\" style=\"padding:30px 25px 20px 25px;\"><div class=\"fusion-post-content post-content\"><h2 class=\"blog-shortcode-post-title entry-title\"><a href=\"https:\/\/observatorioconurbano.ungs.edu.ar\/?p=6079\">La estructura de la recaudaci\u00f3n municipal en la Argentina<\/a><\/h2><div class=\"fusion-post-content-container\"><p> C\u00f3d: TI 12 La estructura de la recaudaci\u00f3n municipal en la Argentina alcances, limitaciones y desaf\u00edos L\u00f3pez [...]<\/p><\/div><\/div><\/div><div class=\"fusion-clearfix\"><\/div><\/div>\n<\/article>\n<article id=\"blog-1-post-6076\" class=\"fusion-post-grid post-6076 post type-post status-publish format-standard has-post-thumbnail hentry category-libros category-publicaciones\">\n<div class=\"fusion-post-wrapper\" style=\"background-color:rgba(255,255,255,0);border:1px solid #ebeaea;border-bottom-width:3px;\"><div class=\"fusion-post-content-wrapper\" style=\"padding:30px 25px 20px 25px;\"><div class=\"fusion-post-content post-content\"><h2 class=\"blog-shortcode-post-title entry-title\"><a href=\"https:\/\/observatorioconurbano.ungs.edu.ar\/?p=6076\">Precariedad urbana y reproducci\u00f3n social en la construcci\u00f3n de la ciudad<\/a><\/h2><div class=\"fusion-post-content-container\"><p> C\u00f3d: CM22 Precariedad urbana y reproducci\u00f3n social en la construcci\u00f3n de la ciudad El caso de la [...]<\/p><\/div><\/div><\/div><div class=\"fusion-clearfix\"><\/div><\/div>\n<\/article>\n<article id=\"blog-1-post-6070\" class=\"fusion-post-grid post-6070 post type-post status-publish format-standard has-post-thumbnail hentry category-libros category-publicaciones\">\n<div class=\"fusion-post-wrapper\" style=\"background-color:rgba(255,255,255,0);border:1px solid #ebeaea;border-bottom-width:3px;\"><div class=\"fusion-post-content-wrapper\" style=\"padding:30px 25px 20px 25px;\"><div class=\"fusion-post-content post-content\"><h2 class=\"blog-shortcode-post-title entry-title\"><a href=\"https:\/\/observatorioconurbano.ungs.edu.ar\/?p=6070\">La Reina del Plata<\/a><\/h2><div class=\"fusion-post-content-container\"><p> C\u00f3d: CM21 La Reina del Plata Buenos Aires: sociedad y residuos Su\u00e1rez, Francisco; (Autor) Editorial: UNGS Colecci\u00f3n [...]<\/p><\/div><\/div><\/div><div class=\"fusion-clearfix\"><\/div><\/div>\n<\/article>\n<article id=\"blog-1-post-5140\" class=\"fusion-post-grid post-5140 post type-post status-publish format-standard has-post-thumbnail hentry category-libros category-publicaciones\">\n<div class=\"fusion-post-wrapper\" style=\"background-color:rgba(255,255,255,0);border:1px solid #ebeaea;border-bottom-width:3px;\"><div class=\"fusion-post-content-wrapper\" style=\"padding:30px 25px 20px 25px;\"><div class=\"fusion-post-content post-content\"><h2 class=\"blog-shortcode-post-title entry-title\"><a href=\"https:\/\/observatorioconurbano.ungs.edu.ar\/?p=5140\">Gesti\u00f3n territorial integrada para el sector salud<\/a><\/h2><div class=\"fusion-post-content-container\"><p> C\u00f3d: CT01 Gesti\u00f3n territorial integrada para el sector salud Chiara, Magdalena;\u00a0 (Compiladora) Chiara, Magdalena; Catenazzi, Andrea; Di [...]<\/p><\/div><\/div><\/div><div class=\"fusion-clearfix\"><\/div><\/div>\n<\/article>\n<article id=\"blog-1-post-4865\" class=\"fusion-post-grid post-4865 post type-post status-publish format-standard has-post-thumbnail hentry category-libros category-publicaciones\">\n<div class=\"fusion-post-wrapper\" style=\"background-color:rgba(255,255,255,0);border:1px solid #ebeaea;border-bottom-width:3px;\"><div class=\"fusion-post-content-wrapper\" style=\"padding:30px 25px 20px 25px;\"><div class=\"fusion-post-content post-content\"><h2 class=\"blog-shortcode-post-title entry-title\"><a href=\"https:\/\/observatorioconurbano.ungs.edu.ar\/?p=4865\">Participaci\u00f3n, pol\u00edticas p\u00fablicas y territorio<\/a><\/h2><div class=\"fusion-post-content-container\"><p> C\u00f3d: CM20 Participaci\u00f3n, pol\u00edticas p\u00fablicas y territorio Aportes para la construcci\u00f3n de una perspectiva integral Adriana Rofman [...]<\/p><\/div><\/div><\/div><div class=\"fusion-clearfix\"><\/div><\/div>\n<\/article>\n<article id=\"blog-1-post-4773\" class=\"fusion-post-grid post-4773 post type-post status-publish format-standard has-post-thumbnail hentry category-libros category-publicaciones\">\n<div class=\"fusion-post-wrapper\" style=\"background-color:rgba(255,255,255,0);border:1px solid #ebeaea;border-bottom-width:3px;\"><div class=\"fusion-post-content-wrapper\" style=\"padding:30px 25px 20px 25px;\"><div class=\"fusion-post-content post-content\"><h2 class=\"blog-shortcode-post-title entry-title\"><a href=\"https:\/\/observatorioconurbano.ungs.edu.ar\/?p=4773\">Dos grandes metr\u00f3polis latinoamericanas<\/a><\/h2><div class=\"fusion-post-content-container\"><p> Dos grandes metr\u00f3polis latinoamericanas: Ciudad de M\u00e9xico y Buenos Aires Una perspectiva comparativa Martha Schteingart y Pedro [...]<\/p><\/div><\/div><\/div><div class=\"fusion-clearfix\"><\/div><\/div>\n<\/article>\n<article id=\"blog-1-post-4619\" class=\"fusion-post-grid post-4619 post type-post status-publish format-standard has-post-thumbnail hentry category-libros category-publicaciones\">\n<div class=\"fusion-post-wrapper\" style=\"background-color:rgba(255,255,255,0);border:1px solid #ebeaea;border-bottom-width:3px;\"><div class=\"fusion-post-content-wrapper\" style=\"padding:30px 25px 20px 25px;\"><div class=\"fusion-post-content post-content\"><h2 class=\"blog-shortcode-post-title entry-title\"><a href=\"https:\/\/observatorioconurbano.ungs.edu.ar\/?p=4619\">Recicloscopio IV<\/a><\/h2><div class=\"fusion-post-content-container\"><p> C\u00f3d: CM19 Recicloscopio IV Miradas sobre din\u00e1micas de gesti\u00f3n de residuos y organizaci\u00f3n de recuperadores Su\u00e1rez, Francisco; [...]<\/p><\/div><\/div><\/div><div class=\"fusion-clearfix\"><\/div><\/div>\n<\/article>\n<div class=\"fusion-clearfix\"><\/div><\/div><div class=\"pagination clearfix\"><span class=\"current\">1<\/span><a href=\"https:\/\/observatorioconurbano.ungs.edu.ar\/index.php?rest_route=%2Fwp%2Fv2%2Fpages%2F15932&#038;paged=2\" class=\"inactive\">2<\/a><a class=\"pagination-next\" rel=\"next\" href=\"https:\/\/observatorioconurbano.ungs.edu.ar\/index.php?rest_route=%2Fwp%2Fv2%2Fpages%2F15932&#038;paged=2\"><span class=\"page-text\">Siguiente<\/span><span class=\"page-next\"><\/span><\/a><\/div><div class=\"fusion-clearfix\"><\/div><\/div><div class=\"fusion-clearfix\"><\/div><\/div><\/div><\/div><\/div><\/p>\n<!-- WP Attachments -->\r\n        <div style=\"width:100%;margin:10px 0 10px 0;\">\r\n            <h3>Documentos<\/h3>\r\n        <ul class=\"post-attachments\"><li class=\"post-attachment mime-application-pdf\">                                                                                                                                                                                                                                                                              <a target=\"_blank\" rel=\"noopener noreferrer\" href=\"https:\/\/observatorioconurbano.ungs.edu.ar\/?page_id=15932&#038;download=23132\">Proyecto-realizado-en-el-marco-del-Proyecto-de-Investigacion-Accion-Participativa<\/a> <\/li><\/ul><\/div>","protected":false},"excerpt":{"rendered":"","protected":false},"author":2,"featured_media":0,"parent":0,"menu_order":0,"comment_status":"closed","ping_status":"closed","template":"","meta":{"_exactmetrics_skip_tracking":false,"_exactmetrics_sitenote_active":false,"_exactmetrics_sitenote_note":"","_exactmetrics_sitenote_category":0,"footnotes":""},"class_list":["post-15932","page","type-page","status-publish","hentry"],"_links":{"self":[{"href":"https:\/\/observatorioconurbano.ungs.edu.ar\/index.php?rest_route=\/wp\/v2\/pages\/15932","targetHints":{"allow":["GET"]}}],"collection":[{"href":"https:\/\/observatorioconurbano.ungs.edu.ar\/index.php?rest_route=\/wp\/v2\/pages"}],"about":[{"href":"https:\/\/observatorioconurbano.ungs.edu.ar\/index.php?rest_route=\/wp\/v2\/types\/page"}],"author":[{"embeddable":true,"href":"https:\/\/observatorioconurbano.ungs.edu.ar\/index.php?rest_route=\/wp\/v2\/users\/2"}],"replies":[{"embeddable":true,"href":"https:\/\/observatorioconurbano.ungs.edu.ar\/index.php?rest_route=%2Fwp%2Fv2%2Fcomments&post=15932"}],"version-history":[{"count":62,"href":"https:\/\/observatorioconurbano.ungs.edu.ar\/index.php?rest_route=\/wp\/v2\/pages\/15932\/revisions"}],"predecessor-version":[{"id":23308,"href":"https:\/\/observatorioconurbano.ungs.edu.ar\/index.php?rest_route=\/wp\/v2\/pages\/15932\/revisions\/23308"}],"wp:attachment":[{"href":"https:\/\/observatorioconurbano.ungs.edu.ar\/index.php?rest_route=%2Fwp%2Fv2%2Fmedia&parent=15932"}],"curies":[{"name":"wp","href":"https:\/\/api.w.org\/{rel}","templated":true}]}}