{"id":15565,"date":"2021-07-06T13:20:14","date_gmt":"2021-07-06T16:20:14","guid":{"rendered":"http:\/\/observatorioconurbano.ungs.edu.ar\/?page_id=15565"},"modified":"2025-12-05T20:30:33","modified_gmt":"2025-12-05T23:30:33","slug":"conurbano-en-debate-2-2","status":"publish","type":"page","link":"https:\/\/observatorioconurbano.ungs.edu.ar\/?page_id=15565","title":{"rendered":"PRODUCCIONES-ConUrbanoEnDebate"},"content":{"rendered":"<p><div class=\"fusion-fullwidth fullwidth-box fusion-builder-row-1 fusion-flex-container nonhundred-percent-fullwidth non-hundred-percent-height-scrolling\" style=\"--awb-border-radius-top-left:0px;--awb-border-radius-top-right:0px;--awb-border-radius-bottom-right:0px;--awb-border-radius-bottom-left:0px;--awb-margin-top:-97px;--awb-flex-wrap:wrap;\" ><div class=\"fusion-builder-row fusion-row fusion-flex-align-items-flex-start fusion-flex-content-wrap\" style=\"max-width:1144px;margin-left: calc(-4% \/ 2 );margin-right: calc(-4% \/ 2 );\"><div class=\"fusion-layout-column fusion_builder_column fusion-builder-column-0 fusion_builder_column_1_1 1_1 fusion-flex-column\" style=\"--awb-bg-size:cover;--awb-width-large:100%;--awb-margin-top-large:0px;--awb-spacing-right-large:1.92%;--awb-margin-bottom-large:20px;--awb-spacing-left-large:1.92%;--awb-width-medium:100%;--awb-order-medium:0;--awb-spacing-right-medium:1.92%;--awb-spacing-left-medium:1.92%;--awb-width-small:100%;--awb-order-small:0;--awb-spacing-right-small:1.92%;--awb-spacing-left-small:1.92%;\"><div class=\"fusion-column-wrapper fusion-column-has-shadow fusion-flex-justify-content-flex-start fusion-content-layout-column\"><div class=\"fusion-title title fusion-title-1 fusion-sep-none fusion-title-text fusion-title-size-two\" style=\"--awb-text-color:#ff891f;--awb-margin-top-small:0px;--awb-margin-right-small:0px;--awb-margin-bottom-small:20px;--awb-margin-left-small:0px;\"><h2 class=\"fusion-title-heading title-heading-left\" style=\"margin:0;\"><h1><a href=\"http:\/\/observatorioconurbano.ungs.edu.ar\"><span style=\"color: #000000;\"><span style=\"color: #138fa7;\">PRODUCCIONES<\/span><\/span><\/a> \u2192 <span style=\"color: #ff891f;\">CONURBANO EN DEBATE<\/span><\/h1><\/h2><\/div><\/div><\/div><\/div><\/div><div class=\"fusion-fullwidth fullwidth-box fusion-builder-row-2 fusion-flex-container nonhundred-percent-fullwidth non-hundred-percent-height-scrolling\" style=\"--awb-border-radius-top-left:0px;--awb-border-radius-top-right:0px;--awb-border-radius-bottom-right:0px;--awb-border-radius-bottom-left:0px;--awb-flex-wrap:wrap;\" ><div class=\"fusion-builder-row fusion-row fusion-flex-align-items-flex-start fusion-flex-content-wrap\" style=\"max-width:1144px;margin-left: calc(-4% \/ 2 );margin-right: calc(-4% \/ 2 );\"><div class=\"fusion-layout-column fusion_builder_column fusion-builder-column-1 fusion_builder_column_1_4 1_4 fusion-flex-column\" style=\"--awb-bg-size:cover;--awb-width-large:25%;--awb-margin-top-large:0px;--awb-spacing-right-large:7.68%;--awb-margin-bottom-large:20px;--awb-spacing-left-large:7.68%;--awb-width-medium:100%;--awb-order-medium:0;--awb-spacing-right-medium:1.92%;--awb-spacing-left-medium:1.92%;--awb-width-small:100%;--awb-order-small:0;--awb-spacing-right-small:1.92%;--awb-spacing-left-small:1.92%;\"><div class=\"fusion-column-wrapper fusion-column-has-shadow fusion-flex-justify-content-flex-start fusion-content-layout-column\"><\/div><\/div><div class=\"fusion-layout-column fusion_builder_column fusion-builder-column-2 fusion_builder_column_1_2 1_2 fusion-flex-column fusion-flex-align-self-center\" style=\"--awb-bg-size:cover;--awb-width-large:50%;--awb-margin-top-large:0px;--awb-spacing-right-large:3.84%;--awb-margin-bottom-large:-12px;--awb-spacing-left-large:3.84%;--awb-width-medium:100%;--awb-order-medium:0;--awb-spacing-right-medium:1.92%;--awb-spacing-left-medium:1.92%;--awb-width-small:100%;--awb-order-small:0;--awb-spacing-right-small:1.92%;--awb-spacing-left-small:1.92%;\"><div class=\"fusion-column-wrapper fusion-column-has-shadow fusion-flex-justify-content-center fusion-content-layout-column\"><div style=\"text-align:center;\"><a class=\"fusion-button button-flat fusion-button-default-size button-custom fusion-button-default button-1 fusion-button-span-yes fusion-button-default-type buttonklein\" style=\"--button_accent_color:#ffffff;--button_accent_hover_color:#000000;--button_border_hover_color:#638e1a;--button_gradient_top_color:#ff891f;--button_gradient_bottom_color:#ff891f;--button_gradient_top_color_hover:#fed53d;--button_gradient_bottom_color_hover:#fed53d;--button_text_transform:uppercase;\" target=\"_self\" href=\"http:\/\/observatorioconurbano.ungs.edu.ar\/?page_id=15630\"><span class=\"fusion-button-text awb-button__text awb-button__text--default\">todas<\/span><\/a><\/div><\/div><\/div><div class=\"fusion-layout-column fusion_builder_column fusion-builder-column-3 fusion_builder_column_1_4 1_4 fusion-flex-column\" style=\"--awb-bg-size:cover;--awb-width-large:25%;--awb-margin-top-large:0px;--awb-spacing-right-large:7.68%;--awb-margin-bottom-large:20px;--awb-spacing-left-large:7.68%;--awb-width-medium:100%;--awb-order-medium:0;--awb-spacing-right-medium:1.92%;--awb-spacing-left-medium:1.92%;--awb-width-small:100%;--awb-order-small:0;--awb-spacing-right-small:1.92%;--awb-spacing-left-small:1.92%;\"><div class=\"fusion-column-wrapper fusion-column-has-shadow fusion-flex-justify-content-flex-start fusion-content-layout-column\"><\/div><\/div><div class=\"fusion-layout-column fusion_builder_column fusion-builder-column-4 fusion_builder_column_1_1 1_1 fusion-flex-column fusion-flex-align-self-flex-end\" style=\"--awb-bg-size:cover;--awb-width-large:100%;--awb-margin-top-large:0px;--awb-spacing-right-large:1.92%;--awb-margin-bottom-large:20px;--awb-spacing-left-large:1.92%;--awb-width-medium:100%;--awb-order-medium:0;--awb-spacing-right-medium:1.92%;--awb-spacing-left-medium:1.92%;--awb-width-small:100%;--awb-order-small:0;--awb-spacing-right-small:1.92%;--awb-spacing-left-small:1.92%;\"><div class=\"fusion-column-wrapper fusion-column-has-shadow fusion-flex-justify-content-flex-start fusion-content-layout-column\"><div class=\"fusion-separator fusion-full-width-sep\" style=\"align-self: center;margin-left: auto;margin-right: auto;width:100%;\"><\/div><\/div><\/div><\/div><\/div><div class=\"fusion-fullwidth fullwidth-box fusion-builder-row-3 fusion-flex-container nonhundred-percent-fullwidth non-hundred-percent-height-scrolling\" style=\"--awb-border-radius-top-left:0px;--awb-border-radius-top-right:0px;--awb-border-radius-bottom-right:0px;--awb-border-radius-bottom-left:0px;--awb-flex-wrap:wrap;\" ><div class=\"fusion-builder-row fusion-row fusion-flex-align-items-center fusion-flex-content-wrap\" style=\"max-width:calc( 1100px + 10px );margin-left: calc(-10px \/ 2 );margin-right: calc(-10px \/ 2 );\"><div class=\"fusion-layout-column fusion_builder_column fusion-builder-column-5 fusion_builder_column_1_4 1_4 fusion-flex-column\" style=\"--awb-bg-size:cover;--awb-width-large:25%;--awb-margin-top-large:0px;--awb-spacing-right-large:5px;--awb-margin-bottom-large:20px;--awb-spacing-left-large:5px;--awb-width-medium:100%;--awb-order-medium:0;--awb-spacing-right-medium:5px;--awb-spacing-left-medium:5px;--awb-width-small:100%;--awb-order-small:0;--awb-spacing-right-small:5px;--awb-spacing-left-small:5px;\"><div class=\"fusion-column-wrapper fusion-column-has-shadow fusion-flex-justify-content-flex-start fusion-content-layout-column\"><div style=\"text-align:center;\"><a class=\"fusion-button button-flat fusion-button-default-size button-custom fusion-button-default button-2 fusion-button-span-yes fusion-button-default-type buttonklein\" style=\"--button_accent_color:#000000;--button_accent_hover_color:#000000;--button_border_hover_color:#638e1a;--button_gradient_top_color:#fed53d;--button_gradient_bottom_color:#fed53d;--button_gradient_top_color_hover:#fed53d;--button_gradient_bottom_color_hover:#fed53d;--button_text_transform:uppercase;\" target=\"_blank\" rel=\"noopener noreferrer\" href=\"https:\/\/observatorioconurbano.ungs.edu.ar\/?p=23203\"><span class=\"fusion-button-text awb-button__text awb-button__text--default\">conurbano en debate<\/span><\/a><\/div><\/div><\/div><div class=\"fusion-layout-column fusion_builder_column fusion-builder-column-6 fusion_builder_column_1_4 1_4 fusion-flex-column\" style=\"--awb-bg-size:cover;--awb-width-large:25%;--awb-margin-top-large:0px;--awb-spacing-right-large:5px;--awb-margin-bottom-large:20px;--awb-spacing-left-large:5px;--awb-width-medium:100%;--awb-order-medium:0;--awb-spacing-right-medium:5px;--awb-spacing-left-medium:5px;--awb-width-small:100%;--awb-order-small:0;--awb-spacing-right-small:5px;--awb-spacing-left-small:5px;\"><div class=\"fusion-column-wrapper fusion-column-has-shadow fusion-flex-justify-content-flex-start fusion-content-layout-column\"><div style=\"text-align:center;\"><a class=\"fusion-button button-flat fusion-button-default-size button-custom fusion-button-default button-3 fusion-button-span-yes fusion-button-default-type buttonklein\" style=\"--button_accent_color:#ffffff;--button_accent_hover_color:#000000;--button_border_hover_color:#638e1a;--button_gradient_top_color:#ff891f;--button_gradient_bottom_color:#ff891f;--button_gradient_top_color_hover:#fed53d;--button_gradient_bottom_color_hover:#fed53d;--button_text_transform:uppercase;\" target=\"_self\" href=\"http:\/\/observatorioconurbano.ungs.edu.ar\/?page_id=7412\"><span class=\"fusion-button-text awb-button__text awb-button__text--default\">boletines<\/span><\/a><\/div><\/div><\/div><div class=\"fusion-layout-column fusion_builder_column fusion-builder-column-7 fusion_builder_column_1_4 1_4 fusion-flex-column\" style=\"--awb-bg-size:cover;--awb-width-large:25%;--awb-margin-top-large:0px;--awb-spacing-right-large:5px;--awb-margin-bottom-large:20px;--awb-spacing-left-large:5px;--awb-width-medium:100%;--awb-order-medium:0;--awb-spacing-right-medium:5px;--awb-spacing-left-medium:5px;--awb-width-small:100%;--awb-order-small:0;--awb-spacing-right-small:5px;--awb-spacing-left-small:5px;\"><div class=\"fusion-column-wrapper fusion-column-has-shadow fusion-flex-justify-content-flex-start fusion-content-layout-column\"><div style=\"text-align:center;\"><a class=\"fusion-button button-flat fusion-button-default-size button-custom fusion-button-default button-4 fusion-button-span-yes fusion-button-default-type buttonklein\" style=\"--button_accent_color:#ffffff;--button_accent_hover_color:#000000;--button_border_hover_color:#638e1a;--button_gradient_top_color:#ff891f;--button_gradient_bottom_color:#ff891f;--button_gradient_top_color_hover:#fed53d;--button_gradient_bottom_color_hover:#fed53d;--button_text_transform:uppercase;\" target=\"_self\" href=\"http:\/\/observatorioconurbano.ungs.edu.ar\/?page_id=15646\"><span class=\"fusion-button-text awb-button__text awb-button__text--default\">art\u00edculos centrales<\/span><\/a><\/div><\/div><\/div><div class=\"fusion-layout-column fusion_builder_column fusion-builder-column-8 fusion_builder_column_1_4 1_4 fusion-flex-column\" style=\"--awb-bg-size:cover;--awb-width-large:25%;--awb-margin-top-large:0px;--awb-spacing-right-large:5px;--awb-margin-bottom-large:20px;--awb-spacing-left-large:5px;--awb-width-medium:100%;--awb-order-medium:0;--awb-spacing-right-medium:5px;--awb-spacing-left-medium:5px;--awb-width-small:100%;--awb-order-small:0;--awb-spacing-right-small:5px;--awb-spacing-left-small:5px;\"><div class=\"fusion-column-wrapper fusion-column-has-shadow fusion-flex-justify-content-flex-start fusion-content-layout-column\"><div style=\"text-align:center;\"><a class=\"fusion-button button-flat fusion-button-default-size button-custom fusion-button-default button-5 fusion-button-span-yes fusion-button-default-type buttonklein\" style=\"--button_accent_color:#ffffff;--button_accent_hover_color:#000000;--button_border_hover_color:#638e1a;--button_gradient_top_color:#ff891f;--button_gradient_bottom_color:#ff891f;--button_gradient_top_color_hover:#fed53d;--button_gradient_bottom_color_hover:#fed53d;--button_text_transform:uppercase;\" target=\"_self\" href=\"http:\/\/observatorioconurbano.ungs.edu.ar\/?page_id=15663\"><span class=\"fusion-button-text awb-button__text awb-button__text--default\">entrevistas<\/span><\/a><\/div><\/div><\/div><\/div><\/div><div class=\"fusion-fullwidth fullwidth-box fusion-builder-row-4 fusion-flex-container nonhundred-percent-fullwidth non-hundred-percent-height-scrolling\" style=\"--awb-border-radius-top-left:0px;--awb-border-radius-top-right:0px;--awb-border-radius-bottom-right:0px;--awb-border-radius-bottom-left:0px;--awb-margin-top:-12px;--awb-margin-bottom:10px;--awb-flex-wrap:wrap;\" ><div class=\"fusion-builder-row fusion-row fusion-flex-align-items-flex-start fusion-flex-justify-content-center fusion-flex-content-wrap\" style=\"max-width:calc( 1100px + 10px );margin-left: calc(-10px \/ 2 );margin-right: calc(-10px \/ 2 );\"><div class=\"fusion-layout-column fusion_builder_column fusion-builder-column-9 fusion_builder_column_1_4 1_4 fusion-flex-column\" style=\"--awb-bg-size:cover;--awb-width-large:25%;--awb-margin-top-large:0px;--awb-spacing-right-large:5px;--awb-margin-bottom-large:20px;--awb-spacing-left-large:5px;--awb-width-medium:100%;--awb-order-medium:0;--awb-spacing-right-medium:5px;--awb-spacing-left-medium:5px;--awb-width-small:100%;--awb-order-small:0;--awb-spacing-right-small:5px;--awb-spacing-left-small:5px;\"><div class=\"fusion-column-wrapper fusion-column-has-shadow fusion-flex-justify-content-flex-start fusion-content-layout-column\"><div style=\"text-align:center;\"><a class=\"fusion-button button-flat fusion-button-default-size button-custom fusion-button-default button-6 fusion-button-span-yes fusion-button-default-type buttonklein\" style=\"--button_accent_color:#ffffff;--button_accent_hover_color:#000000;--button_border_hover_color:#638e1a;--button_gradient_top_color:#ff891f;--button_gradient_bottom_color:#ff891f;--button_gradient_top_color_hover:#fed53d;--button_gradient_bottom_color_hover:#fed53d;--button_text_transform:uppercase;\" target=\"_self\" href=\"http:\/\/observatorioconurbano.ungs.edu.ar\/?page_id=15852\"><span class=\"fusion-button-text awb-button__text awb-button__text--default\">notas de prensa<\/span><\/a><\/div><\/div><\/div><div class=\"fusion-layout-column fusion_builder_column fusion-builder-column-10 fusion_builder_column_1_4 1_4 fusion-flex-column\" style=\"--awb-bg-size:cover;--awb-width-large:25%;--awb-margin-top-large:0px;--awb-spacing-right-large:5px;--awb-margin-bottom-large:20px;--awb-spacing-left-large:5px;--awb-width-medium:100%;--awb-order-medium:0;--awb-spacing-right-medium:5px;--awb-spacing-left-medium:5px;--awb-width-small:100%;--awb-order-small:0;--awb-spacing-right-small:5px;--awb-spacing-left-small:5px;\"><div class=\"fusion-column-wrapper fusion-column-has-shadow fusion-flex-justify-content-flex-start fusion-content-layout-column\"><div style=\"text-align:center;\"><a class=\"fusion-button button-flat fusion-button-default-size button-custom fusion-button-default button-7 fusion-button-span-yes fusion-button-default-type buttonklein\" style=\"--button_accent_color:#ffffff;--button_accent_hover_color:#000000;--button_border_hover_color:#638e1a;--button_gradient_top_color:#ff891f;--button_gradient_bottom_color:#ff891f;--button_gradient_top_color_hover:#fed53d;--button_gradient_bottom_color_hover:#fed53d;--button_text_transform:uppercase;\" target=\"_self\" href=\"http:\/\/observatorioconurbano.ungs.edu.ar\/?page_id=13141\"><span class=\"fusion-button-text awb-button__text awb-button__text--default\">serie especial<\/span><\/a><\/div><\/div><\/div><div class=\"fusion-layout-column fusion_builder_column fusion-builder-column-11 fusion_builder_column_1_4 1_4 fusion-flex-column\" style=\"--awb-bg-size:cover;--awb-width-large:25%;--awb-margin-top-large:0px;--awb-spacing-right-large:5px;--awb-margin-bottom-large:20px;--awb-spacing-left-large:5px;--awb-width-medium:100%;--awb-order-medium:0;--awb-spacing-right-medium:5px;--awb-spacing-left-medium:5px;--awb-width-small:100%;--awb-order-small:0;--awb-spacing-right-small:5px;--awb-spacing-left-small:5px;\"><div class=\"fusion-column-wrapper fusion-column-has-shadow fusion-flex-justify-content-flex-start fusion-content-layout-column\"><div style=\"text-align:center;\"><a class=\"fusion-button button-flat fusion-button-default-size button-custom fusion-button-default button-8 fusion-button-span-yes fusion-button-default-type buttonklein\" style=\"--button_accent_color:#ffffff;--button_accent_hover_color:#000000;--button_border_hover_color:#638e1a;--button_gradient_top_color:#ff891f;--button_gradient_bottom_color:#ff891f;--button_gradient_top_color_hover:#fed53d;--button_gradient_bottom_color_hover:#fed53d;--button_text_transform:uppercase;\" target=\"_self\" href=\"http:\/\/observatorioconurbano.ungs.edu.ar\/?page_id=16261\"><span class=\"fusion-button-text awb-button__text awb-button__text--default\">audiovisual<\/span><\/a><\/div><\/div><\/div><\/div><\/div><div class=\"fusion-fullwidth fullwidth-box fusion-builder-row-5 nonhundred-percent-fullwidth non-hundred-percent-height-scrolling\" style=\"--awb-background-position:left top;--awb-border-sizes-top:0px;--awb-border-sizes-bottom:0px;--awb-border-sizes-left:0px;--awb-border-sizes-right:0px;--awb-border-radius-top-left:0px;--awb-border-radius-top-right:0px;--awb-border-radius-bottom-right:0px;--awb-border-radius-bottom-left:0px;--awb-padding-top:20px;--awb-padding-bottom:20px;--awb-flex-wrap:wrap;\" ><div class=\"fusion-builder-row fusion-row\"><div class=\"fusion-layout-column fusion_builder_column fusion-builder-column-12 fusion_builder_column_1_1 1_1 fusion-one-full fusion-column-first fusion-column-last\" style=\"--awb-bg-size:cover;\"><div class=\"fusion-column-wrapper fusion-column-has-shadow fusion-flex-column-wrapper-legacy\"><div class=\"fusion-column-content-centered\"><div class=\"fusion-column-content\"><div class=\"fusion-blog-shortcode fusion-blog-shortcode-1 fusion-blog-archive fusion-blog-layout-grid-wrapper fusion-blog-no\" style=\"--grid_separator_color:#ffffff;\"><style type=\"text\/css\">.fusion-blog-shortcode-1 .fusion-blog-layout-grid .fusion-post-grid{padding:15px;}.fusion-blog-shortcode-1 .fusion-posts-container{margin-left: -15px !important; margin-right:-15px !important;}<\/style><div class=\"fusion-posts-container fusion-posts-container-no fusion-blog-layout-grid fusion-blog-layout-grid-3 isotope\" data-pages=\"0\" data-grid-col-space=\"30\" style=\"margin: -15px -15px 0;min-height:500px;\"><article id=\"blog-1-post-23203\" class=\"fusion-post-grid post-23203 post type-post status-publish format-standard hentry category-actividades category-agenda category-conurbano-en-debate-diciembre-2025 tag-ico tag-idei tag-inaes\">\n<div class=\"fusion-post-wrapper\" style=\"background-color:rgba(255,255,255,0);border:1px solid #d8d8d8;border-bottom-width:3px;\">\n\n<div class=\"fusion-post-content-wrapper\" style=\"padding:10px 15px 35px 15px;\"><div class=\"fusion-post-content post-content\"><h2 class=\"blog-shortcode-post-title entry-title\"><a href=\"https:\/\/observatorioconurbano.ungs.edu.ar\/?p=23203\">Algunos indicadores clave de agua y saneamiento<\/a><\/h2><p class=\"fusion-single-line-meta\"><span class=\"vcard\" style=\"display: none;\"><span class=\"fn\"><a href=\"https:\/\/observatorioconurbano.ungs.edu.ar\/?author=2\" title=\"Entradas de administrador\" rel=\"author\">administrador<\/a><\/span><\/span><span class=\"updated\" style=\"display:none;\">2025-12-05T20:32:57-03:00<\/span><a href=\"https:\/\/observatorioconurbano.ungs.edu.ar\/?cat=249\" rel=\"category\">Actividades<\/a>, <a href=\"https:\/\/observatorioconurbano.ungs.edu.ar\/?cat=202\" rel=\"category\">Agenda<\/a>, <a href=\"https:\/\/observatorioconurbano.ungs.edu.ar\/?cat=667\" rel=\"category\">Conurbano en debate Diciembre 2025<\/a><span class=\"fusion-inline-sep\">|<\/span><\/p><\/div><\/div><div class=\"fusion-clearfix\"><\/div><\/div>\n<\/article>\n<article id=\"blog-1-post-20888\" class=\"fusion-post-grid post-20888 post type-post status-publish format-standard has-post-thumbnail hentry category-conurbano-en-debate-agosto-2024 category-todas\">\n<div class=\"fusion-post-wrapper\" style=\"background-color:rgba(255,255,255,0);border:1px solid #d8d8d8;border-bottom-width:3px;\">\n\n\t\t\t<div class=\"fusion-flexslider flexslider fusion-flexslider-loading fusion-post-slideshow\" style=\"border-color:#d8d8d8;\">\n\t\t<ul class=\"slides\">\n\t\t\t\n\t\t\t\t\t\t\t\t\t\t\t\t\t\t<li><div  class=\"fusion-image-wrapper\" aria-haspopup=\"true\">\n\t\t\t\t\t\t\t<a href=\"https:\/\/observatorioconurbano.ungs.edu.ar\/?p=20888\" aria-label=\"Pobreza e indigencia: crece la brecha entre el conurbano y CABA\">\n\t\t\t\t\t\t\t<img decoding=\"async\" width=\"960\" height=\"640\" src=\"https:\/\/observatorioconurbano.ungs.edu.ar\/wp-content\/uploads\/pobreza-2024-II-Portada-nota_Mesa-de-trabajo.png\" class=\"attachment-full size-full wp-post-image\" alt=\"\" srcset=\"https:\/\/observatorioconurbano.ungs.edu.ar\/wp-content\/uploads\/pobreza-2024-II-Portada-nota_Mesa-de-trabajo-200x133.png 200w, https:\/\/observatorioconurbano.ungs.edu.ar\/wp-content\/uploads\/pobreza-2024-II-Portada-nota_Mesa-de-trabajo-400x267.png 400w, https:\/\/observatorioconurbano.ungs.edu.ar\/wp-content\/uploads\/pobreza-2024-II-Portada-nota_Mesa-de-trabajo-600x400.png 600w, https:\/\/observatorioconurbano.ungs.edu.ar\/wp-content\/uploads\/pobreza-2024-II-Portada-nota_Mesa-de-trabajo-800x533.png 800w, https:\/\/observatorioconurbano.ungs.edu.ar\/wp-content\/uploads\/pobreza-2024-II-Portada-nota_Mesa-de-trabajo.png 960w\" sizes=\"(min-width: 2200px) 100vw, (min-width: 784px) 347px, (min-width: 712px) 520px, (min-width: 640px) 712px, \" \/>\t\t\t<\/a>\n\t\t\t\t\t\t\t<\/div>\n<\/li>\n\t\t\t\n\t\t\t\n\t\t\t\t\t\t\t\t\t\t\t\t\t\t\t\t\t\t\t\t\t\t\t\t\t\t\t\t\t\t\t\t\t\t\t\t\t\t\t\t\t\t\t\t\t\t\t\t\t\t\t\t\t\t\t\t\t\t\t\t\t\t\t\t\t\t\t\t<\/ul>\n\t<\/div>\n\t<div class=\"fusion-post-content-wrapper\" style=\"padding:10px 15px 35px 15px;\"><div class=\"fusion-post-content post-content\"><h2 class=\"blog-shortcode-post-title entry-title\"><a href=\"https:\/\/observatorioconurbano.ungs.edu.ar\/?p=20888\">Pobreza e indigencia: crece la brecha entre el conurbano y CABA<\/a><\/h2><p class=\"fusion-single-line-meta\"><span class=\"vcard\" style=\"display: none;\"><span class=\"fn\"><a href=\"https:\/\/observatorioconurbano.ungs.edu.ar\/?author=2\" title=\"Entradas de administrador\" rel=\"author\">administrador<\/a><\/span><\/span><span class=\"updated\" style=\"display:none;\">2024-11-15T12:28:12-03:00<\/span><a href=\"https:\/\/observatorioconurbano.ungs.edu.ar\/?cat=664\" rel=\"category\">Conurbano en debate Agosto 2024<\/a>, <a href=\"https:\/\/observatorioconurbano.ungs.edu.ar\/?cat=527\" rel=\"category\">Todas<\/a><span class=\"fusion-inline-sep\">|<\/span><\/p><\/div><\/div><div class=\"fusion-clearfix\"><\/div><\/div>\n<\/article>\n<article id=\"blog-1-post-20504\" class=\"fusion-post-grid post-20504 post type-post status-publish format-standard has-post-thumbnail hentry category-conurbano-en-debate-agosto-2024 category-todas\">\n<div class=\"fusion-post-wrapper\" style=\"background-color:rgba(255,255,255,0);border:1px solid #d8d8d8;border-bottom-width:3px;\">\n\n\t\t\t<div class=\"fusion-flexslider flexslider fusion-flexslider-loading fusion-post-slideshow\" style=\"border-color:#d8d8d8;\">\n\t\t<ul class=\"slides\">\n\t\t\t\n\t\t\t\t\t\t\t\t\t\t\t\t\t\t<li><div  class=\"fusion-image-wrapper\" aria-haspopup=\"true\">\n\t\t\t\t\t\t\t<a href=\"https:\/\/observatorioconurbano.ungs.edu.ar\/?p=20504\" aria-label=\"Desocupaci\u00f3n e informalidad en el conurbano bonaerense: Primer Trimestre de 2024\">\n\t\t\t\t\t\t\t<img decoding=\"async\" width=\"800\" height=\"534\" src=\"https:\/\/observatorioconurbano.ungs.edu.ar\/wp-content\/uploads\/PORTADAA_Mesa-de-trabajo-1.jpg\" class=\"attachment-full size-full wp-post-image\" alt=\"PORTADAA_Mesa-de-trabajo-1\" srcset=\"https:\/\/observatorioconurbano.ungs.edu.ar\/wp-content\/uploads\/PORTADAA_Mesa-de-trabajo-1-200x134.jpg 200w, https:\/\/observatorioconurbano.ungs.edu.ar\/wp-content\/uploads\/PORTADAA_Mesa-de-trabajo-1-400x267.jpg 400w, https:\/\/observatorioconurbano.ungs.edu.ar\/wp-content\/uploads\/PORTADAA_Mesa-de-trabajo-1-600x401.jpg 600w, https:\/\/observatorioconurbano.ungs.edu.ar\/wp-content\/uploads\/PORTADAA_Mesa-de-trabajo-1.jpg 800w\" sizes=\"(min-width: 2200px) 100vw, (min-width: 784px) 347px, (min-width: 712px) 520px, (min-width: 640px) 712px, \" \/>\t\t\t<\/a>\n\t\t\t\t\t\t\t<\/div>\n<\/li>\n\t\t\t\n\t\t\t\n\t\t\t\t\t\t\t\t\t\t\t\t\t\t\t\t\t\t\t\t\t\t\t\t\t\t\t\t\t\t\t\t\t\t\t\t\t\t\t\t\t\t\t\t\t\t\t\t\t\t\t\t\t\t\t\t\t\t\t\t\t\t\t\t\t\t\t\t<\/ul>\n\t<\/div>\n\t<div class=\"fusion-post-content-wrapper\" style=\"padding:10px 15px 35px 15px;\"><div class=\"fusion-post-content post-content\"><h2 class=\"blog-shortcode-post-title entry-title\"><a href=\"https:\/\/observatorioconurbano.ungs.edu.ar\/?p=20504\">Desocupaci\u00f3n e informalidad en el conurbano bonaerense: Primer Trimestre de 2024<\/a><\/h2><p class=\"fusion-single-line-meta\"><span class=\"vcard\" style=\"display: none;\"><span class=\"fn\"><a href=\"https:\/\/observatorioconurbano.ungs.edu.ar\/?author=2\" title=\"Entradas de administrador\" rel=\"author\">administrador<\/a><\/span><\/span><span class=\"updated\" style=\"display:none;\">2024-10-16T11:34:12-03:00<\/span><a href=\"https:\/\/observatorioconurbano.ungs.edu.ar\/?cat=664\" rel=\"category\">Conurbano en debate Agosto 2024<\/a>, <a href=\"https:\/\/observatorioconurbano.ungs.edu.ar\/?cat=527\" rel=\"category\">Todas<\/a><span class=\"fusion-inline-sep\">|<\/span><\/p><\/div><\/div><div class=\"fusion-clearfix\"><\/div><\/div>\n<\/article>\n<article id=\"blog-1-post-20484\" class=\"fusion-post-grid post-20484 post type-post status-publish format-standard has-post-thumbnail hentry category-conurbano-en-debate-agosto-2024 category-todas\">\n<div class=\"fusion-post-wrapper\" style=\"background-color:rgba(255,255,255,0);border:1px solid #d8d8d8;border-bottom-width:3px;\">\n\n\t\t\t<div class=\"fusion-flexslider flexslider fusion-flexslider-loading fusion-post-slideshow\" style=\"border-color:#d8d8d8;\">\n\t\t<ul class=\"slides\">\n\t\t\t\n\t\t\t\t\t\t\t\t\t\t\t\t\t\t<li><div  class=\"fusion-image-wrapper\" aria-haspopup=\"true\">\n\t\t\t\t\t\t\t<a href=\"https:\/\/observatorioconurbano.ungs.edu.ar\/?p=20484\" aria-label=\"Pobreza e indigencia en el conurbano bonaerense 1er trimestre 2024\">\n\t\t\t\t\t\t\t<img decoding=\"async\" width=\"800\" height=\"534\" src=\"https:\/\/observatorioconurbano.ungs.edu.ar\/wp-content\/uploads\/Portada-pobreza-indigencia.png\" class=\"attachment-full size-full wp-post-image\" alt=\"Portada-pobreza-indigencia\" srcset=\"https:\/\/observatorioconurbano.ungs.edu.ar\/wp-content\/uploads\/Portada-pobreza-indigencia-200x134.png 200w, https:\/\/observatorioconurbano.ungs.edu.ar\/wp-content\/uploads\/Portada-pobreza-indigencia-400x267.png 400w, https:\/\/observatorioconurbano.ungs.edu.ar\/wp-content\/uploads\/Portada-pobreza-indigencia-600x401.png 600w, https:\/\/observatorioconurbano.ungs.edu.ar\/wp-content\/uploads\/Portada-pobreza-indigencia.png 800w\" sizes=\"(min-width: 2200px) 100vw, (min-width: 784px) 347px, (min-width: 712px) 520px, (min-width: 640px) 712px, \" \/>\t\t\t<\/a>\n\t\t\t\t\t\t\t<\/div>\n<\/li>\n\t\t\t\n\t\t\t\n\t\t\t\t\t\t\t\t\t\t\t\t\t\t\t\t\t\t\t\t\t\t\t\t\t\t\t\t\t\t\t\t\t\t\t\t\t\t\t\t\t\t\t\t\t\t\t\t\t\t\t\t\t\t\t\t\t\t\t\t\t\t\t\t\t\t\t\t<\/ul>\n\t<\/div>\n\t<div class=\"fusion-post-content-wrapper\" style=\"padding:10px 15px 35px 15px;\"><div class=\"fusion-post-content post-content\"><h2 class=\"blog-shortcode-post-title entry-title\"><a href=\"https:\/\/observatorioconurbano.ungs.edu.ar\/?p=20484\">Pobreza e indigencia en el conurbano bonaerense 1er trimestre 2024<\/a><\/h2><p class=\"fusion-single-line-meta\"><span class=\"vcard\" style=\"display: none;\"><span class=\"fn\"><a href=\"https:\/\/observatorioconurbano.ungs.edu.ar\/?author=2\" title=\"Entradas de administrador\" rel=\"author\">administrador<\/a><\/span><\/span><span class=\"updated\" style=\"display:none;\">2024-08-12T15:24:14-03:00<\/span><a href=\"https:\/\/observatorioconurbano.ungs.edu.ar\/?cat=664\" rel=\"category\">Conurbano en debate Agosto 2024<\/a>, <a href=\"https:\/\/observatorioconurbano.ungs.edu.ar\/?cat=527\" rel=\"category\">Todas<\/a><span class=\"fusion-inline-sep\">|<\/span><\/p><\/div><\/div><div class=\"fusion-clearfix\"><\/div><\/div>\n<\/article>\n<article id=\"blog-1-post-20040\" class=\"fusion-post-grid post-20040 post type-post status-publish format-standard has-post-thumbnail hentry category-conurbano-en-debate-abril-2024 category-todas\">\n<div class=\"fusion-post-wrapper\" style=\"background-color:rgba(255,255,255,0);border:1px solid #d8d8d8;border-bottom-width:3px;\">\n\n\t\t\t<div class=\"fusion-flexslider flexslider fusion-flexslider-loading fusion-post-slideshow\" style=\"border-color:#d8d8d8;\">\n\t\t<ul class=\"slides\">\n\t\t\t\n\t\t\t\t\t\t\t\t\t\t\t\t\t\t<li><div  class=\"fusion-image-wrapper\" aria-haspopup=\"true\">\n\t\t\t\t\t\t\t<a href=\"https:\/\/observatorioconurbano.ungs.edu.ar\/?p=20040\" aria-label=\"ANALIZANDO LA JUSTICIA RESTAURATIVA EN EL SISTEMA PENAL JUVENIL\">\n\t\t\t\t\t\t\t<img decoding=\"async\" width=\"900\" height=\"601\" src=\"https:\/\/observatorioconurbano.ungs.edu.ar\/wp-content\/uploads\/SIST.-PENAL-JUVENIL_Mesa-de-trabajo-2.jpg\" class=\"attachment-full size-full wp-post-image\" alt=\"SIST. PENAL JUVENIL\" srcset=\"https:\/\/observatorioconurbano.ungs.edu.ar\/wp-content\/uploads\/SIST.-PENAL-JUVENIL_Mesa-de-trabajo-2-200x134.jpg 200w, https:\/\/observatorioconurbano.ungs.edu.ar\/wp-content\/uploads\/SIST.-PENAL-JUVENIL_Mesa-de-trabajo-2-400x267.jpg 400w, https:\/\/observatorioconurbano.ungs.edu.ar\/wp-content\/uploads\/SIST.-PENAL-JUVENIL_Mesa-de-trabajo-2-600x401.jpg 600w, https:\/\/observatorioconurbano.ungs.edu.ar\/wp-content\/uploads\/SIST.-PENAL-JUVENIL_Mesa-de-trabajo-2-800x534.jpg 800w, https:\/\/observatorioconurbano.ungs.edu.ar\/wp-content\/uploads\/SIST.-PENAL-JUVENIL_Mesa-de-trabajo-2.jpg 900w\" sizes=\"(min-width: 2200px) 100vw, (min-width: 784px) 347px, (min-width: 712px) 520px, (min-width: 640px) 712px, \" \/>\t\t\t<\/a>\n\t\t\t\t\t\t\t<\/div>\n<\/li>\n\t\t\t\n\t\t\t\n\t\t\t\t\t\t\t\t\t\t\t\t\t\t\t\t\t\t\t\t\t\t\t\t\t\t\t\t\t\t\t\t\t\t\t\t\t\t\t\t\t\t\t\t\t\t\t\t\t\t\t\t\t\t\t\t\t\t\t\t\t\t\t\t\t\t\t\t<\/ul>\n\t<\/div>\n\t<div class=\"fusion-post-content-wrapper\" style=\"padding:10px 15px 35px 15px;\"><div class=\"fusion-post-content post-content\"><h2 class=\"blog-shortcode-post-title entry-title\"><a href=\"https:\/\/observatorioconurbano.ungs.edu.ar\/?p=20040\">ANALIZANDO LA JUSTICIA RESTAURATIVA EN EL SISTEMA PENAL JUVENIL<\/a><\/h2><p class=\"fusion-single-line-meta\"><span class=\"vcard\" style=\"display: none;\"><span class=\"fn\"><a href=\"https:\/\/observatorioconurbano.ungs.edu.ar\/?author=2\" title=\"Entradas de administrador\" rel=\"author\">administrador<\/a><\/span><\/span><span class=\"updated\" style=\"display:none;\">2024-04-16T20:38:49-03:00<\/span><a href=\"https:\/\/observatorioconurbano.ungs.edu.ar\/?cat=660\" rel=\"category\">Conurbano en debate Abril 2024<\/a>, <a href=\"https:\/\/observatorioconurbano.ungs.edu.ar\/?cat=527\" rel=\"category\">Todas<\/a><span class=\"fusion-inline-sep\">|<\/span><\/p><\/div><\/div><div class=\"fusion-clearfix\"><\/div><\/div>\n<\/article>\n<article id=\"blog-1-post-19869\" class=\"fusion-post-grid post-19869 post type-post status-publish format-standard has-post-thumbnail hentry category-conurbano-en-debate-marzo-2024 category-todas\">\n<div class=\"fusion-post-wrapper\" style=\"background-color:rgba(255,255,255,0);border:1px solid #d8d8d8;border-bottom-width:3px;\">\n\n\t\t\t<div class=\"fusion-flexslider flexslider fusion-flexslider-loading fusion-post-slideshow\" style=\"border-color:#d8d8d8;\">\n\t\t<ul class=\"slides\">\n\t\t\t\n\t\t\t\t\t\t\t\t\t\t\t\t\t\t<li><div  class=\"fusion-image-wrapper\" aria-haspopup=\"true\">\n\t\t\t\t\t\t\t<a href=\"https:\/\/observatorioconurbano.ungs.edu.ar\/?p=19869\" aria-label=\"El intento de cierre del INADI: un problema pol\u00edtico y de la pol\u00edtica p\u00fablica\">\n\t\t\t\t\t\t\t<img decoding=\"async\" width=\"350\" height=\"299\" src=\"https:\/\/observatorioconurbano.ungs.edu.ar\/wp-content\/uploads\/Imagen600ch.jpg\" class=\"attachment-full size-full wp-post-image\" alt=\"Imagen600ch\" srcset=\"https:\/\/observatorioconurbano.ungs.edu.ar\/wp-content\/uploads\/Imagen600ch-200x171.jpg 200w, https:\/\/observatorioconurbano.ungs.edu.ar\/wp-content\/uploads\/Imagen600ch.jpg 350w\" sizes=\"(min-width: 2200px) 100vw, (min-width: 784px) 347px, (min-width: 712px) 520px, (min-width: 640px) 712px, \" \/>\t\t\t<\/a>\n\t\t\t\t\t\t\t<\/div>\n<\/li>\n\t\t\t\n\t\t\t\n\t\t\t\t\t\t\t\t\t\t\t\t\t\t\t\t\t\t\t\t\t\t\t\t\t\t\t\t\t\t\t\t\t\t\t\t\t\t\t\t\t\t\t\t\t\t\t\t\t\t\t\t\t\t\t\t\t\t\t\t\t\t\t\t\t\t\t\t<\/ul>\n\t<\/div>\n\t<div class=\"fusion-post-content-wrapper\" style=\"padding:10px 15px 35px 15px;\"><div class=\"fusion-post-content post-content\"><h2 class=\"blog-shortcode-post-title entry-title\"><a href=\"https:\/\/observatorioconurbano.ungs.edu.ar\/?p=19869\">El intento de cierre del INADI: un problema pol\u00edtico y de la pol\u00edtica p\u00fablica<\/a><\/h2><p class=\"fusion-single-line-meta\"><span class=\"vcard\" style=\"display: none;\"><span class=\"fn\"><a href=\"https:\/\/observatorioconurbano.ungs.edu.ar\/?author=2\" title=\"Entradas de administrador\" rel=\"author\">administrador<\/a><\/span><\/span><span class=\"updated\" style=\"display:none;\">2024-03-02T18:26:40-03:00<\/span><a href=\"https:\/\/observatorioconurbano.ungs.edu.ar\/?cat=658\" rel=\"category\">Conurbano en debate Marzo 2024<\/a>, <a href=\"https:\/\/observatorioconurbano.ungs.edu.ar\/?cat=527\" rel=\"category\">Todas<\/a><span class=\"fusion-inline-sep\">|<\/span><\/p><\/div><\/div><div class=\"fusion-clearfix\"><\/div><\/div>\n<\/article>\n<article id=\"blog-1-post-19494\" class=\"fusion-post-grid post-19494 post type-post status-publish format-standard has-post-thumbnail hentry category-conurbano-en-debate-octubre-2023 category-todas\">\n<div class=\"fusion-post-wrapper\" style=\"background-color:rgba(255,255,255,0);border:1px solid #d8d8d8;border-bottom-width:3px;\">\n\n\t\t\t<div class=\"fusion-flexslider flexslider fusion-flexslider-loading fusion-post-slideshow\" style=\"border-color:#d8d8d8;\">\n\t\t<ul class=\"slides\">\n\t\t\t\n\t\t\t\t\t\t\t\t\t\t\t\t\t\t<li><div  class=\"fusion-image-wrapper\" aria-haspopup=\"true\">\n\t\t\t\t\t\t\t<a href=\"https:\/\/observatorioconurbano.ungs.edu.ar\/?p=19494\" aria-label=\"Resultado de las Elecciones Generales de octubre de 2023. El Conurbano Bonaerense eligi\u00f3 a Massa en primera vuelta.\">\n\t\t\t\t\t\t\t<img decoding=\"async\" width=\"695\" height=\"680\" src=\"https:\/\/observatorioconurbano.ungs.edu.ar\/wp-content\/uploads\/presidencial.png\" class=\"attachment-full size-full wp-post-image\" alt=\"presidencial\" srcset=\"https:\/\/observatorioconurbano.ungs.edu.ar\/wp-content\/uploads\/presidencial-200x196.png 200w, https:\/\/observatorioconurbano.ungs.edu.ar\/wp-content\/uploads\/presidencial-400x391.png 400w, https:\/\/observatorioconurbano.ungs.edu.ar\/wp-content\/uploads\/presidencial-600x587.png 600w, https:\/\/observatorioconurbano.ungs.edu.ar\/wp-content\/uploads\/presidencial.png 695w\" sizes=\"(min-width: 2200px) 100vw, (min-width: 784px) 347px, (min-width: 712px) 520px, (min-width: 640px) 712px, \" \/>\t\t\t<\/a>\n\t\t\t\t\t\t\t<\/div>\n<\/li>\n\t\t\t\n\t\t\t\n\t\t\t\t\t\t\t\t\t\t\t\t\t\t\t\t\t\t\t\t\t\t\t\t\t\t\t\t\t\t\t\t\t\t\t\t\t\t\t\t\t\t\t\t\t\t\t\t\t\t\t\t\t\t\t\t\t\t\t\t\t\t\t\t\t\t\t\t<\/ul>\n\t<\/div>\n\t<div class=\"fusion-post-content-wrapper\" style=\"padding:10px 15px 35px 15px;\"><div class=\"fusion-post-content post-content\"><h2 class=\"blog-shortcode-post-title entry-title\"><a href=\"https:\/\/observatorioconurbano.ungs.edu.ar\/?p=19494\">Resultado de las Elecciones Generales de octubre de 2023. El Conurbano Bonaerense eligi\u00f3 a Massa en primera vuelta.<\/a><\/h2><p class=\"fusion-single-line-meta\"><span class=\"vcard\" style=\"display: none;\"><span class=\"fn\"><a href=\"https:\/\/observatorioconurbano.ungs.edu.ar\/?author=2\" title=\"Entradas de administrador\" rel=\"author\">administrador<\/a><\/span><\/span><span class=\"updated\" style=\"display:none;\">2023-11-03T21:08:44-03:00<\/span><a href=\"https:\/\/observatorioconurbano.ungs.edu.ar\/?cat=648\" rel=\"category\">Conurbano en debate Octubre 2023<\/a>, <a href=\"https:\/\/observatorioconurbano.ungs.edu.ar\/?cat=527\" rel=\"category\">Todas<\/a><span class=\"fusion-inline-sep\">|<\/span><\/p><\/div><\/div><div class=\"fusion-clearfix\"><\/div><\/div>\n<\/article>\n<article id=\"blog-1-post-19244\" class=\"fusion-post-grid post-19244 post type-post status-publish format-standard has-post-thumbnail hentry category-conurbano-en-debate-agosto-2023 category-todas\">\n<div class=\"fusion-post-wrapper\" style=\"background-color:rgba(255,255,255,0);border:1px solid #d8d8d8;border-bottom-width:3px;\">\n\n\t\t\t<div class=\"fusion-flexslider flexslider fusion-flexslider-loading fusion-post-slideshow\" style=\"border-color:#d8d8d8;\">\n\t\t<ul class=\"slides\">\n\t\t\t\n\t\t\t\t\t\t\t\t\t\t\t\t\t\t<li><div  class=\"fusion-image-wrapper\" aria-haspopup=\"true\">\n\t\t\t\t\t\t\t<a href=\"https:\/\/observatorioconurbano.ungs.edu.ar\/?p=19244\" aria-label=\"Resultado de las elecciones PASO en el Conurbano Bonaerense\">\n\t\t\t\t\t\t\t<img decoding=\"async\" width=\"417\" height=\"439\" src=\"https:\/\/observatorioconurbano.ungs.edu.ar\/wp-content\/uploads\/votos-a-intendente-1.jpg\" class=\"attachment-full size-full wp-post-image\" alt=\"\" srcset=\"https:\/\/observatorioconurbano.ungs.edu.ar\/wp-content\/uploads\/votos-a-intendente-1-200x211.jpg 200w, https:\/\/observatorioconurbano.ungs.edu.ar\/wp-content\/uploads\/votos-a-intendente-1-400x421.jpg 400w, https:\/\/observatorioconurbano.ungs.edu.ar\/wp-content\/uploads\/votos-a-intendente-1.jpg 417w\" sizes=\"(min-width: 2200px) 100vw, (min-width: 784px) 347px, (min-width: 712px) 520px, (min-width: 640px) 712px, \" \/>\t\t\t<\/a>\n\t\t\t\t\t\t\t<\/div>\n<\/li>\n\t\t\t\n\t\t\t\n\t\t\t\t\t\t\t\t\t\t\t\t\t\t\t\t\t\t\t\t\t\t\t\t\t\t\t\t\t\t\t\t\t\t\t\t\t\t\t\t\t\t\t\t\t\t\t\t\t\t\t\t\t\t\t\t\t\t\t\t\t\t\t\t\t\t\t\t<\/ul>\n\t<\/div>\n\t<div class=\"fusion-post-content-wrapper\" style=\"padding:10px 15px 35px 15px;\"><div class=\"fusion-post-content post-content\"><h2 class=\"blog-shortcode-post-title entry-title\"><a href=\"https:\/\/observatorioconurbano.ungs.edu.ar\/?p=19244\">Resultado de las elecciones PASO en el Conurbano Bonaerense<\/a><\/h2><p class=\"fusion-single-line-meta\"><span class=\"vcard\" style=\"display: none;\"><span class=\"fn\"><a href=\"https:\/\/observatorioconurbano.ungs.edu.ar\/?author=2\" title=\"Entradas de administrador\" rel=\"author\">administrador<\/a><\/span><\/span><span class=\"updated\" style=\"display:none;\">2023-10-27T19:14:55-03:00<\/span><a href=\"https:\/\/observatorioconurbano.ungs.edu.ar\/?cat=646\" rel=\"category\">Conurbano en debate Agosto 2023<\/a>, <a href=\"https:\/\/observatorioconurbano.ungs.edu.ar\/?cat=527\" rel=\"category\">Todas<\/a><span class=\"fusion-inline-sep\">|<\/span><\/p><\/div><\/div><div class=\"fusion-clearfix\"><\/div><\/div>\n<\/article>\n<article id=\"blog-1-post-17483\" class=\"fusion-post-grid post-17483 post type-post status-publish format-standard has-post-thumbnail hentry category-conurbano-en-debate-marzo-2022 category-todas\">\n<div class=\"fusion-post-wrapper\" style=\"background-color:rgba(255,255,255,0);border:1px solid #d8d8d8;border-bottom-width:3px;\">\n\n\t\t\t<div class=\"fusion-flexslider flexslider fusion-flexslider-loading fusion-post-slideshow\" style=\"border-color:#d8d8d8;\">\n\t\t<ul class=\"slides\">\n\t\t\t\n\t\t\t\t\t\t\t\t\t\t\t\t\t\t<li><div  class=\"fusion-image-wrapper\" aria-haspopup=\"true\">\n\t\t\t\t\t\t\t<a href=\"https:\/\/observatorioconurbano.ungs.edu.ar\/?p=17483\" aria-label=\"Recrudecen las desigualdades econ\u00f3micas de g\u00e9nero\">\n\t\t\t\t\t\t\t<img decoding=\"async\" width=\"800\" height=\"450\" src=\"https:\/\/observatorioconurbano.ungs.edu.ar\/wp-content\/uploads\/Imagen-para-la-web.jpg\" class=\"attachment-full size-full wp-post-image\" alt=\"Imagen-para-la-web\" \/>\t\t\t<\/a>\n\t\t\t\t\t\t\t<\/div>\n<\/li>\n\t\t\t\n\t\t\t\n\t\t\t\t\t\t\t\t\t\t\t\t\t\t\t\t\t\t\t\t\t\t\t\t\t\t\t\t\t\t\t\t\t\t\t\t\t\t\t\t\t\t\t\t\t\t\t\t\t\t\t\t\t\t\t\t\t\t\t\t\t\t\t\t\t\t\t\t<\/ul>\n\t<\/div>\n\t<div class=\"fusion-post-content-wrapper\" style=\"padding:10px 15px 35px 15px;\"><div class=\"fusion-post-content post-content\"><h2 class=\"blog-shortcode-post-title entry-title\"><a href=\"https:\/\/observatorioconurbano.ungs.edu.ar\/?p=17483\">Recrudecen las desigualdades econ\u00f3micas de g\u00e9nero<\/a><\/h2><p class=\"fusion-single-line-meta\"><span class=\"vcard\" style=\"display: none;\"><span class=\"fn\"><a href=\"https:\/\/observatorioconurbano.ungs.edu.ar\/?author=2\" title=\"Entradas de administrador\" rel=\"author\">administrador<\/a><\/span><\/span><span class=\"updated\" style=\"display:none;\">2023-08-15T20:22:29-03:00<\/span><a href=\"https:\/\/observatorioconurbano.ungs.edu.ar\/?cat=618\" rel=\"category\">Conurbano en debate Marzo 2022<\/a>, <a href=\"https:\/\/observatorioconurbano.ungs.edu.ar\/?cat=527\" rel=\"category\">Todas<\/a><span class=\"fusion-inline-sep\">|<\/span><\/p><\/div><\/div><div class=\"fusion-clearfix\"><\/div><\/div>\n<\/article>\n<article id=\"blog-1-post-17034\" class=\"fusion-post-grid post-17034 post type-post status-publish format-standard has-post-thumbnail hentry category-conurbano-en-debate-noviembre-2021 category-todas\">\n<div class=\"fusion-post-wrapper\" style=\"background-color:rgba(255,255,255,0);border:1px solid #d8d8d8;border-bottom-width:3px;\">\n\n\t\t\t<div class=\"fusion-flexslider flexslider fusion-flexslider-loading fusion-post-slideshow\" style=\"border-color:#d8d8d8;\">\n\t\t<ul class=\"slides\">\n\t\t\t\n\t\t\t\t\t\t\t\t\t\t\t\t\t\t<li><div  class=\"fusion-image-wrapper\" aria-haspopup=\"true\">\n\t\t\t\t\t\t\t<a href=\"https:\/\/observatorioconurbano.ungs.edu.ar\/?p=17034\" aria-label=\"Elecciones en el conurbano bonaerense: El Frente de Todos gana con ajustado margen mientras Juntos avanza en municipios oficialistas\">\n\t\t\t\t\t\t\t<img decoding=\"async\" width=\"700\" height=\"654\" src=\"https:\/\/observatorioconurbano.ungs.edu.ar\/wp-content\/uploads\/Vista-previa_elecciones-700-2.jpg\" class=\"attachment-full size-full wp-post-image\" alt=\"Vista-previa_elecciones\" \/>\t\t\t<\/a>\n\t\t\t\t\t\t\t<\/div>\n<\/li>\n\t\t\t\n\t\t\t\n\t\t\t\t\t\t\t\t\t\t\t\t\t\t\t\t\t\t\t\t\t\t\t\t\t\t\t\t\t\t\t\t\t\t\t\t\t\t\t\t\t\t\t\t\t\t\t\t\t\t\t\t\t\t\t\t\t\t\t\t\t\t\t\t\t\t\t\t<\/ul>\n\t<\/div>\n\t<div class=\"fusion-post-content-wrapper\" style=\"padding:10px 15px 35px 15px;\"><div class=\"fusion-post-content post-content\"><h2 class=\"blog-shortcode-post-title entry-title\"><a href=\"https:\/\/observatorioconurbano.ungs.edu.ar\/?p=17034\">Elecciones en el conurbano bonaerense: El Frente de Todos gana con ajustado margen mientras Juntos avanza en municipios oficialistas<\/a><\/h2><p class=\"fusion-single-line-meta\"><span class=\"vcard\" style=\"display: none;\"><span class=\"fn\"><a href=\"https:\/\/observatorioconurbano.ungs.edu.ar\/?author=2\" title=\"Entradas de administrador\" rel=\"author\">administrador<\/a><\/span><\/span><span class=\"updated\" style=\"display:none;\">2022-03-08T11:07:42-03:00<\/span><a href=\"https:\/\/observatorioconurbano.ungs.edu.ar\/?cat=614\" rel=\"category\">Conurbano en debate Noviembre 2021<\/a>, <a href=\"https:\/\/observatorioconurbano.ungs.edu.ar\/?cat=527\" rel=\"category\">Todas<\/a><span class=\"fusion-inline-sep\">|<\/span><\/p><\/div><\/div><div class=\"fusion-clearfix\"><\/div><\/div>\n<\/article>\n<article id=\"blog-1-post-14801\" class=\"fusion-post-grid post-14801 post type-post status-publish format-standard has-post-thumbnail hentry category-conurbano-en-debate-abril-2021 category-todas\">\n<div class=\"fusion-post-wrapper\" style=\"background-color:rgba(255,255,255,0);border:1px solid #d8d8d8;border-bottom-width:3px;\">\n\n\t\t\t<div class=\"fusion-flexslider flexslider fusion-flexslider-loading fusion-post-slideshow\" style=\"border-color:#d8d8d8;\">\n\t\t<ul class=\"slides\">\n\t\t\t\n\t\t\t\t\t\t\t\t\t\t\t\t\t\t<li><div  class=\"fusion-image-wrapper\" aria-haspopup=\"true\">\n\t\t\t\t\t\t\t<a href=\"https:\/\/observatorioconurbano.ungs.edu.ar\/?p=14801\" aria-label=\"Respuestas de los gobiernos municipales frente a covid- 19\">\n\t\t\t\t\t\t\t<img decoding=\"async\" width=\"350\" height=\"280\" src=\"https:\/\/observatorioconurbano.ungs.edu.ar\/wp-content\/uploads\/Portada-CenD-350.jpg\" class=\"attachment-full size-full wp-post-image\" alt=\"portada CenD\" \/>\t\t\t<\/a>\n\t\t\t\t\t\t\t<\/div>\n<\/li>\n\t\t\t\n\t\t\t\n\t\t\t\t\t\t\t\t\t\t\t\t\t\t\t\t\t\t\t\t\t\t\t\t\t\t\t\t\t\t\t\t\t\t\t\t\t\t\t\t\t\t\t\t\t\t\t\t\t\t\t\t\t\t\t\t\t\t\t\t\t\t\t\t\t\t\t\t<\/ul>\n\t<\/div>\n\t<div class=\"fusion-post-content-wrapper\" style=\"padding:10px 15px 35px 15px;\"><div class=\"fusion-post-content post-content\"><h2 class=\"blog-shortcode-post-title entry-title\"><a href=\"https:\/\/observatorioconurbano.ungs.edu.ar\/?p=14801\">Respuestas de los gobiernos municipales frente a covid- 19<\/a><\/h2><p class=\"fusion-single-line-meta\"><span class=\"vcard\" style=\"display: none;\"><span class=\"fn\"><a href=\"https:\/\/observatorioconurbano.ungs.edu.ar\/?author=2\" title=\"Entradas de administrador\" rel=\"author\">administrador<\/a><\/span><\/span><span class=\"updated\" style=\"display:none;\">2021-11-27T13:09:58-03:00<\/span><a href=\"https:\/\/observatorioconurbano.ungs.edu.ar\/?cat=521\" rel=\"category\">Conurbano en debate Abril 2021<\/a>, <a href=\"https:\/\/observatorioconurbano.ungs.edu.ar\/?cat=527\" rel=\"category\">Todas<\/a><span class=\"fusion-inline-sep\">|<\/span><\/p><\/div><\/div><div class=\"fusion-clearfix\"><\/div><\/div>\n<\/article>\n<article id=\"blog-1-post-14135\" class=\"fusion-post-grid post-14135 post type-post status-publish format-standard has-post-thumbnail hentry category-conurbano-en-debate-octubre-2020 category-todas\">\n<div class=\"fusion-post-wrapper\" style=\"background-color:rgba(255,255,255,0);border:1px solid #d8d8d8;border-bottom-width:3px;\">\n\n\t\t\t<div class=\"fusion-flexslider flexslider fusion-flexslider-loading fusion-post-slideshow\" style=\"border-color:#d8d8d8;\">\n\t\t<ul class=\"slides\">\n\t\t\t\n\t\t\t\t\t\t\t\t\t\t\t\t\t\t<li><div  class=\"fusion-image-wrapper\" aria-haspopup=\"true\">\n\t\t\t\t\t\t\t<a href=\"https:\/\/observatorioconurbano.ungs.edu.ar\/?p=14135\" aria-label=\"Radiograf\u00eda de la asistencia social en el Conurbano\">\n\t\t\t\t\t\t\t<img decoding=\"async\" width=\"635\" height=\"398\" src=\"https:\/\/observatorioconurbano.ungs.edu.ar\/wp-content\/uploads\/Mapa-asistencia-social_presentacion398.jpg\" class=\"attachment-full size-full wp-post-image\" alt=\"Mapa asistencia\" \/>\t\t\t<\/a>\n\t\t\t\t\t\t\t<\/div>\n<\/li>\n\t\t\t\n\t\t\t\n\t\t\t\t\t\t\t\t\t\t\t\t\t\t\t\t\t\t\t\t\t\t\t\t\t\t\t\t\t\t\t\t\t\t\t\t\t\t\t\t\t\t\t\t\t\t\t\t\t\t\t\t\t\t\t\t\t\t\t\t\t\t\t\t\t\t\t\t<\/ul>\n\t<\/div>\n\t<div class=\"fusion-post-content-wrapper\" style=\"padding:10px 15px 35px 15px;\"><div class=\"fusion-post-content post-content\"><h2 class=\"blog-shortcode-post-title entry-title\"><a href=\"https:\/\/observatorioconurbano.ungs.edu.ar\/?p=14135\">Radiograf\u00eda de la asistencia social en el Conurbano<\/a><\/h2><p class=\"fusion-single-line-meta\"><span class=\"vcard\" style=\"display: none;\"><span class=\"fn\"><a href=\"https:\/\/observatorioconurbano.ungs.edu.ar\/?author=2\" title=\"Entradas de administrador\" rel=\"author\">administrador<\/a><\/span><\/span><span class=\"updated\" style=\"display:none;\">2021-10-27T11:47:47-03:00<\/span><a href=\"https:\/\/observatorioconurbano.ungs.edu.ar\/?cat=515\" rel=\"category\">Conurbano en debate Octubre 2020<\/a>, <a href=\"https:\/\/observatorioconurbano.ungs.edu.ar\/?cat=527\" rel=\"category\">Todas<\/a><span class=\"fusion-inline-sep\">|<\/span><\/p><\/div><\/div><div class=\"fusion-clearfix\"><\/div><\/div>\n<\/article>\n<article id=\"blog-1-post-12863\" class=\"fusion-post-grid post-12863 post type-post status-publish format-standard has-post-thumbnail hentry category-conurbano-en-debate-mayo-2020 category-todas\">\n<div class=\"fusion-post-wrapper\" style=\"background-color:rgba(255,255,255,0);border:1px solid #d8d8d8;border-bottom-width:3px;\">\n\n\t\t\t<div class=\"fusion-flexslider flexslider fusion-flexslider-loading fusion-post-slideshow\" style=\"border-color:#d8d8d8;\">\n\t\t<ul class=\"slides\">\n\t\t\t\n\t\t\t\t\t\t\t\t\t\t\t\t\t\t<li><div  class=\"fusion-image-wrapper\" aria-haspopup=\"true\">\n\t\t\t\t\t\t\t<a href=\"https:\/\/observatorioconurbano.ungs.edu.ar\/?p=12863\" aria-label=\"Pandemia en el Conurbano: las condiciones que impiden pasar a la fase 4\">\n\t\t\t\t\t\t\t<img decoding=\"async\" width=\"410\" height=\"324\" src=\"https:\/\/observatorioconurbano.ungs.edu.ar\/wp-content\/uploads\/LAMINA-FINAL-FLYERsin-logo-blanca410.jpg\" class=\"attachment-full size-full wp-post-image\" alt=\"cb-aspo\" \/>\t\t\t<\/a>\n\t\t\t\t\t\t\t<\/div>\n<\/li>\n\t\t\t\n\t\t\t\n\t\t\t\t\t\t\t\t\t\t\t\t\t\t\t\t\t\t\t\t\t\t\t\t\t\t\t\t\t\t\t\t\t\t\t\t\t\t\t\t\t\t\t\t\t\t\t\t\t\t\t\t\t\t\t\t\t\t\t\t\t\t\t\t\t\t\t\t<\/ul>\n\t<\/div>\n\t<div class=\"fusion-post-content-wrapper\" style=\"padding:10px 15px 35px 15px;\"><div class=\"fusion-post-content post-content\"><h2 class=\"blog-shortcode-post-title entry-title\"><a href=\"https:\/\/observatorioconurbano.ungs.edu.ar\/?p=12863\">Pandemia en el Conurbano: las condiciones que impiden pasar a la fase 4<\/a><\/h2><p class=\"fusion-single-line-meta\"><span class=\"vcard\" style=\"display: none;\"><span class=\"fn\"><a href=\"https:\/\/observatorioconurbano.ungs.edu.ar\/?author=2\" title=\"Entradas de administrador\" rel=\"author\">administrador<\/a><\/span><\/span><span class=\"updated\" style=\"display:none;\">2021-10-27T12:37:08-03:00<\/span><a href=\"https:\/\/observatorioconurbano.ungs.edu.ar\/?cat=509\" rel=\"category\">Conurbano en debate Mayo 2020<\/a>, <a href=\"https:\/\/observatorioconurbano.ungs.edu.ar\/?cat=527\" rel=\"category\">Todas<\/a><span class=\"fusion-inline-sep\">|<\/span><\/p><\/div><\/div><div class=\"fusion-clearfix\"><\/div><\/div>\n<\/article>\n<article id=\"blog-1-post-12661\" class=\"fusion-post-grid post-12661 post type-post status-publish format-standard has-post-thumbnail hentry category-conurbano-en-debate-abril-2020 category-todas\">\n<div class=\"fusion-post-wrapper\" style=\"background-color:rgba(255,255,255,0);border:1px solid #d8d8d8;border-bottom-width:3px;\">\n\n\t\t\t<div class=\"fusion-flexslider flexslider fusion-flexslider-loading fusion-post-slideshow\" style=\"border-color:#d8d8d8;\">\n\t\t<ul class=\"slides\">\n\t\t\t\n\t\t\t\t\t\t\t\t\t\t\t\t\t\t<li><div  class=\"fusion-image-wrapper\" aria-haspopup=\"true\">\n\t\t\t\t\t\t\t<a href=\"https:\/\/observatorioconurbano.ungs.edu.ar\/?p=12661\" aria-label=\"Violencia de g\u00e9nero en el aislamiento\">\n\t\t\t\t\t\t\t<img decoding=\"async\" width=\"410\" height=\"395\" src=\"https:\/\/observatorioconurbano.ungs.edu.ar\/wp-content\/uploads\/esquemanotaviolenciacontit410.jpg\" class=\"attachment-full size-full wp-post-image\" alt=\"\" \/>\t\t\t<\/a>\n\t\t\t\t\t\t\t<\/div>\n<\/li>\n\t\t\t\n\t\t\t\n\t\t\t\t\t\t\t\t\t\t\t\t\t\t\t\t\t\t\t\t\t\t\t\t\t\t\t\t\t\t\t\t\t\t\t\t\t\t\t\t\t\t\t\t\t\t\t\t\t\t\t\t\t\t\t\t\t\t\t\t\t\t\t\t\t\t\t\t<\/ul>\n\t<\/div>\n\t<div class=\"fusion-post-content-wrapper\" style=\"padding:10px 15px 35px 15px;\"><div class=\"fusion-post-content post-content\"><h2 class=\"blog-shortcode-post-title entry-title\"><a href=\"https:\/\/observatorioconurbano.ungs.edu.ar\/?p=12661\">Violencia de g\u00e9nero en el aislamiento<\/a><\/h2><p class=\"fusion-single-line-meta\"><span class=\"vcard\" style=\"display: none;\"><span class=\"fn\"><a href=\"https:\/\/observatorioconurbano.ungs.edu.ar\/?author=2\" title=\"Entradas de administrador\" rel=\"author\">administrador<\/a><\/span><\/span><span class=\"updated\" style=\"display:none;\">2021-10-27T12:48:08-03:00<\/span><a href=\"https:\/\/observatorioconurbano.ungs.edu.ar\/?cat=508\" rel=\"category\">Conurbano en debate Abril 2020<\/a>, <a href=\"https:\/\/observatorioconurbano.ungs.edu.ar\/?cat=527\" rel=\"category\">Todas<\/a><span class=\"fusion-inline-sep\">|<\/span><\/p><\/div><\/div><div class=\"fusion-clearfix\"><\/div><\/div>\n<\/article>\n<article id=\"blog-1-post-12603\" class=\"fusion-post-grid post-12603 post type-post status-publish format-standard has-post-thumbnail hentry category-conurbano-en-debate-marzo-2020 category-todas\">\n<div class=\"fusion-post-wrapper\" style=\"background-color:rgba(255,255,255,0);border:1px solid #d8d8d8;border-bottom-width:3px;\">\n\n\t\t\t<div class=\"fusion-flexslider flexslider fusion-flexslider-loading fusion-post-slideshow\" style=\"border-color:#d8d8d8;\">\n\t\t<ul class=\"slides\">\n\t\t\t\n\t\t\t\t\t\t\t\t\t\t\t\t\t\t<li><div  class=\"fusion-image-wrapper\" aria-haspopup=\"true\">\n\t\t\t\t\t\t\t<a href=\"https:\/\/observatorioconurbano.ungs.edu.ar\/?p=12603\" aria-label=\"Lucha por el derecho al Aborto\">\n\t\t\t\t\t\t\t<img decoding=\"async\" width=\"450\" height=\"450\" src=\"https:\/\/observatorioconurbano.ungs.edu.ar\/wp-content\/uploads\/fotoportada450x450.jpg\" class=\"attachment-full size-full wp-post-image\" alt=\"\" \/>\t\t\t<\/a>\n\t\t\t\t\t\t\t<\/div>\n<\/li>\n\t\t\t\n\t\t\t\n\t\t\t\t\t\t\t\t\t\t\t\t\t\t\t\t\t\t\t\t\t\t\t\t\t\t\t\t\t\t\t\t\t\t\t\t\t\t\t\t\t\t\t\t\t\t\t\t\t\t\t\t\t\t\t\t\t\t\t\t\t\t\t\t\t\t\t\t<\/ul>\n\t<\/div>\n\t<div class=\"fusion-post-content-wrapper\" style=\"padding:10px 15px 35px 15px;\"><div class=\"fusion-post-content post-content\"><h2 class=\"blog-shortcode-post-title entry-title\"><a href=\"https:\/\/observatorioconurbano.ungs.edu.ar\/?p=12603\">Lucha por el derecho al Aborto<\/a><\/h2><p class=\"fusion-single-line-meta\"><span class=\"vcard\" style=\"display: none;\"><span class=\"fn\"><a href=\"https:\/\/observatorioconurbano.ungs.edu.ar\/?author=2\" title=\"Entradas de administrador\" rel=\"author\">administrador<\/a><\/span><\/span><span class=\"updated\" style=\"display:none;\">2021-10-27T12:21:28-03:00<\/span><a href=\"https:\/\/observatorioconurbano.ungs.edu.ar\/?cat=507\" rel=\"category\">Conurbano en debate Marzo 2020<\/a>, <a href=\"https:\/\/observatorioconurbano.ungs.edu.ar\/?cat=527\" rel=\"category\">Todas<\/a><span class=\"fusion-inline-sep\">|<\/span><\/p><\/div><\/div><div class=\"fusion-clearfix\"><\/div><\/div>\n<\/article>\n<article id=\"blog-1-post-12177\" class=\"fusion-post-grid post-12177 post type-post status-publish format-standard has-post-thumbnail hentry category-conurbano-en-debate-diciembre-2019 category-todas\">\n<div class=\"fusion-post-wrapper\" style=\"background-color:rgba(255,255,255,0);border:1px solid #d8d8d8;border-bottom-width:3px;\">\n\n\t\t\t<div class=\"fusion-flexslider flexslider fusion-flexslider-loading fusion-post-slideshow\" style=\"border-color:#d8d8d8;\">\n\t\t<ul class=\"slides\">\n\t\t\t\n\t\t\t\t\t\t\t\t\t\t\t\t\t\t<li><div  class=\"fusion-image-wrapper\" aria-haspopup=\"true\">\n\t\t\t\t\t\t\t<a href=\"https:\/\/observatorioconurbano.ungs.edu.ar\/?p=12177\" aria-label=\"Deterioro de los INGRESOS MONETARIOS en el \u00c1rea Metropolitana de Buenos Aires. 2017 &#8211; 2019\">\n\t\t\t\t\t\t\t<img decoding=\"async\" width=\"350\" height=\"350\" src=\"https:\/\/observatorioconurbano.ungs.edu.ar\/wp-content\/uploads\/CARATULAV4-350.jpg\" class=\"attachment-full size-full wp-post-image\" alt=\"\" \/>\t\t\t<\/a>\n\t\t\t\t\t\t\t<\/div>\n<\/li>\n\t\t\t\n\t\t\t\n\t\t\t\t\t\t\t\t\t\t\t\t\t\t\t\t\t\t\t\t\t\t\t\t\t\t\t\t\t\t\t\t\t\t\t\t\t\t\t\t\t\t\t\t\t\t\t\t\t\t\t\t\t\t\t\t\t\t\t\t\t\t\t\t\t\t\t\t<\/ul>\n\t<\/div>\n\t<div class=\"fusion-post-content-wrapper\" style=\"padding:10px 15px 35px 15px;\"><div class=\"fusion-post-content post-content\"><h2 class=\"blog-shortcode-post-title entry-title\"><a href=\"https:\/\/observatorioconurbano.ungs.edu.ar\/?p=12177\">Deterioro de los INGRESOS MONETARIOS en el \u00c1rea Metropolitana de Buenos Aires. 2017 &#8211; 2019<\/a><\/h2><p class=\"fusion-single-line-meta\"><span class=\"vcard\" style=\"display: none;\"><span class=\"fn\"><a href=\"https:\/\/observatorioconurbano.ungs.edu.ar\/?author=2\" title=\"Entradas de administrador\" rel=\"author\">administrador<\/a><\/span><\/span><span class=\"updated\" style=\"display:none;\">2021-10-27T12:59:52-03:00<\/span><a href=\"https:\/\/observatorioconurbano.ungs.edu.ar\/?cat=500\" rel=\"category\">Conurbano en debate Diciembre 2019<\/a>, <a href=\"https:\/\/observatorioconurbano.ungs.edu.ar\/?cat=527\" rel=\"category\">Todas<\/a><span class=\"fusion-inline-sep\">|<\/span><\/p><\/div><\/div><div class=\"fusion-clearfix\"><\/div><\/div>\n<\/article>\n<article id=\"blog-1-post-11980\" class=\"fusion-post-grid post-11980 post type-post status-publish format-standard has-post-thumbnail hentry category-conurbano-en-debate-noviembre-2019 category-todas tag-conurbano-en-debate\">\n<div class=\"fusion-post-wrapper\" style=\"background-color:rgba(255,255,255,0);border:1px solid #d8d8d8;border-bottom-width:3px;\">\n\n\t\t\t<div class=\"fusion-flexslider flexslider fusion-flexslider-loading fusion-post-slideshow\" style=\"border-color:#d8d8d8;\">\n\t\t<ul class=\"slides\">\n\t\t\t\n\t\t\t\t\t\t\t\t\t\t\t\t\t\t<li><div  class=\"fusion-image-wrapper\" aria-haspopup=\"true\">\n\t\t\t\t\t\t\t<a href=\"https:\/\/observatorioconurbano.ungs.edu.ar\/?p=11980\" aria-label=\"Elecciones a Intendente en el Conurbano: los oficialismos locales festejan en un territorio diverso\">\n\t\t\t\t\t\t\t<img decoding=\"async\" width=\"400\" height=\"399\" src=\"https:\/\/observatorioconurbano.ungs.edu.ar\/wp-content\/uploads\/mapa-conurbano-400.png\" class=\"attachment-full size-full wp-post-image\" alt=\"\" \/>\t\t\t<\/a>\n\t\t\t\t\t\t\t<\/div>\n<\/li>\n\t\t\t\n\t\t\t\n\t\t\t\t\t\t\t\t\t\t\t\t\t\t\t\t\t\t\t\t\t\t\t\t\t\t\t\t\t\t\t\t\t\t\t\t\t\t\t\t\t\t\t\t\t\t\t\t\t\t\t\t\t\t\t\t\t\t\t\t\t\t\t\t\t\t\t\t<\/ul>\n\t<\/div>\n\t<div class=\"fusion-post-content-wrapper\" style=\"padding:10px 15px 35px 15px;\"><div class=\"fusion-post-content post-content\"><h2 class=\"blog-shortcode-post-title entry-title\"><a href=\"https:\/\/observatorioconurbano.ungs.edu.ar\/?p=11980\">Elecciones a Intendente en el Conurbano: los oficialismos locales festejan en un territorio diverso<\/a><\/h2><p class=\"fusion-single-line-meta\"><span class=\"vcard\" style=\"display: none;\"><span class=\"fn\"><a href=\"https:\/\/observatorioconurbano.ungs.edu.ar\/?author=2\" title=\"Entradas de administrador\" rel=\"author\">administrador<\/a><\/span><\/span><span class=\"updated\" style=\"display:none;\">2023-10-26T15:05:44-03:00<\/span><a href=\"https:\/\/observatorioconurbano.ungs.edu.ar\/?cat=497\" rel=\"category\">Conurbano en debate Noviembre 2019<\/a>, <a href=\"https:\/\/observatorioconurbano.ungs.edu.ar\/?cat=527\" rel=\"category\">Todas<\/a><span class=\"fusion-inline-sep\">|<\/span><\/p><\/div><\/div><div class=\"fusion-clearfix\"><\/div><\/div>\n<\/article>\n<article id=\"blog-1-post-11705\" class=\"fusion-post-grid post-11705 post type-post status-publish format-standard has-post-thumbnail hentry category-conurbano-en-debate-octubre-2019 category-todas\">\n<div class=\"fusion-post-wrapper\" style=\"background-color:rgba(255,255,255,0);border:1px solid #d8d8d8;border-bottom-width:3px;\">\n\n\t\t\t<div class=\"fusion-flexslider flexslider fusion-flexslider-loading fusion-post-slideshow\" style=\"border-color:#d8d8d8;\">\n\t\t<ul class=\"slides\">\n\t\t\t\n\t\t\t\t\t\t\t\t\t\t\t\t\t\t<li><div  class=\"fusion-image-wrapper\" aria-haspopup=\"true\">\n\t\t\t\t\t\t\t<a href=\"https:\/\/observatorioconurbano.ungs.edu.ar\/?p=11705\" aria-label=\"CONURBANO y CABA: Mundos desiguales para la ATENCI\u00d3N DE LA SALUD\">\n\t\t\t\t\t\t\t<img decoding=\"async\" width=\"350\" height=\"350\" src=\"https:\/\/observatorioconurbano.ungs.edu.ar\/wp-content\/uploads\/PORTADA-350.jpg\" class=\"attachment-full size-full wp-post-image\" alt=\"\" \/>\t\t\t<\/a>\n\t\t\t\t\t\t\t<\/div>\n<\/li>\n\t\t\t\n\t\t\t\n\t\t\t\t\t\t\t\t\t\t\t\t\t\t\t\t\t\t\t\t\t\t\t\t\t\t\t\t\t\t\t\t\t\t\t\t\t\t\t\t\t\t\t\t\t\t\t\t\t\t\t\t\t\t\t\t\t\t\t\t\t\t\t\t\t\t\t\t<\/ul>\n\t<\/div>\n\t<div class=\"fusion-post-content-wrapper\" style=\"padding:10px 15px 35px 15px;\"><div class=\"fusion-post-content post-content\"><h2 class=\"blog-shortcode-post-title entry-title\"><a href=\"https:\/\/observatorioconurbano.ungs.edu.ar\/?p=11705\">CONURBANO y CABA: Mundos desiguales para la ATENCI\u00d3N DE LA SALUD<\/a><\/h2><p class=\"fusion-single-line-meta\"><span class=\"vcard\" style=\"display: none;\"><span class=\"fn\"><a href=\"https:\/\/observatorioconurbano.ungs.edu.ar\/?author=2\" title=\"Entradas de administrador\" rel=\"author\">administrador<\/a><\/span><\/span><span class=\"updated\" style=\"display:none;\">2021-10-27T14:00:22-03:00<\/span><a href=\"https:\/\/observatorioconurbano.ungs.edu.ar\/?cat=493\" rel=\"category\">Conurbano en debate Octubre 2019<\/a>, <a href=\"https:\/\/observatorioconurbano.ungs.edu.ar\/?cat=527\" rel=\"category\">Todas<\/a><span class=\"fusion-inline-sep\">|<\/span><\/p><\/div><\/div><div class=\"fusion-clearfix\"><\/div><\/div>\n<\/article>\n<article id=\"blog-1-post-11098\" class=\"fusion-post-grid post-11098 post type-post status-publish format-standard has-post-thumbnail hentry category-conurbano-en-debate-agosto-2019 category-todas\">\n<div class=\"fusion-post-wrapper\" style=\"background-color:rgba(255,255,255,0);border:1px solid #d8d8d8;border-bottom-width:3px;\">\n\n\t\t\t<div class=\"fusion-flexslider flexslider fusion-flexslider-loading fusion-post-slideshow\" style=\"border-color:#d8d8d8;\">\n\t\t<ul class=\"slides\">\n\t\t\t\n\t\t\t\t\t\t\t\t\t\t\t\t\t\t<li><div  class=\"fusion-image-wrapper\" aria-haspopup=\"true\">\n\t\t\t\t\t\t\t<a href=\"https:\/\/observatorioconurbano.ungs.edu.ar\/?p=11098\" aria-label=\"PASO en los municipios del Conurbano: avance arrollador del peronismo y corte de boleta\">\n\t\t\t\t\t\t\t<img decoding=\"async\" width=\"350\" height=\"350\" src=\"https:\/\/observatorioconurbano.ungs.edu.ar\/wp-content\/uploads\/imagen-portada-300-1.jpg\" class=\"attachment-full size-full wp-post-image\" alt=\"\" \/>\t\t\t<\/a>\n\t\t\t\t\t\t\t<\/div>\n<\/li>\n\t\t\t\n\t\t\t\n\t\t\t\t\t\t\t\t\t\t\t\t\t\t\t\t\t\t\t\t\t\t\t\t\t\t\t\t\t\t\t\t\t\t\t\t\t\t\t\t\t\t\t\t\t\t\t\t\t\t\t\t\t\t\t\t\t\t\t\t\t\t\t\t\t\t\t\t<\/ul>\n\t<\/div>\n\t<div class=\"fusion-post-content-wrapper\" style=\"padding:10px 15px 35px 15px;\"><div class=\"fusion-post-content post-content\"><h2 class=\"blog-shortcode-post-title entry-title\"><a href=\"https:\/\/observatorioconurbano.ungs.edu.ar\/?p=11098\">PASO en los municipios del Conurbano: avance arrollador del peronismo y corte de boleta<\/a><\/h2><p class=\"fusion-single-line-meta\"><span class=\"vcard\" style=\"display: none;\"><span class=\"fn\"><a href=\"https:\/\/observatorioconurbano.ungs.edu.ar\/?author=2\" title=\"Entradas de administrador\" rel=\"author\">administrador<\/a><\/span><\/span><span class=\"updated\" style=\"display:none;\">2021-10-27T12:52:09-03:00<\/span><a href=\"https:\/\/observatorioconurbano.ungs.edu.ar\/?cat=490\" rel=\"category\">Conurbano en debate Agosto 2019<\/a>, <a href=\"https:\/\/observatorioconurbano.ungs.edu.ar\/?cat=527\" rel=\"category\">Todas<\/a><span class=\"fusion-inline-sep\">|<\/span><\/p><\/div><\/div><div class=\"fusion-clearfix\"><\/div><\/div>\n<\/article>\n<article id=\"blog-1-post-10066\" class=\"fusion-post-grid post-10066 post type-post status-publish format-standard has-post-thumbnail hentry category-conurbano-en-debate-abril-2019 category-todas\">\n<div class=\"fusion-post-wrapper\" style=\"background-color:rgba(255,255,255,0);border:1px solid #d8d8d8;border-bottom-width:3px;\">\n\n\t\t\t<div class=\"fusion-flexslider flexslider fusion-flexslider-loading fusion-post-slideshow\" style=\"border-color:#d8d8d8;\">\n\t\t<ul class=\"slides\">\n\t\t\t\n\t\t\t\t\t\t\t\t\t\t\t\t\t\t<li><div  class=\"fusion-image-wrapper\" aria-haspopup=\"true\">\n\t\t\t\t\t\t\t<a href=\"https:\/\/observatorioconurbano.ungs.edu.ar\/?p=10066\" aria-label=\"El rol del gobierno provincial en el financiamiento de los municipios (2013-2018)\">\n\t\t\t\t\t\t\t<img decoding=\"async\" width=\"350\" height=\"349\" src=\"https:\/\/observatorioconurbano.ungs.edu.ar\/wp-content\/uploads\/COPARTICIPACION_FINAL_350.jpg\" class=\"attachment-full size-full wp-post-image\" alt=\"\" \/>\t\t\t<\/a>\n\t\t\t\t\t\t\t<\/div>\n<\/li>\n\t\t\t\n\t\t\t\n\t\t\t\t\t\t\t\t\t\t\t\t\t\t\t\t\t\t\t\t\t\t\t\t\t\t\t\t\t\t\t\t\t\t\t\t\t\t\t\t\t\t\t\t\t\t\t\t\t\t\t\t\t\t\t\t\t\t\t\t\t\t\t\t\t\t\t\t<\/ul>\n\t<\/div>\n\t<div class=\"fusion-post-content-wrapper\" style=\"padding:10px 15px 35px 15px;\"><div class=\"fusion-post-content post-content\"><h2 class=\"blog-shortcode-post-title entry-title\"><a href=\"https:\/\/observatorioconurbano.ungs.edu.ar\/?p=10066\">El rol del gobierno provincial en el financiamiento de los municipios (2013-2018)<\/a><\/h2><p class=\"fusion-single-line-meta\"><span class=\"vcard\" style=\"display: none;\"><span class=\"fn\"><a href=\"https:\/\/observatorioconurbano.ungs.edu.ar\/?author=2\" title=\"Entradas de administrador\" rel=\"author\">administrador<\/a><\/span><\/span><span class=\"updated\" style=\"display:none;\">2021-10-27T14:22:07-03:00<\/span><a href=\"https:\/\/observatorioconurbano.ungs.edu.ar\/?cat=464\" rel=\"category\">Conurbano en debate Abril 2019<\/a>, <a href=\"https:\/\/observatorioconurbano.ungs.edu.ar\/?cat=527\" rel=\"category\">Todas<\/a><span class=\"fusion-inline-sep\">|<\/span><\/p><\/div><\/div><div class=\"fusion-clearfix\"><\/div><\/div>\n<\/article>\n<article id=\"blog-1-post-9901\" class=\"fusion-post-grid post-9901 post type-post status-publish format-standard has-post-thumbnail hentry category-conurbano-en-debate-marzo-2019 category-todas\">\n<div class=\"fusion-post-wrapper\" style=\"background-color:rgba(255,255,255,0);border:1px solid #d8d8d8;border-bottom-width:3px;\">\n\n\t\t\t<div class=\"fusion-flexslider flexslider fusion-flexslider-loading fusion-post-slideshow\" style=\"border-color:#d8d8d8;\">\n\t\t<ul class=\"slides\">\n\t\t\t\n\t\t\t\t\t\t\t\t\t\t\t\t\t\t<li><div  class=\"fusion-image-wrapper\" aria-haspopup=\"true\">\n\t\t\t\t\t\t\t<a href=\"https:\/\/observatorioconurbano.ungs.edu.ar\/?p=9901\" aria-label=\"Pol\u00edticas p\u00fablicas de g\u00e9nero en municipios del Conurbano\">\n\t\t\t\t\t\t\t<img decoding=\"async\" width=\"250\" height=\"250\" src=\"https:\/\/observatorioconurbano.ungs.edu.ar\/wp-content\/uploads\/MAPEO-FINAL-FINAL-MAXIMA-250.jpg\" class=\"attachment-full size-full wp-post-image\" alt=\"\" \/>\t\t\t<\/a>\n\t\t\t\t\t\t\t<\/div>\n<\/li>\n\t\t\t\n\t\t\t\n\t\t\t\t\t\t\t\t\t\t\t\t\t\t\t\t\t\t\t\t\t\t\t\t\t\t\t\t\t\t\t\t\t\t\t\t\t\t\t\t\t\t\t\t\t\t\t\t\t\t\t\t\t\t\t\t\t\t\t\t\t\t\t\t\t\t\t\t<\/ul>\n\t<\/div>\n\t<div class=\"fusion-post-content-wrapper\" style=\"padding:10px 15px 35px 15px;\"><div class=\"fusion-post-content post-content\"><h2 class=\"blog-shortcode-post-title entry-title\"><a href=\"https:\/\/observatorioconurbano.ungs.edu.ar\/?p=9901\">Pol\u00edticas p\u00fablicas de g\u00e9nero en municipios del Conurbano<\/a><\/h2><p class=\"fusion-single-line-meta\"><span class=\"vcard\" style=\"display: none;\"><span class=\"fn\"><a href=\"https:\/\/observatorioconurbano.ungs.edu.ar\/?author=2\" title=\"Entradas de administrador\" rel=\"author\">administrador<\/a><\/span><\/span><span class=\"updated\" style=\"display:none;\">2021-10-27T14:29:09-03:00<\/span><a href=\"https:\/\/observatorioconurbano.ungs.edu.ar\/?cat=459\" rel=\"category\">Conurbano en debate Marzo 2019<\/a>, <a href=\"https:\/\/observatorioconurbano.ungs.edu.ar\/?cat=527\" rel=\"category\">Todas<\/a><span class=\"fusion-inline-sep\">|<\/span><\/p><\/div><\/div><div class=\"fusion-clearfix\"><\/div><\/div>\n<\/article>\n<article id=\"blog-1-post-9389\" class=\"fusion-post-grid post-9389 post type-post status-publish format-standard has-post-thumbnail hentry category-conurbano-en-debate-noviembre-2018 category-todas\">\n<div class=\"fusion-post-wrapper\" style=\"background-color:rgba(255,255,255,0);border:1px solid #d8d8d8;border-bottom-width:3px;\">\n\n\t\t\t<div class=\"fusion-flexslider flexslider fusion-flexslider-loading fusion-post-slideshow\" style=\"border-color:#d8d8d8;\">\n\t\t<ul class=\"slides\">\n\t\t\t\n\t\t\t\t\t\t\t\t\t\t\t\t\t\t<li><div  class=\"fusion-image-wrapper\" aria-haspopup=\"true\">\n\t\t\t\t\t\t\t<a href=\"https:\/\/observatorioconurbano.ungs.edu.ar\/?p=9389\" aria-label=\"Neoliberalismo y ajuste. Conflicto socio-laboral en el Conurbano Bonaerense\">\n\t\t\t\t\t\t\t<img decoding=\"async\" width=\"250\" height=\"250\" src=\"https:\/\/observatorioconurbano.ungs.edu.ar\/wp-content\/uploads\/PORTADA-nueva-350.jpg\" class=\"attachment-full size-full wp-post-image\" alt=\"\" \/>\t\t\t<\/a>\n\t\t\t\t\t\t\t<\/div>\n<\/li>\n\t\t\t\n\t\t\t\n\t\t\t\t\t\t\t\t\t\t\t\t\t\t\t\t\t\t\t\t\t\t\t\t\t\t\t\t\t\t\t\t\t\t\t\t\t\t\t\t\t\t\t\t\t\t\t\t\t\t\t\t\t\t\t\t\t\t\t\t\t\t\t\t\t\t\t\t<\/ul>\n\t<\/div>\n\t<div class=\"fusion-post-content-wrapper\" style=\"padding:10px 15px 35px 15px;\"><div class=\"fusion-post-content post-content\"><h2 class=\"blog-shortcode-post-title entry-title\"><a href=\"https:\/\/observatorioconurbano.ungs.edu.ar\/?p=9389\">Neoliberalismo y ajuste. Conflicto socio-laboral en el Conurbano Bonaerense<\/a><\/h2><p class=\"fusion-single-line-meta\"><span class=\"vcard\" style=\"display: none;\"><span class=\"fn\"><a href=\"https:\/\/observatorioconurbano.ungs.edu.ar\/?author=2\" title=\"Entradas de administrador\" rel=\"author\">administrador<\/a><\/span><\/span><span class=\"updated\" style=\"display:none;\">2021-10-27T14:24:41-03:00<\/span><a href=\"https:\/\/observatorioconurbano.ungs.edu.ar\/?cat=447\" rel=\"category\">Conurbano en debate Noviembre 2018<\/a>, <a href=\"https:\/\/observatorioconurbano.ungs.edu.ar\/?cat=527\" rel=\"category\">Todas<\/a><span class=\"fusion-inline-sep\">|<\/span><\/p><\/div><\/div><div class=\"fusion-clearfix\"><\/div><\/div>\n<\/article>\n<article id=\"blog-1-post-9017\" class=\"fusion-post-grid post-9017 post type-post status-publish format-standard has-post-thumbnail hentry category-conurbano-en-debate-julio-2018 category-todas\">\n<div class=\"fusion-post-wrapper\" style=\"background-color:rgba(255,255,255,0);border:1px solid #d8d8d8;border-bottom-width:3px;\">\n\n\t\t\t<div class=\"fusion-flexslider flexslider fusion-flexslider-loading fusion-post-slideshow\" style=\"border-color:#d8d8d8;\">\n\t\t<ul class=\"slides\">\n\t\t\t\n\t\t\t\t\t\t\t\t\t\t\t\t\t\t<li><div  class=\"fusion-image-wrapper\" aria-haspopup=\"true\">\n\t\t\t\t\t\t\t<a href=\"https:\/\/observatorioconurbano.ungs.edu.ar\/?p=9017\" aria-label=\"El 84% de los estudiantes de la UNGS son primera generaci\u00f3n de universitarios en sus familias\">\n\t\t\t\t\t\t\t<img decoding=\"async\" width=\"300\" height=\"198\" src=\"https:\/\/observatorioconurbano.ungs.edu.ar\/wp-content\/uploads\/Estudiantes-en-la-Ungs22-300.jpg\" class=\"attachment-full size-full wp-post-image\" alt=\"\" \/>\t\t\t<\/a>\n\t\t\t\t\t\t\t<\/div>\n<\/li>\n\t\t\t\n\t\t\t\n\t\t\t\t\t\t\t\t\t\t\t\t\t\t\t\t\t\t\t\t\t\t\t\t\t\t\t\t\t\t\t\t\t\t\t\t\t\t\t\t\t\t\t\t\t\t\t\t\t\t\t\t\t\t\t\t\t\t\t\t\t\t\t\t\t\t\t\t<\/ul>\n\t<\/div>\n\t<div class=\"fusion-post-content-wrapper\" style=\"padding:10px 15px 35px 15px;\"><div class=\"fusion-post-content post-content\"><h2 class=\"blog-shortcode-post-title entry-title\"><a href=\"https:\/\/observatorioconurbano.ungs.edu.ar\/?p=9017\">El 84% de los estudiantes de la UNGS son primera generaci\u00f3n de universitarios en sus familias<\/a><\/h2><p class=\"fusion-single-line-meta\"><span class=\"vcard\" style=\"display: none;\"><span class=\"fn\"><a href=\"https:\/\/observatorioconurbano.ungs.edu.ar\/?author=2\" title=\"Entradas de administrador\" rel=\"author\">administrador<\/a><\/span><\/span><span class=\"updated\" style=\"display:none;\">2021-10-27T14:46:29-03:00<\/span><a href=\"https:\/\/observatorioconurbano.ungs.edu.ar\/?cat=441\" rel=\"category\">Conurbano en debate Julio 2018<\/a>, <a href=\"https:\/\/observatorioconurbano.ungs.edu.ar\/?cat=527\" rel=\"category\">Todas<\/a><span class=\"fusion-inline-sep\">|<\/span><\/p><\/div><\/div><div class=\"fusion-clearfix\"><\/div><\/div>\n<\/article>\n<div class=\"fusion-clearfix\"><\/div><\/div><\/div><\/div><\/div><div class=\"fusion-clearfix\"><\/div><\/div><\/div><\/div><\/div><\/p>\n","protected":false},"excerpt":{"rendered":"<p>yes<\/p>\n","protected":false},"author":2,"featured_media":0,"parent":0,"menu_order":0,"comment_status":"closed","ping_status":"closed","template":"","meta":{"_exactmetrics_skip_tracking":false,"_exactmetrics_sitenote_active":false,"_exactmetrics_sitenote_note":"","_exactmetrics_sitenote_category":0,"footnotes":""},"class_list":["post-15565","page","type-page","status-publish","hentry"],"_links":{"self":[{"href":"https:\/\/observatorioconurbano.ungs.edu.ar\/index.php?rest_route=\/wp\/v2\/pages\/15565","targetHints":{"allow":["GET"]}}],"collection":[{"href":"https:\/\/observatorioconurbano.ungs.edu.ar\/index.php?rest_route=\/wp\/v2\/pages"}],"about":[{"href":"https:\/\/observatorioconurbano.ungs.edu.ar\/index.php?rest_route=\/wp\/v2\/types\/page"}],"author":[{"embeddable":true,"href":"https:\/\/observatorioconurbano.ungs.edu.ar\/index.php?rest_route=\/wp\/v2\/users\/2"}],"replies":[{"embeddable":true,"href":"https:\/\/observatorioconurbano.ungs.edu.ar\/index.php?rest_route=%2Fwp%2Fv2%2Fcomments&post=15565"}],"version-history":[{"count":65,"href":"https:\/\/observatorioconurbano.ungs.edu.ar\/index.php?rest_route=\/wp\/v2\/pages\/15565\/revisions"}],"predecessor-version":[{"id":23234,"href":"https:\/\/observatorioconurbano.ungs.edu.ar\/index.php?rest_route=\/wp\/v2\/pages\/15565\/revisions\/23234"}],"wp:attachment":[{"href":"https:\/\/observatorioconurbano.ungs.edu.ar\/index.php?rest_route=%2Fwp%2Fv2%2Fmedia&parent=15565"}],"curies":[{"name":"wp","href":"https:\/\/api.w.org\/{rel}","templated":true}]}}